{"id":7178,"date":"2015-12-01T09:49:55","date_gmt":"2015-12-01T08:49:55","guid":{"rendered":"https:\/\/ltg-academy.ch\/uber-uns\/"},"modified":"2026-06-07T21:59:45","modified_gmt":"2026-06-07T20:59:45","slug":"uber-uns","status":"publish","type":"page","link":"https:\/\/ltg-academy.ch\/de\/uber-uns\/","title":{"rendered":"\u00dcber uns"},"content":{"rendered":"<div class=\"wpb-content-wrapper\"><p>[vc_row content_width=&#8220;grid&#8220; content_aligment=&#8220;center&#8220; css=&#8220;.vc_custom_1636321126302{background-color: #ffffff !important;}&#8220; el_class=&#8220;title-centered&#8220;][vc_column][vc_empty_space height=&#8220;100&#8243;]<div class=\"mkdf-section-title-holder\">\n\t<h2 class=\"mkdf-section-title mkdf-section-title-small\" >Who We Are<\/h2>\n<\/div><div class=\"mkdf-separator-holder clearfix  mkdf-separator-center\">\n\t<div class=\"mkdf-separator\" style=\"border-color: #dd3333;width: 33px;border-bottom-width: 3px;margin-top: 22px;margin-bottom: 60px\"><\/div>\n<\/div>\n[vc_empty_space height=&#8220;60&#8243;][vc_column_text]<\/p>\n<h3 style=\"color: #dd3333;\">Vollst\u00e4ndiges Eintauchen innerhalb und au\u00dferhalb des Klassenzimmers<\/h3>\n<p style=\"padding-bottom: 30px;\">LTG Academy ist ein B2B- und B2C-orientiertes Unternehmen, das sowohl Gesch\u00e4fts- als auch Sprachdienstleistungen f\u00fcr Privatpersonen und Unternehmen anbietet. Wir hatten das Vergn\u00fcgen, mit Studenten und Mitarbeitern aus der ganzen Welt zusammenzuarbeiten. Wir sind der Meinung, dass man am besten lernt, wenn man sich voll und ganz auf das Thema einl\u00e4sst und mit Experten auf ihrem Gebiet zusammenarbeitet. Dies erreichen wir durch ein umfangreiches Kursangebot und den Zugang zu authentischen Sprach- und Wirtschaftsprogrammen, die stets zielorientiert und messbar sind.<\/p>\n<h3 style=\"color: #dd3333;\">Unser Auftrag<\/h3>\n<p style=\"padding-bottom: 30px;\">Wir von der LTG Academy haben es uns zur Aufgabe gemacht, Einzelpersonen und Organisationen auf der ganzen Welt durch eine transformative Ausbildung zu st\u00e4rken. Unser Ziel ist es, innovative und personalisierte Lernerfahrungen anzubieten, die auf die individuellen Bed\u00fcrfnisse jedes Lernenden zugeschnitten sind. Indem wir die neuesten Bildungstechnologien und p\u00e4dagogischen Ans\u00e4tze nutzen, wollen wir unseren Studenten die F\u00e4higkeiten, das Wissen und das Selbstvertrauen vermitteln, um in ihrem pers\u00f6nlichen und beruflichen Leben zu gl\u00e4nzen. Unser Engagement geht \u00fcber akademische Exzellenz hinaus. Wir bem\u00fchen uns, eine unterst\u00fctzende, integrative Gemeinschaft zu f\u00f6rdern, die lebenslanges Lernen, kulturellen Austausch und pers\u00f6nliches Wachstum unterst\u00fctzt.   <\/p>\n<h3 style=\"color: #dd3333;\">Unsere Vision<\/h3>\n<p style=\"padding-bottom: 30px;\">Unsere Vision ist es, an der Spitze der globalen Bildung zu stehen und die Zukunft des Lernens mit bahnbrechenden L\u00f6sungen zu gestalten, die L\u00fccken schlie\u00dfen, den Wandel inspirieren und zu einer besser informierten, bef\u00e4higten und vernetzten Welt beitragen. Wir stellen uns eine Welt vor, in der Bildung f\u00fcr alle zug\u00e4nglich ist, Lernbarrieren abgebaut werden und jeder die M\u00f6glichkeit hat, sein Potenzial voll auszusch\u00f6pfen. Durch unser umfassendes Kursangebot, unsere personalisierten Lehrmethoden und unser Engagement f\u00fcr herausragende Leistungen wird die LTG Academy auch weiterhin mit gutem Beispiel vorangehen, neue Ma\u00dfst\u00e4be in der Bildung setzen und einen nachhaltigen Einfluss auf k\u00fcnftige Generationen aus\u00fcben.  <\/p>\n<p>[\/vc_column_text][vc_empty_space height=&#8220;70&#8243;]<a href=\"https:\/\/ltg-academy.ch\/wp-content\/uploads\/2021\/11\/LTG-Academy-the-CHART-et-les-principes-androgogiques-directeurs-1.pdf\" target=\"_self\"  class=\"mkdf-btn mkdf-btn-huge mkdf-btn-solid\"  >\n        <span class=\"mkdf-btn-text\">LTG Chart<\/span>\n<\/a>[\/vc_column][\/vc_row][vc_row content_width=&#8220;grid&#8220; css=&#8220;.vc_custom_1600184538789{background-color: #ffffff !important;}&#8220; el_class=&#8220;title-centered&#8220;][vc_column][vc_empty_space height=&#8220;100&#8243;][\/vc_column][\/vc_row][vc_row content_width=&#8220;grid&#8220; content_aligment=&#8220;center&#8220; css=&#8220;.vc_custom_1636314748537{padding-top: 60px !important;background-color: #f7f7f7 !important;}&#8220; el_class=&#8220;title-centered&#8220;][vc_column]<div class=\"mkdf-section-title-holder\">\n\t<h2 class=\"mkdf-section-title mkdf-section-title-small\" >Einige Mitglieder unseres Teams<\/h2>\n<\/div><div class=\"mkdf-separator-holder clearfix  mkdf-separator-center\">\n\t<div class=\"mkdf-separator\" style=\"border-color: #dd3333;width: 33px;border-bottom-width: 3px;margin-top: 22px;margin-bottom: 60px\"><\/div>\n<\/div>\n[\/vc_column][\/vc_row][vc_row content_width=&#8220;grid&#8220; content_aligment=&#8220;center&#8220; css=&#8220;.vc_custom_1636314762203{padding-top: 50px !important;padding-bottom: 64px !important;background-color: #f7f7f7 !important;}&#8220; el_class=&#8220;title-centered&#8220;][vc_column width=&#8220;1\/2&#8243; offset=&#8220;vc_col-lg-3 vc_col-md-12&#8243;]\n<div class=\"mkdf-team main-info-below-image\">\n\t<div class=\"mkdf-team-inner\">\n\t\t\t\t\t<div class=\"mkdf-team-image\">\n\t\t\t\t<img decoding=\"async\" src=\"https:\/\/ltg-academy.ch\/wp-content\/uploads\/2021\/12\/Klinger_Priscilla-.jpg\" alt=\"mkdf-team-image\"\/>\n\t\t\t<\/div>\n\t\t\n\t\t\t\t\t<div class=\"mkdf-team-info\">\n\t\t\t\t\t\t\t\t\t<div class=\"mkdf-team-title-holder normal\">\n\t\t\t\t\t\t\t\t\t\t\t\t\t<h6 class=\"mkdf-team-name\">\n\t\t\t\t\t\t\t\tDr. Priscilla N.K.\t\t\t\t\t\t\t<\/h6>\n\t\t\t\t\t\t\t\t\t\t\t\t\t\t\t\t\t\t\t<h6 class=\"mkdf-team-position\">German Teacher<\/h6>\n\t\t\t\t\t\t\t\t\t\t\t<\/div>\n\t\t\t\t\t\t\t\t\t\t\t\t<div class='mkdf-team-text'>\n\t\t\t\t<div class='mkdf-team-text-inner'>\n\t\t\t\t\t<div class='mkdf-team-description'>\n\t\t\t\t\t\t<p>Priscilla K. is originally from Brazil and has been teaching German since 2009. She holds a PhD degree in Linguistics from the University of S\u00e3o Paulo and the Eberhard Karls University Tu\u0308bingen. Priscilla specialises in teaching at the beginner and intermediate levels and has already worked at several language schools in Brazil and in Switzerland.<\/p>\n\t\t\t\t\t<\/div>\n\t\t\t\t<\/div>\n\t\t\t<\/div>\n\t\t\n\t\t\t\t<div class=\"mkdf-team-social-holder-between\">\n\t\t\t<div class=\"mkdf-team-social normal\">\n\t\t\t\t<div class=\"mkdf-team-social-inner\">\n\t\t\t\t\t<div class=\"mkdf-team-social-wrapp\">\n\t\t\t\t\t\t\t\t\t\t\t<\/div>\n\t\t\t\t<\/div>\n\t\t\t<\/div>\n\t\t<\/div>\n\t\t\t\t<\/div>\n\t<\/div>\n<\/div>[vc_empty_space height=&#8220;40&#8243;][\/vc_column][vc_column width=&#8220;1\/2&#8243; offset=&#8220;vc_col-lg-3 vc_col-md-12&#8243;]\n<div class=\"mkdf-team main-info-below-image\">\n\t<div class=\"mkdf-team-inner\">\n\t\t\t\t\t<div class=\"mkdf-team-image\">\n\t\t\t\t<img decoding=\"async\" src=\"https:\/\/ltg-academy.ch\/wp-content\/uploads\/2021\/12\/DMJ_3917-Z\u030celjka-Golic\u0301.jpg\" alt=\"mkdf-team-image\"\/>\n\t\t\t<\/div>\n\t\t\n\t\t\t\t\t<div class=\"mkdf-team-info\">\n\t\t\t\t\t\t\t\t\t<div class=\"mkdf-team-title-holder normal\">\n\t\t\t\t\t\t\t\t\t\t\t\t\t<h6 class=\"mkdf-team-name\">\n\t\t\t\t\t\t\t\tZeljka G.\t\t\t\t\t\t\t<\/h6>\n\t\t\t\t\t\t\t\t\t\t\t\t\t\t\t\t\t\t\t<h6 class=\"mkdf-team-position\">German Teacher<\/h6>\n\t\t\t\t\t\t\t\t\t\t\t<\/div>\n\t\t\t\t\t\t\t\t\t\t\t\t<div class='mkdf-team-text'>\n\t\t\t\t<div class='mkdf-team-text-inner'>\n\t\t\t\t\t<div class='mkdf-team-description'>\n\t\t\t\t\t\t<p>Zeljka G. has been teaching German language since 2015. She holds a degree of finished German Language and Literature M.A. Zeljka has experience in high schools and private language schools.<\/p>\n\t\t\t\t\t<\/div>\n\t\t\t\t<\/div>\n\t\t\t<\/div>\n\t\t\n\t\t\t\t<div class=\"mkdf-team-social-holder-between\">\n\t\t\t<div class=\"mkdf-team-social normal\">\n\t\t\t\t<div class=\"mkdf-team-social-inner\">\n\t\t\t\t\t<div class=\"mkdf-team-social-wrapp\">\n\t\t\t\t\t\t\t\t\t\t\t<\/div>\n\t\t\t\t<\/div>\n\t\t\t<\/div>\n\t\t<\/div>\n\t\t\t\t<\/div>\n\t<\/div>\n<\/div>[vc_empty_space height=&#8220;40&#8243;][\/vc_column][vc_column width=&#8220;1\/2&#8243; offset=&#8220;vc_col-lg-3 vc_col-md-12&#8243;]\n<div class=\"mkdf-team main-info-below-image\">\n\t<div class=\"mkdf-team-inner\">\n\t\t\t\t\t<div class=\"mkdf-team-image\">\n\t\t\t\t<img decoding=\"async\" src=\"https:\/\/ltg-academy.ch\/wp-content\/uploads\/2021\/12\/Picture-Ljeposava.jpg\" alt=\"mkdf-team-image\"\/>\n\t\t\t<\/div>\n\t\t\n\t\t\t\t\t<div class=\"mkdf-team-info\">\n\t\t\t\t\t\t\t\t\t<div class=\"mkdf-team-title-holder normal\">\n\t\t\t\t\t\t\t\t\t\t\t\t\t<h6 class=\"mkdf-team-name\">\n\t\t\t\t\t\t\t\tLjeposava G.\t\t\t\t\t\t\t<\/h6>\n\t\t\t\t\t\t\t\t\t\t\t\t\t\t\t\t\t\t\t<h6 class=\"mkdf-team-position\">German Teacher<\/h6>\n\t\t\t\t\t\t\t\t\t\t\t<\/div>\n\t\t\t\t\t\t\t\t\t\t\t\t<div class='mkdf-team-text'>\n\t\t\t\t<div class='mkdf-team-text-inner'>\n\t\t\t\t\t<div class='mkdf-team-description'>\n\t\t\t\t\t\t<p>Ljeposava G. i has been teaching German language since 2016. Ljeposava holds a degree of finished postgraduate studies of German language and literature and continues her studies at Humboldt University in Berlin. She has specialized in teaching German language: A1 to B2 level and has already worked at the gymnasium. Always willing to transfer the knowledge of the German language and culture in a creative way, acquired through experience at universities throughout Germany and Austria.<\/p>\n\t\t\t\t\t<\/div>\n\t\t\t\t<\/div>\n\t\t\t<\/div>\n\t\t\n\t\t\t\t<div class=\"mkdf-team-social-holder-between\">\n\t\t\t<div class=\"mkdf-team-social normal\">\n\t\t\t\t<div class=\"mkdf-team-social-inner\">\n\t\t\t\t\t<div class=\"mkdf-team-social-wrapp\">\n\t\t\t\t\t\t\t\t\t\t\t<\/div>\n\t\t\t\t<\/div>\n\t\t\t<\/div>\n\t\t<\/div>\n\t\t\t\t<\/div>\n\t<\/div>\n<\/div>[vc_empty_space height=&#8220;40&#8243;][\/vc_column][vc_column width=&#8220;1\/2&#8243; offset=&#8220;vc_col-lg-3 vc_col-md-12&#8243;]\n<div class=\"mkdf-team main-info-below-image\">\n\t<div class=\"mkdf-team-inner\">\n\t\t\t\t\t<div class=\"mkdf-team-image\">\n\t\t\t\t<img decoding=\"async\" src=\"https:\/\/ltg-academy.ch\/wp-content\/uploads\/2022\/08\/Dragana-Maricki-photo-scaled.jpg\" alt=\"mkdf-team-image\"\/>\n\t\t\t<\/div>\n\t\t\n\t\t\t\t\t<div class=\"mkdf-team-info\">\n\t\t\t\t\t\t\t\t\t<div class=\"mkdf-team-title-holder normal\">\n\t\t\t\t\t\t\t\t\t\t\t\t\t<h6 class=\"mkdf-team-name\">\n\t\t\t\t\t\t\t\tDragana M.\t\t\t\t\t\t\t<\/h6>\n\t\t\t\t\t\t\t\t\t\t\t\t\t\t\t\t\t\t\t<h6 class=\"mkdf-team-position\">German teacher<\/h6>\n\t\t\t\t\t\t\t\t\t\t\t<\/div>\n\t\t\t\t\t\t\t\t\t\t\t\t<div class='mkdf-team-text'>\n\t\t\t\t<div class='mkdf-team-text-inner'>\n\t\t\t\t\t<div class='mkdf-team-description'>\n\t\t\t\t\t\t<p>Dragana Maricki is originally from Serbia and has been teaching German language since 2018. She holds degree of finished undergraduate academic studies at the study programme German Language and Literature (University of Novi Sad, Faculty of Philosophy) and is continuing her Master\u00b4s studies at the same study programme (German Language and Literature). Dragana specialises in teaching German: A1, A2, B1, B2, C1 level and has already held both online and in-person language classes Germania Zentrum and Poliglot.<\/p>\n\t\t\t\t\t<\/div>\n\t\t\t\t<\/div>\n\t\t\t<\/div>\n\t\t\n\t\t\t\t<div class=\"mkdf-team-social-holder-between\">\n\t\t\t<div class=\"mkdf-team-social normal\">\n\t\t\t\t<div class=\"mkdf-team-social-inner\">\n\t\t\t\t\t<div class=\"mkdf-team-social-wrapp\">\n\t\t\t\t\t\t\t\t\t\t\t<\/div>\n\t\t\t\t<\/div>\n\t\t\t<\/div>\n\t\t<\/div>\n\t\t\t\t<\/div>\n\t<\/div>\n<\/div>[vc_empty_space height=&#8220;40&#8243;][\/vc_column][\/vc_row][vc_row content_width=&#8220;grid&#8220; content_aligment=&#8220;center&#8220; css=&#8220;.vc_custom_1636314762203{padding-top: 50px !important;padding-bottom: 64px !important;background-color: #f7f7f7 !important;}&#8220; el_class=&#8220;title-centered&#8220;][vc_column width=&#8220;1\/2&#8243; offset=&#8220;vc_col-lg-3 vc_col-md-12&#8243;]\n<div class=\"mkdf-team main-info-below-image\">\n\t<div class=\"mkdf-team-inner\">\n\t\t\t\t\t<div class=\"mkdf-team-image\">\n\t\t\t\t<img decoding=\"async\" src=\"https:\/\/ltg-academy.ch\/wp-content\/uploads\/2024\/01\/Graphic-LTG-Academy-man-.png\" alt=\"mkdf-team-image\"\/>\n\t\t\t<\/div>\n\t\t\n\t\t\t\t\t<div class=\"mkdf-team-info\">\n\t\t\t\t\t\t\t\t\t<div class=\"mkdf-team-title-holder normal\">\n\t\t\t\t\t\t\t\t\t\t\t\t\t<h6 class=\"mkdf-team-name\">\n\t\t\t\t\t\t\t\tRofl L.\t\t\t\t\t\t\t<\/h6>\n\t\t\t\t\t\t\t\t\t\t\t\t\t\t\t\t\t\t\t<h6 class=\"mkdf-team-position\">German Teacher<\/h6>\n\t\t\t\t\t\t\t\t\t\t\t<\/div>\n\t\t\t\t\t\t\t\t\t\t\t\t<div class='mkdf-team-text'>\n\t\t\t\t<div class='mkdf-team-text-inner'>\n\t\t\t\t\t<div class='mkdf-team-description'>\n\t\t\t\t\t\t<p>Rolf L. is a business economist and has held management positions at various Swiss companies like Ciba-Geigy and Switzerland Global Enterprise. His focus was always on international business. He gained his intercultural competence from a long stay as an expat in South America. Working in a foreign country means stress and a lot of effort. The language is central and important to feel comfortable with the new (business and social) culture. Rolf L\u00fcthi helps expats and their partners to integrate quickly in Switzerland. Citation: The German language is the key to Swiss culture, Swiss business and Swiss society. But also to the hearts of the Swiss. LTG is your partner!<\/p>\n\t\t\t\t\t<\/div>\n\t\t\t\t<\/div>\n\t\t\t<\/div>\n\t\t\n\t\t\t\t<div class=\"mkdf-team-social-holder-between\">\n\t\t\t<div class=\"mkdf-team-social normal\">\n\t\t\t\t<div class=\"mkdf-team-social-inner\">\n\t\t\t\t\t<div class=\"mkdf-team-social-wrapp\">\n\t\t\t\t\t\t\t\t\t\t\t<\/div>\n\t\t\t\t<\/div>\n\t\t\t<\/div>\n\t\t<\/div>\n\t\t\t\t<\/div>\n\t<\/div>\n<\/div>[vc_empty_space height=&#8220;40&#8243;][\/vc_column][vc_column width=&#8220;1\/2&#8243; offset=&#8220;vc_col-lg-3 vc_col-md-12&#8243;]\n<div class=\"mkdf-team main-info-below-image\">\n\t<div class=\"mkdf-team-inner\">\n\t\t\t\t\t<div class=\"mkdf-team-image\">\n\t\t\t\t<img decoding=\"async\" src=\"https:\/\/ltg-academy.ch\/wp-content\/uploads\/2024\/01\/B70FA7E7-3558-4950-ACBB-2B578C778E0D-1.jpeg\" alt=\"mkdf-team-image\"\/>\n\t\t\t<\/div>\n\t\t\n\t\t\t\t\t<div class=\"mkdf-team-info\">\n\t\t\t\t\t\t\t\t\t<div class=\"mkdf-team-title-holder normal\">\n\t\t\t\t\t\t\t\t\t\t\t\t\t<h6 class=\"mkdf-team-name\">\n\t\t\t\t\t\t\t\tAndjela D.\t\t\t\t\t\t\t<\/h6>\n\t\t\t\t\t\t\t\t\t\t\t\t\t\t\t\t\t\t\t<h6 class=\"mkdf-team-position\">German Teacher<\/h6>\n\t\t\t\t\t\t\t\t\t\t\t<\/div>\n\t\t\t\t\t\t\t\t\t\t\t\t<div class='mkdf-team-text'>\n\t\t\t\t<div class='mkdf-team-text-inner'>\n\t\t\t\t\t<div class='mkdf-team-description'>\n\t\t\t\t\t\t<p>Andjela is originally from Montenegro. She has a Master\u2019s degree in German Language and Literature. One part of her studies she has spent at the University of Graz. She is also an experienced IB educator in Middle Years Programme and Diploma Programme. She speaks 6 languages: German, Montenegrin, English, Italian, Russian and Turkish. Citation: Knowing is not enough - we must apply. Willing is not enough - we must do. Johann Wolfgang von Goethe<\/p>\n\t\t\t\t\t<\/div>\n\t\t\t\t<\/div>\n\t\t\t<\/div>\n\t\t\n\t\t\t\t<div class=\"mkdf-team-social-holder-between\">\n\t\t\t<div class=\"mkdf-team-social normal\">\n\t\t\t\t<div class=\"mkdf-team-social-inner\">\n\t\t\t\t\t<div class=\"mkdf-team-social-wrapp\">\n\t\t\t\t\t\t\t\t\t\t\t<\/div>\n\t\t\t\t<\/div>\n\t\t\t<\/div>\n\t\t<\/div>\n\t\t\t\t<\/div>\n\t<\/div>\n<\/div>[vc_empty_space height=&#8220;40&#8243;][\/vc_column][vc_column width=&#8220;1\/2&#8243; offset=&#8220;vc_col-lg-3 vc_col-md-12&#8243;]\n<div class=\"mkdf-team main-info-below-image\">\n\t<div class=\"mkdf-team-inner\">\n\t\t\t\t\t<div class=\"mkdf-team-image\">\n\t\t\t\t<img decoding=\"async\" src=\"https:\/\/ltg-academy.ch\/wp-content\/uploads\/2024\/01\/pro-AzlPT8kq.jpeg\" alt=\"mkdf-team-image\"\/>\n\t\t\t<\/div>\n\t\t\n\t\t\t\t\t<div class=\"mkdf-team-info\">\n\t\t\t\t\t\t\t\t\t<div class=\"mkdf-team-title-holder normal\">\n\t\t\t\t\t\t\t\t\t\t\t\t\t<h6 class=\"mkdf-team-name\">\n\t\t\t\t\t\t\t\tAndrijana B.\t\t\t\t\t\t\t<\/h6>\n\t\t\t\t\t\t\t\t\t\t\t\t\t\t\t\t\t\t\t<h6 class=\"mkdf-team-position\">German Teacher<\/h6>\n\t\t\t\t\t\t\t\t\t\t\t<\/div>\n\t\t\t\t\t\t\t\t\t\t\t\t<div class='mkdf-team-text'>\n\t\t\t\t<div class='mkdf-team-text-inner'>\n\t\t\t\t\t<div class='mkdf-team-description'>\n\t\t\t\t\t\t<p>Andrijana Bogdanovic is a dedicated Language Specialist wth a passion for language education. Andrijana spent her childhood in Germany, and then built a rich and extensive career in teaching working with both children and adults. Before working with LTG, she worked for the Oxford Academy, prepared students for exams such as FIDE. Her educational background make her a valuable asset in helping others achieve their language learning goals. She is dedicated to providing quality education and has a proven track record of success in teaching to a diverse range of students.<\/p>\n\t\t\t\t\t<\/div>\n\t\t\t\t<\/div>\n\t\t\t<\/div>\n\t\t\n\t\t\t\t<div class=\"mkdf-team-social-holder-between\">\n\t\t\t<div class=\"mkdf-team-social normal\">\n\t\t\t\t<div class=\"mkdf-team-social-inner\">\n\t\t\t\t\t<div class=\"mkdf-team-social-wrapp\">\n\t\t\t\t\t\t\t\t\t\t\t<\/div>\n\t\t\t\t<\/div>\n\t\t\t<\/div>\n\t\t<\/div>\n\t\t\t\t<\/div>\n\t<\/div>\n<\/div>[vc_empty_space height=&#8220;40&#8243;][\/vc_column][vc_column width=&#8220;1\/2&#8243; offset=&#8220;vc_col-lg-3 vc_col-md-12&#8243;]\n<div class=\"mkdf-team main-info-below-image\">\n\t<div class=\"mkdf-team-inner\">\n\t\t\t\t\t<div class=\"mkdf-team-image\">\n\t\t\t\t<img decoding=\"async\" src=\"https:\/\/ltg-academy.ch\/wp-content\/uploads\/2024\/01\/Graphic-LTG-Academy.png\" alt=\"mkdf-team-image\"\/>\n\t\t\t<\/div>\n\t\t\n\t\t\t\t\t<div class=\"mkdf-team-info\">\n\t\t\t\t\t\t\t\t\t<div class=\"mkdf-team-title-holder normal\">\n\t\t\t\t\t\t\t\t\t\t\t\t\t<h6 class=\"mkdf-team-name\">\n\t\t\t\t\t\t\t\tMeriam A.R.\t\t\t\t\t\t\t<\/h6>\n\t\t\t\t\t\t\t\t\t\t\t\t\t\t\t\t\t\t\t<h6 class=\"mkdf-team-position\">French teacher<\/h6>\n\t\t\t\t\t\t\t\t\t\t\t<\/div>\n\t\t\t\t\t\t\t\t\t\t\t\t<div class='mkdf-team-text'>\n\t\t\t\t<div class='mkdf-team-text-inner'>\n\t\t\t\t\t<div class='mkdf-team-description'>\n\t\t\t\t\t\t<p>Meriam has 20 years of experience in working with students of all ages, and more than 10&#039;000 hours given. She holds a Bachelor in French Linguistics and literature, as well as a Master&#039;s degree in General French Linguistics. For more than 20 years she has worked with an organization in Geneva in order to help expatriates integrate better into Swiss culture.<\/p>\n\t\t\t\t\t<\/div>\n\t\t\t\t<\/div>\n\t\t\t<\/div>\n\t\t\n\t\t\t\t<div class=\"mkdf-team-social-holder-between\">\n\t\t\t<div class=\"mkdf-team-social normal\">\n\t\t\t\t<div class=\"mkdf-team-social-inner\">\n\t\t\t\t\t<div class=\"mkdf-team-social-wrapp\">\n\t\t\t\t\t\t\t\t\t\t\t<\/div>\n\t\t\t\t<\/div>\n\t\t\t<\/div>\n\t\t<\/div>\n\t\t\t\t<\/div>\n\t<\/div>\n<\/div>[vc_empty_space height=&#8220;40&#8243;][\/vc_column][\/vc_row][vc_row content_width=&#8220;grid&#8220; content_aligment=&#8220;center&#8220; css=&#8220;.vc_custom_1636314762203{padding-top: 50px !important;padding-bottom: 64px !important;background-color: #f7f7f7 !important;}&#8220; el_class=&#8220;title-centered&#8220;][vc_column width=&#8220;1\/2&#8243; offset=&#8220;vc_col-lg-3 vc_col-md-12&#8243;]\n<div class=\"mkdf-team main-info-below-image\">\n\t<div class=\"mkdf-team-inner\">\n\t\t\t\t\t<div class=\"mkdf-team-image\">\n\t\t\t\t<img decoding=\"async\" src=\"https:\/\/ltg-academy.ch\/wp-content\/uploads\/2024\/01\/IMG_4847.jpg\" alt=\"mkdf-team-image\"\/>\n\t\t\t<\/div>\n\t\t\n\t\t\t\t\t<div class=\"mkdf-team-info\">\n\t\t\t\t\t\t\t\t\t<div class=\"mkdf-team-title-holder normal\">\n\t\t\t\t\t\t\t\t\t\t\t\t\t<h6 class=\"mkdf-team-name\">\n\t\t\t\t\t\t\t\tLoisse M.\t\t\t\t\t\t\t<\/h6>\n\t\t\t\t\t\t\t\t\t\t\t\t\t\t\t\t\t\t\t<h6 class=\"mkdf-team-position\">French Teacher<\/h6>\n\t\t\t\t\t\t\t\t\t\t\t<\/div>\n\t\t\t\t\t\t\t\t\t\t\t\t<div class='mkdf-team-text'>\n\t\t\t\t<div class='mkdf-team-text-inner'>\n\t\t\t\t\t<div class='mkdf-team-description'>\n\t\t\t\t\t\t<p>Loisse holds a Bachelor&#039;s degree in Sciences of Education and is currently pursuing a Master&#039;s degree in the same field. Her passion for education and a desire to make a positive impact on students&#039; lives led her to a career in teaching. Throughout her academic and professional career, she has developed a deep understanding of educational theory, pedagogy, and the principles of effective teaching. She has gained valuable hands-on experience through teaching in various educational settings. Her dedication to fostering a supportive and inclusive learning environment has been central to her teaching philosophy. Loisse is committed to continuous professional growth and staying updated on the latest trends in education to provide the best learning experiences for her students.<\/p>\n\t\t\t\t\t<\/div>\n\t\t\t\t<\/div>\n\t\t\t<\/div>\n\t\t\n\t\t\t\t<div class=\"mkdf-team-social-holder-between\">\n\t\t\t<div class=\"mkdf-team-social normal\">\n\t\t\t\t<div class=\"mkdf-team-social-inner\">\n\t\t\t\t\t<div class=\"mkdf-team-social-wrapp\">\n\t\t\t\t\t\t\t\t\t\t\t<\/div>\n\t\t\t\t<\/div>\n\t\t\t<\/div>\n\t\t<\/div>\n\t\t\t\t<\/div>\n\t<\/div>\n<\/div>[vc_empty_space height=&#8220;40&#8243;][\/vc_column][vc_column width=&#8220;1\/2&#8243; offset=&#8220;vc_col-lg-3 vc_col-md-12&#8243;]\n<div class=\"mkdf-team main-info-below-image\">\n\t<div class=\"mkdf-team-inner\">\n\t\t\t\t\t<div class=\"mkdf-team-image\">\n\t\t\t\t<img decoding=\"async\" src=\"https:\/\/ltg-academy.ch\/wp-content\/uploads\/2024\/01\/IMG_1050-scaled.jpg\" alt=\"mkdf-team-image\"\/>\n\t\t\t<\/div>\n\t\t\n\t\t\t\t\t<div class=\"mkdf-team-info\">\n\t\t\t\t\t\t\t\t\t<div class=\"mkdf-team-title-holder normal\">\n\t\t\t\t\t\t\t\t\t\t\t\t\t<h6 class=\"mkdf-team-name\">\n\t\t\t\t\t\t\t\tIvana K.\t\t\t\t\t\t\t<\/h6>\n\t\t\t\t\t\t\t\t\t\t\t\t\t\t\t\t\t\t\t<h6 class=\"mkdf-team-position\">French Teacher<\/h6>\n\t\t\t\t\t\t\t\t\t\t\t<\/div>\n\t\t\t\t\t\t\t\t\t\t\t\t<div class='mkdf-team-text'>\n\t\t\t\t<div class='mkdf-team-text-inner'>\n\t\t\t\t\t<div class='mkdf-team-description'>\n\t\t\t\t\t\t<p>Ivana Krgovic is a language teacher specializing in French and Spanish as foreign languages. She has a Master degree in Roman languages, and a degree in Serbian as a foreign language, DALF C2 certificate and has finished a 2 years long TPRS STRONG course (Teaching through storytelling). She has been teaching languages for over 20 years, both in the classroom and online. Ivana believes that the best way to learn a language is through immersion and real-life practice, so she focuses on creating a dynamic and interactive classroom environment. She uses a variety of teaching methods, mostly TPRS, including role-plays, co-creating stories, group discussions, and authentic materials, to help her students develop their speaking, listening, reading, and writing skills.<\/p>\n\t\t\t\t\t<\/div>\n\t\t\t\t<\/div>\n\t\t\t<\/div>\n\t\t\n\t\t\t\t<div class=\"mkdf-team-social-holder-between\">\n\t\t\t<div class=\"mkdf-team-social normal\">\n\t\t\t\t<div class=\"mkdf-team-social-inner\">\n\t\t\t\t\t<div class=\"mkdf-team-social-wrapp\">\n\t\t\t\t\t\t\t\t\t\t\t<\/div>\n\t\t\t\t<\/div>\n\t\t\t<\/div>\n\t\t<\/div>\n\t\t\t\t<\/div>\n\t<\/div>\n<\/div>[vc_empty_space height=&#8220;40&#8243;][\/vc_column][vc_column width=&#8220;1\/2&#8243; offset=&#8220;vc_col-lg-3 vc_col-md-12&#8243;]\n<div class=\"mkdf-team main-info-below-image\">\n\t<div class=\"mkdf-team-inner\">\n\t\t\t\t\t<div class=\"mkdf-team-image\">\n\t\t\t\t<img decoding=\"async\" src=\"https:\/\/ltg-academy.ch\/wp-content\/uploads\/2024\/01\/Graphic-LTG-Academy-1.png\" alt=\"mkdf-team-image\"\/>\n\t\t\t<\/div>\n\t\t\n\t\t\t\t\t<div class=\"mkdf-team-info\">\n\t\t\t\t\t\t\t\t\t<div class=\"mkdf-team-title-holder normal\">\n\t\t\t\t\t\t\t\t\t\t\t\t\t<h6 class=\"mkdf-team-name\">\n\t\t\t\t\t\t\t\tIrina D.\t\t\t\t\t\t\t<\/h6>\n\t\t\t\t\t\t\t\t\t\t\t\t\t\t\t\t\t\t\t<h6 class=\"mkdf-team-position\">French Teacher<\/h6>\n\t\t\t\t\t\t\t\t\t\t\t<\/div>\n\t\t\t\t\t\t\t\t\t\t\t\t<div class='mkdf-team-text'>\n\t\t\t\t<div class='mkdf-team-text-inner'>\n\t\t\t\t\t<div class='mkdf-team-description'>\n\t\t\t\t\t\t<p>Irina has a Master\u2019s degree in French as a foreign language and has been teaching French language since 2014 to children and adults. Irina is very passionate about her job, and is very creative at what she does. She has worked with all ages. Irina is very involved in the preparation of my courses and she always takes a first step to analyze the difficulties and to find the best ways for each student in order to understand and work on their needs.<\/p>\n\t\t\t\t\t<\/div>\n\t\t\t\t<\/div>\n\t\t\t<\/div>\n\t\t\n\t\t\t\t<div class=\"mkdf-team-social-holder-between\">\n\t\t\t<div class=\"mkdf-team-social normal\">\n\t\t\t\t<div class=\"mkdf-team-social-inner\">\n\t\t\t\t\t<div class=\"mkdf-team-social-wrapp\">\n\t\t\t\t\t\t\t\t\t\t\t<\/div>\n\t\t\t\t<\/div>\n\t\t\t<\/div>\n\t\t<\/div>\n\t\t\t\t<\/div>\n\t<\/div>\n<\/div>[vc_empty_space height=&#8220;40&#8243;][\/vc_column][vc_column width=&#8220;1\/2&#8243; offset=&#8220;vc_col-lg-3 vc_col-md-12&#8243;]\n<div class=\"mkdf-team main-info-below-image\">\n\t<div class=\"mkdf-team-inner\">\n\t\t\t\t\t<div class=\"mkdf-team-image\">\n\t\t\t\t<img decoding=\"async\" src=\"https:\/\/ltg-academy.ch\/wp-content\/uploads\/2024\/01\/Graphic-LTG-Academy-2.png\" alt=\"mkdf-team-image\"\/>\n\t\t\t<\/div>\n\t\t\n\t\t\t\t\t<div class=\"mkdf-team-info\">\n\t\t\t\t\t\t\t\t\t<div class=\"mkdf-team-title-holder normal\">\n\t\t\t\t\t\t\t\t\t\t\t\t\t<h6 class=\"mkdf-team-name\">\n\t\t\t\t\t\t\t\tMarguerite L.\t\t\t\t\t\t\t<\/h6>\n\t\t\t\t\t\t\t\t\t\t\t\t\t\t\t\t\t\t\t<h6 class=\"mkdf-team-position\">French teacher<\/h6>\n\t\t\t\t\t\t\t\t\t\t\t<\/div>\n\t\t\t\t\t\t\t\t\t\t\t\t<div class='mkdf-team-text'>\n\t\t\t\t<div class='mkdf-team-text-inner'>\n\t\t\t\t\t<div class='mkdf-team-description'>\n\t\t\t\t\t\t<p>Marguerite is our youngest teacher, teaching French. She is currently a student at the University of Lausanne and is pursuing her studies in French language and literature. She enjoys working with all levels and ages and is looking forward to working with you in Lausanne.<\/p>\n\t\t\t\t\t<\/div>\n\t\t\t\t<\/div>\n\t\t\t<\/div>\n\t\t\n\t\t\t\t<div class=\"mkdf-team-social-holder-between\">\n\t\t\t<div class=\"mkdf-team-social normal\">\n\t\t\t\t<div class=\"mkdf-team-social-inner\">\n\t\t\t\t\t<div class=\"mkdf-team-social-wrapp\">\n\t\t\t\t\t\t\t\t\t\t\t<\/div>\n\t\t\t\t<\/div>\n\t\t\t<\/div>\n\t\t<\/div>\n\t\t\t\t<\/div>\n\t<\/div>\n<\/div>[vc_empty_space height=&#8220;40&#8243;][\/vc_column][\/vc_row][vc_row content_width=&#8220;grid&#8220; content_aligment=&#8220;center&#8220; css=&#8220;.vc_custom_1600184755062{padding-top: 100px !important;}&#8220;][vc_column]<div class=\"mkdf-section-title-holder\">\n\t<h2 class=\"mkdf-section-title mkdf-section-title-small\" >Vorteile des Erlernens einer Sprache mit LTG Academy<\/h2>\n<\/div><div class=\"mkdf-separator-holder clearfix  mkdf-separator-center\">\n\t<div class=\"mkdf-separator\" style=\"border-color: #dd3333;width: 33px;border-bottom-width: 3px;margin-top: 22px;margin-bottom: 60px\"><\/div>\n<\/div>\n[\/vc_column][\/vc_row][vc_row content_width=&#8220;grid&#8220; css=&#8220;.vc_custom_1600184835389{padding-bottom: 100px !important;}&#8220;][vc_column offset=&#8220;vc_col-lg-6 vc_col-md-12&#8243;][vc_empty_space height=&#8220;20&#8243;]<div class=\"mkdf-animations-holder mkdf-element-from-left\" data-animation=\"mkdf-element-from-left\">\n\t<div style=\"transition-delay: 200ms;-webkit-animation-delay: 200ms;animation-delay: 200ms;animation-duration: 700ms;-webkit-animation-duration: 700ms;-moz-animation-duration: 700ms\">\n\t\t[vc_single_image image=&#8220;4230&#8243; img_size=&#8220;large&#8220; alignment=&#8220;center&#8220; el_class=&#8220;excelent-image&#8220;]\t<\/div>\n\n<\/div>[\/vc_column][vc_column offset=&#8220;vc_col-lg-6 vc_col-md-12&#8243; css=&#8220;.vc_custom_1600184956243{padding-top: 80px !important;}&#8220;]<div class=\"mkdf-accordion-holder clearfix mkdf-accordion mkdf-boxed \">\n\t<h4 class=\"clearfix mkdf-title-holder\">\n\t<span class=\"mkdf-accordion-mark mkdf-left-mark\">\n\t\t<span class=\"mkdf-accordion-mark-icon\">\n\t\t\t<span class=\"arrow_carrot-down\"><\/span>\n\t\t<\/span>\n\t<\/span>\n\t<span class=\"mkdf-tab-title\">\n\t\t<span class=\"mkdf-tab-title-inner\">\n\t\t\t <span class=\"mkdf-icon-accordion-holder\">\n\t\t\t\t <i class=\"mkdf-icon-simple-line-icon icon-paper-plane \" ><\/i>\t\t\t <\/span>\n\t\t\tYour studies\t\t<\/span>\n\t<\/span>\n<\/h4>\n<div class=\"mkdf-accordion-content\">\n\t<div class=\"mkdf-accordion-content-inner\">\n\t\t[vc_column_text]<\/p>\n<ul>\n<li>Alle Kursmaterialien sind inbegriffen<\/li>\n<li>Jeder Sch\u00fcler erh\u00e4lt ein Willkommenspaket<\/li>\n<li>Studienbescheinigung f\u00fcr jeden Kurs zur Erg\u00e4nzung Ihres Lebenslaufs<\/li>\n<li>Unsere Lehrer sind alle qualifiziert<\/li>\n<\/ul>\n<p>[\/vc_column_text]\n\t\t\t<\/div>\n<\/div>\n<h4 class=\"clearfix mkdf-title-holder\">\n\t<span class=\"mkdf-accordion-mark mkdf-left-mark\">\n\t\t<span class=\"mkdf-accordion-mark-icon\">\n\t\t\t<span class=\"arrow_carrot-down\"><\/span>\n\t\t<\/span>\n\t<\/span>\n\t<span class=\"mkdf-tab-title\">\n\t\t<span class=\"mkdf-tab-title-inner\">\n\t\t\t <span class=\"mkdf-icon-accordion-holder\">\n\t\t\t\t <i class=\"mkdf-icon-simple-line-icon icon-diamond \" ><\/i>\t\t\t <\/span>\n\t\t\tFree extra language support\t\t<\/span>\n\t<\/span>\n<\/h4>\n<div class=\"mkdf-accordion-content\">\n\t<div class=\"mkdf-accordion-content-inner\">\n\t\t[vc_column_text]<\/p>\n<ul>\n<li>Kostenloser w\u00f6chentlicher Konversationsclub<\/li>\n<li>Sowohl unsere Bibliothek als auch unser Lernzentrum sind mit Personal besetzt, das eine individuelle Betreuung anbietet.<\/li>\n<li>Student Hour: Treffen mit akademischen Managern, um Ihre Fortschritte und Ziele zu besprechen<\/li>\n<li>Alle vier Wochen findet ein pers\u00f6nliches Lerngespr\u00e4ch mit Ihrem Lehrer statt.<\/li>\n<\/ul>\n<p>[\/vc_column_text]\n\t\t\t<\/div>\n<\/div>\n<\/div>[vc_empty_space height=&#8220;50px&#8220;][\/vc_column][\/vc_row][vc_row content_width=&#8220;grid&#8220; content_aligment=&#8220;center&#8220; css=&#8220;.vc_custom_1598663478611{padding-top: 60px !important;background-color: #ffffff !important;}&#8220;][vc_column]<div class=\"mkdf-section-title-holder\">\n\t<h2 class=\"mkdf-section-title mkdf-section-title-small\" >Top 10 reasons to study and work with LTG Academy<\/h2>\n<\/div><div class=\"mkdf-separator-holder clearfix  mkdf-separator-center\">\n\t<div class=\"mkdf-separator\" style=\"border-color: #dd3333;width: 33px;border-bottom-width: 3px;margin-top: 22px;margin-bottom: 60px\"><\/div>\n<\/div>\n[vc_column_text]<\/p>\n<p>Die Verbesserung Ihrer Franz\u00f6sischkenntnisse oder das Erlernen einer weiteren Sprache ist ein gro\u00dfer Schritt auf dem Weg zur Verwirklichung Ihrer beruflichen und pers\u00f6nlichen Ziele. Wir werden Sie bei jedem Schritt auf Ihrem Weg begleiten. Hier sind einige Gr\u00fcnde, warum Sie uns Ihre Ziele anvertrauen sollten.<\/p>\n<p>[\/vc_column_text][vc_empty_space height=&#8220;130&#8243;][vc_empty_space height=&#8220;70&#8243;][vc_row_inner el_class=&#8220;evened&#8220;][vc_column_inner width=&#8220;1\/2&#8243;][vc_single_image image=&#8220;3457&#8243; img_size=&#8220;600&#215;330&#8243; alignment=&#8220;center&#8220; css_animation=&#8220;fadeInLeft&#8220;][\/vc_column_inner][vc_column_inner el_class=&#8220;center-text-vertically&#8220; width=&#8220;1\/2&#8243;][vc_column_text css=&#8220;&#8220;]<\/p>\n<h2 style=\"color: #dd3333;\">01<\/h2>\n<h3>20 Jahre Erfahrung von Lehrern<\/h3>\n<p>\n    <span class=\"mkdf-icon-shortcode normal mkdf-icon-medium\"  >\n        \n                                    <span class=\"mkdf-image-icon\">\n\t\t\t\t\t\t                            <i class=\"mkdf-icon-font-awesome fa fa-chevron-down mkdf-icon-element\" style=\"\" ><\/i>                                            <\/span>\n                \n            <\/span>\n\n[\/vc_column_text][\/vc_column_inner][\/vc_row_inner][vc_empty_space height=&#8220;70&#8243;][vc_row_inner][vc_column_inner el_class=&#8220;center-text-vertically&#8220; width=&#8220;1\/2&#8243;][vc_column_text css=&#8220;&#8220;]<\/p>\n<h2 style=\"color: #dd3333;\">02<\/h2>\n<h3>Einzigartiger Lehrplan<\/h3>\n<p>Die Programme f\u00f6rdern das Lernen \u00fcber das Klassenzimmer hinaus, um die berufliche Entwicklung, die F\u00fchrungsqualit\u00e4ten und die unternehmerischen F\u00e4higkeiten der Studenten zu unterst\u00fctzen.<\/p>\n\n    <span class=\"mkdf-icon-shortcode normal mkdf-icon-medium\"  >\n        \n                                    <span class=\"mkdf-image-icon\">\n\t\t\t\t\t\t                            <i class=\"mkdf-icon-font-awesome fa fa-chevron-down mkdf-icon-element\" style=\"\" ><\/i>                                            <\/span>\n                \n            <\/span>\n\n\n<div id=\"gtx-trans\" style=\"position: absolute; left: 273px; top: 192.531px;\">\n<div class=\"gtx-trans-icon\"><\/div>\n<\/div>\n<p>[\/vc_column_text][\/vc_column_inner][vc_column_inner width=&#8220;1\/2&#8243;][vc_single_image image=&#8220;3480&#8243; img_size=&#8220;600&#215;330&#8243; alignment=&#8220;center&#8220; css_animation=&#8220;fadeInRight&#8220;][\/vc_column_inner][\/vc_row_inner][vc_empty_space height=&#8220;70&#8243;][vc_row_inner el_class=&#8220;evened&#8220;][vc_column_inner width=&#8220;1\/2&#8243;][vc_single_image image=&#8220;3440&#8243; img_size=&#8220;600&#215;330&#8243; alignment=&#8220;center&#8220; css_animation=&#8220;fadeInLeft&#8220;][\/vc_column_inner][vc_column_inner el_class=&#8220;center-text-vertically&#8220; width=&#8220;1\/2&#8243;][vc_column_text css=&#8220;&#8220;]<\/p>\n<h2 style=\"color: #dd3333;\">03<\/h2>\n<h3>Internationales Personal<\/h3>\n<p>Die hochqualifizierten Mitarbeiter der LTG sind f\u00fchrend auf ihrem Gebiet und verf\u00fcgen \u00fcber die f\u00fcr die Kurse, die sie unterrichten, erforderlichen Qualifikationen.<\/p>\n<p>\n    <span class=\"mkdf-icon-shortcode normal mkdf-icon-medium\"  >\n        \n                                    <span class=\"mkdf-image-icon\">\n\t\t\t\t\t\t                            <i class=\"mkdf-icon-font-awesome fa fa-chevron-down mkdf-icon-element\" style=\"\" ><\/i>                                            <\/span>\n                \n            <\/span>\n\n[\/vc_column_text][\/vc_column_inner][\/vc_row_inner][vc_empty_space height=&#8220;70&#8243;][vc_row_inner][vc_column_inner el_class=&#8220;center-text-vertically&#8220; width=&#8220;1\/2&#8243;][vc_column_text css=&#8220;&#8220;]<\/p>\n<h2 style=\"color: #dd3333;\">04<\/h2>\n<h3>Bietet Unterricht in einem multikulturellen und mehrsprachigen Umfeld an.<\/h3>\n\n    <span class=\"mkdf-icon-shortcode normal mkdf-icon-medium\"  >\n        \n                                    <span class=\"mkdf-image-icon\">\n\t\t\t\t\t\t                            <i class=\"mkdf-icon-font-awesome fa fa-chevron-down mkdf-icon-element\" style=\"\" ><\/i>                                            <\/span>\n                \n            <\/span>\n\n\n<div id=\"gtx-trans\" style=\"position: absolute; left: 273px; top: 192.531px;\">\n<div class=\"gtx-trans-icon\"><\/div>\n<\/div>\n<p>[\/vc_column_text][\/vc_column_inner][vc_column_inner width=&#8220;1\/2&#8243;][vc_single_image image=&#8220;3465&#8243; img_size=&#8220;600&#215;330&#8243; alignment=&#8220;center&#8220; css_animation=&#8220;fadeInRight&#8220;][\/vc_column_inner][\/vc_row_inner][vc_empty_space height=&#8220;70&#8243;][vc_row_inner el_class=&#8220;evened&#8220;][vc_column_inner width=&#8220;1\/2&#8243;][vc_single_image image=&#8220;3462&#8243; img_size=&#8220;600&#215;330&#8243; alignment=&#8220;center&#8220; css_animation=&#8220;fadeInLeft&#8220;][\/vc_column_inner][vc_column_inner el_class=&#8220;center-text-vertically&#8220; width=&#8220;1\/2&#8243;][vc_column_text css=&#8220;&#8220;]<\/p>\n<h2 style=\"color: #dd3333;\">05<\/h2>\n<h3>Wir sind eine der besten Sprachschulen der Schweiz, wie die letzten Inspektionen gezeigt haben.<\/h3>\n<p>\n    <span class=\"mkdf-icon-shortcode normal mkdf-icon-medium\"  >\n        \n                                    <span class=\"mkdf-image-icon\">\n\t\t\t\t\t\t                            <i class=\"mkdf-icon-font-awesome fa fa-chevron-down mkdf-icon-element\" style=\"\" ><\/i>                                            <\/span>\n                \n            <\/span>\n\n[\/vc_column_text][\/vc_column_inner][\/vc_row_inner][vc_empty_space height=&#8220;70&#8243;][vc_row_inner][vc_column_inner el_class=&#8220;center-text-vertically&#8220; width=&#8220;1\/2&#8243;][vc_column_text css=&#8220;&#8220;]<\/p>\n<h2 style=\"color: #dd3333;\">06<\/h2>\n<h3>Unsere Lehrer sind qualifiziert. Mehr als 80 % unserer Lehrer sind auch Lehrerausbilder.<\/h3>\n\n    <span class=\"mkdf-icon-shortcode normal mkdf-icon-medium\"  >\n        \n                                    <span class=\"mkdf-image-icon\">\n\t\t\t\t\t\t                            <i class=\"mkdf-icon-font-awesome fa fa-chevron-down mkdf-icon-element\" style=\"\" ><\/i>                                            <\/span>\n                \n            <\/span>\n\n\n<div id=\"gtx-trans\" style=\"position: absolute; left: 273px; top: 192.531px;\">\n<div class=\"gtx-trans-icon\"><\/div>\n<\/div>\n<p>[\/vc_column_text][\/vc_column_inner][vc_column_inner width=&#8220;1\/2&#8243;][vc_single_image image=&#8220;3459&#8243; img_size=&#8220;600&#215;330&#8243; alignment=&#8220;center&#8220; css_animation=&#8220;fadeInRight&#8220;][\/vc_column_inner][\/vc_row_inner][vc_empty_space height=&#8220;70&#8243;][vc_row_inner el_class=&#8220;evened&#8220;][vc_column_inner width=&#8220;1\/2&#8243;][vc_single_image image=&#8220;3454&#8243; img_size=&#8220;600&#215;330&#8243; alignment=&#8220;center&#8220; css_animation=&#8220;fadeInLeft&#8220;][\/vc_column_inner][vc_column_inner el_class=&#8220;center-text-vertically&#8220; width=&#8220;1\/2&#8243;][vc_column_text css=&#8220;&#8220;]<\/p>\n<h2 style=\"color: #dd3333;\">07<\/h2>\n<h3>Unsere moderne, klimatisierte Schule verf\u00fcgt \u00fcber ein Caf\u00e9, komfortable Sozialr\u00e4ume, eine Rezeption und voll ausgestattete, gro\u00dfe und helle Klassenr\u00e4ume.<\/h3>\n<p>\n    <span class=\"mkdf-icon-shortcode normal mkdf-icon-medium\"  >\n        \n                                    <span class=\"mkdf-image-icon\">\n\t\t\t\t\t\t                            <i class=\"mkdf-icon-font-awesome fa fa-chevron-down mkdf-icon-element\" style=\"\" ><\/i>                                            <\/span>\n                \n            <\/span>\n\n[\/vc_column_text][\/vc_column_inner][\/vc_row_inner][vc_empty_space height=&#8220;70&#8243;][vc_row_inner][vc_column_inner el_class=&#8220;center-text-vertically&#8220; width=&#8220;1\/2&#8243;][vc_column_text css=&#8220;&#8220;]<\/p>\n<h2 style=\"color: #dd3333;\">08<\/h2>\n<h3>Wir sind ein Pr\u00fcfungsvorbereitungszentrum, so dass sich die Sch\u00fcler mit unseren erfahrenen Lehrern auf Pr\u00fcfungen vorbereiten k\u00f6nnen.<\/h3>\n\n    <span class=\"mkdf-icon-shortcode normal mkdf-icon-medium\"  >\n        \n                                    <span class=\"mkdf-image-icon\">\n\t\t\t\t\t\t                            <i class=\"mkdf-icon-font-awesome fa fa-chevron-down mkdf-icon-element\" style=\"\" ><\/i>                                            <\/span>\n                \n            <\/span>\n\n\n<div id=\"gtx-trans\" style=\"position: absolute; left: 273px; top: 192.531px;\">\n<div class=\"gtx-trans-icon\"><\/div>\n<\/div>\n<p>[\/vc_column_text][\/vc_column_inner][vc_column_inner width=&#8220;1\/2&#8243;][vc_single_image image=&#8220;3453&#8243; img_size=&#8220;600&#215;330&#8243; alignment=&#8220;center&#8220; css_animation=&#8220;fadeInRight&#8220;][\/vc_column_inner][\/vc_row_inner][vc_empty_space height=&#8220;70&#8243;][vc_row_inner el_class=&#8220;evened&#8220;][vc_column_inner width=&#8220;1\/2&#8243;][vc_single_image image=&#8220;3448&#8243; img_size=&#8220;600&#215;330&#8243; alignment=&#8220;center&#8220; css_animation=&#8220;fadeInLeft&#8220;][\/vc_column_inner][vc_column_inner el_class=&#8220;center-text-vertically&#8220; width=&#8220;1\/2&#8243;][vc_column_text css=&#8220;&#8220;]<\/p>\n<h2 style=\"color: #dd3333;\">09<\/h2>\n<h3>Wir haben ein eigenes LTG-Sozialprogrammteam und ein Team f\u00fcr die Studentenbetreuung, die daf\u00fcr sorgen, dass Sie die besten Erfahrungen machen.<\/h3>\n<p>\n    <span class=\"mkdf-icon-shortcode normal mkdf-icon-medium\"  >\n        \n                                    <span class=\"mkdf-image-icon\">\n\t\t\t\t\t\t                            <i class=\"mkdf-icon-font-awesome fa fa-chevron-down mkdf-icon-element\" style=\"\" ><\/i>                                            <\/span>\n                \n            <\/span>\n\n[\/vc_column_text][\/vc_column_inner][\/vc_row_inner][vc_empty_space height=&#8220;120&#8243;][\/vc_column][\/vc_row][vc_row row_type=&#8220;parallax&#8220; content_width=&#8220;grid&#8220; content_aligment=&#8220;center&#8220; full_screen_section_height=&#8220;no&#8220; parallax_background_image=&#8220;337&#8243; el_id=&#8220;Kontakt-uns&#8220;][vc_column width=&#8220;1\/6&#8243;][\/vc_column][vc_column width=&#8220;2\/3&#8243;][vc_empty_space height=&#8220;70&#8243;]<div class=\"mkdf-section-title-holder\">\n\t<h2 class=\"mkdf-section-title mkdf-section-title-small\" style=\"color: #ffffff\">Contact Us<\/h2>\n<\/div><div class=\"mkdf-separator-holder clearfix  mkdf-separator-center\">\n\t<div class=\"mkdf-separator\" style=\"border-color: #dd3333;width: 33px;border-bottom-width: 3px;margin-top: 22px;margin-bottom: 60px\"><\/div>\n<\/div>\n\n<div class=\"wpcf7 no-js\" id=\"wpcf7-f3533-o1\" lang=\"en-US\" dir=\"ltr\" data-wpcf7-id=\"3533\">\n<div class=\"screen-reader-response\"><p role=\"status\" aria-live=\"polite\" aria-atomic=\"true\"><\/p> <ul><\/ul><\/div>\n<form action=\"\/de\/wp-json\/wp\/v2\/pages\/7178#wpcf7-f3533-o1\" method=\"post\" class=\"wpcf7-form init cf7_custom_style_1\" aria-label=\"Contact form\" novalidate=\"novalidate\" data-status=\"init\">\n<fieldset class=\"hidden-fields-container\"><input type=\"hidden\" name=\"_wpcf7\" value=\"3533\" \/><input type=\"hidden\" name=\"_wpcf7_version\" value=\"6.1.3\" \/><input type=\"hidden\" name=\"_wpcf7_locale\" value=\"en_US\" \/><input type=\"hidden\" name=\"_wpcf7_unit_tag\" value=\"wpcf7-f3533-o1\" \/><input type=\"hidden\" name=\"_wpcf7_container_post\" value=\"0\" \/><input type=\"hidden\" name=\"_wpcf7_posted_data_hash\" value=\"\" \/><input type=\"hidden\" name=\"_wpcf7_recaptcha_response\" value=\"\" \/>\n<\/fieldset>\n<p><label> Title <span class=\"redasterix\">*<\/span><\/label><br \/>\n<label> <span class=\"wpcf7-form-control-wrap\" data-name=\"title\"><select class=\"wpcf7-form-control wpcf7-select wpcf7-validates-as-required\" aria-required=\"true\" aria-invalid=\"false\" name=\"title\"><option value=\"Mrs.\">Mrs.<\/option><option value=\"Mr.\">Mr.<\/option><\/select><\/span><\/label>\n<\/p>\n<p><label> Full name <span class=\"redasterix\">*<\/span> <\/label>\n<\/p>\n<div class=\"one-half\">\n\t<p><label> <span class=\"wpcf7-form-control-wrap\" data-name=\"first-name\"><input size=\"40\" maxlength=\"400\" class=\"wpcf7-form-control wpcf7-text wpcf7-validates-as-required\" aria-required=\"true\" aria-invalid=\"false\" placeholder=\"First name\" value=\"\" type=\"text\" name=\"first-name\" \/><\/span><\/label>\n\t<\/p>\n<\/div>\n<div class=\"one-half last\">\n\t<p><label> <span class=\"wpcf7-form-control-wrap\" data-name=\"last-name\"><input size=\"40\" maxlength=\"400\" class=\"wpcf7-form-control wpcf7-text wpcf7-validates-as-required\" aria-required=\"true\" aria-invalid=\"false\" placeholder=\"Last name\" value=\"\" type=\"text\" name=\"last-name\" \/><\/span><\/label>\n\t<\/p>\n<\/div>\n<p><label>Email <span class=\"redasterix\">*<\/span><\/label><br \/>\n<label> <span class=\"wpcf7-form-control-wrap\" data-name=\"email\"><input size=\"40\" maxlength=\"400\" class=\"wpcf7-form-control wpcf7-email wpcf7-validates-as-required wpcf7-text wpcf7-validates-as-email\" aria-required=\"true\" aria-invalid=\"false\" value=\"\" type=\"email\" name=\"email\" \/><\/span><\/label>\n<\/p>\n<p><label>Center closest to you <span class=\"redasterix\">*<\/span><\/label>\n<\/p>\n<p><span class=\"wpcf7-form-control-wrap\" data-name=\"radio-buttons\"><span class=\"wpcf7-form-control wpcf7-radio\"><span class=\"wpcf7-list-item first\"><input type=\"radio\" name=\"radio-buttons\" value=\"Geneva\" checked=\"checked\" \/><span class=\"wpcf7-list-item-label\">Geneva<\/span><\/span><span class=\"wpcf7-list-item\"><input type=\"radio\" name=\"radio-buttons\" value=\"Nyon\" \/><span class=\"wpcf7-list-item-label\">Nyon<\/span><\/span><span class=\"wpcf7-list-item\"><input type=\"radio\" name=\"radio-buttons\" value=\"Lausanne\" \/><span class=\"wpcf7-list-item-label\">Lausanne<\/span><\/span><span class=\"wpcf7-list-item\"><input type=\"radio\" name=\"radio-buttons\" value=\"Basel\" \/><span class=\"wpcf7-list-item-label\">Basel<\/span><\/span><span class=\"wpcf7-list-item\"><input type=\"radio\" name=\"radio-buttons\" value=\"Zurich\" \/><span class=\"wpcf7-list-item-label\">Zurich<\/span><\/span><span class=\"wpcf7-list-item last\"><input type=\"radio\" name=\"radio-buttons\" value=\"Bern\" \/><span class=\"wpcf7-list-item-label\">Bern<\/span><\/span><\/span><\/span>\n<\/p>\n<p><label> Business <\/label><br \/>\n<label> <span class=\"wpcf7-form-control-wrap\" data-name=\"your-subject\"><input size=\"40\" maxlength=\"400\" class=\"wpcf7-form-control wpcf7-text\" aria-invalid=\"false\" value=\"\" type=\"text\" name=\"your-subject\" \/><\/span> <\/label>\n<\/p>\n<p><label> Phone <\/label><br \/>\n<label><span class=\"wpcf7-form-control-wrap\" data-name=\"phone\"><input size=\"40\" maxlength=\"400\" class=\"wpcf7-form-control wpcf7-tel wpcf7-text wpcf7-validates-as-tel\" aria-invalid=\"false\" value=\"\" type=\"tel\" name=\"phone\" \/><\/span> <\/label>\n<\/p>\n<p><label> Message <span class=\"redasterix\">*<\/span> <\/label><br \/>\n<label><span class=\"wpcf7-form-control-wrap\" data-name=\"message\"><textarea cols=\"40\" rows=\"10\" maxlength=\"2000\" class=\"wpcf7-form-control wpcf7-textarea wpcf7-validates-as-required\" aria-required=\"true\" aria-invalid=\"false\" name=\"message\"><\/textarea><\/span> <\/label>\n<\/p>\n<p><input class=\"wpcf7-form-control wpcf7-submit has-spinner\" type=\"submit\" value=\"Send\" \/>\n<\/p><div class=\"wpcf7-response-output\" aria-hidden=\"true\"><\/div>\n<\/form>\n<\/div>\n[vc_empty_space height=&#8220;70&#8243;][\/vc_column][vc_column width=&#8220;1\/6&#8243;][\/vc_column][\/vc_row]<\/p>\n<\/div>","protected":false},"excerpt":{"rendered":"<p>[vc_row content_width=&#8220;grid&#8220; content_aligment=&#8220;center&#8220; css=&#8220;.vc_custom_1636321126302{background-color: #ffffff !important;}&#8220; el_class=&#8220;title-centered&#8220;][vc_column][vc_empty_space height=&#8220;100&#8243;][vc_empty_space height=&#8220;60&#8243;][vc_column_text] Vollst\u00e4ndiges Eintauchen innerhalb und au\u00dferhalb des Klassenzimmers LTG Academy ist ein B2B- und B2C-orientiertes Unternehmen, das sowohl Gesch\u00e4fts- als auch Sprachdienstleistungen f\u00fcr Privatpersonen und Unternehmen anbietet. Wir hatten das Vergn\u00fcgen, mit Studenten und Mitarbeitern aus der&#8230;<\/p>\n","protected":false},"author":1,"featured_media":0,"parent":0,"menu_order":0,"comment_status":"closed","ping_status":"closed","template":"full-width.php","meta":{"_price":"","_stock":"","_tribe_ticket_header":"","_tribe_default_ticket_provider":"","_tribe_ticket_capacity":"0","_ticket_start_date":"","_ticket_end_date":"","_tribe_ticket_show_description":"","_tribe_ticket_show_not_going":false,"_tribe_ticket_use_global_stock":"","_tribe_ticket_global_stock_level":"","_global_stock_mode":"","_global_stock_cap":"","_tribe_rsvp_for_event":"","_tribe_ticket_going_count":"","_tribe_ticket_not_going_count":"","_tribe_tickets_list":"[]","_tribe_ticket_has_attendee_info_fields":false,"footnotes":""},"class_list":["post-7178","page","type-page","status-publish","hentry"],"_links":{"self":[{"href":"https:\/\/ltg-academy.ch\/de\/wp-json\/wp\/v2\/pages\/7178","targetHints":{"allow":["GET"]}}],"collection":[{"href":"https:\/\/ltg-academy.ch\/de\/wp-json\/wp\/v2\/pages"}],"about":[{"href":"https:\/\/ltg-academy.ch\/de\/wp-json\/wp\/v2\/types\/page"}],"author":[{"embeddable":true,"href":"https:\/\/ltg-academy.ch\/de\/wp-json\/wp\/v2\/users\/1"}],"replies":[{"embeddable":true,"href":"https:\/\/ltg-academy.ch\/de\/wp-json\/wp\/v2\/comments?post=7178"}],"version-history":[{"count":15,"href":"https:\/\/ltg-academy.ch\/de\/wp-json\/wp\/v2\/pages\/7178\/revisions"}],"predecessor-version":[{"id":8943,"href":"https:\/\/ltg-academy.ch\/de\/wp-json\/wp\/v2\/pages\/7178\/revisions\/8943"}],"wp:attachment":[{"href":"https:\/\/ltg-academy.ch\/de\/wp-json\/wp\/v2\/media?parent=7178"}],"curies":[{"name":"wp","href":"https:\/\/api.w.org\/{rel}","templated":true}]}}