{"id":7223,"date":"2015-11-27T13:07:20","date_gmt":"2015-11-27T12:07:20","guid":{"rendered":"https:\/\/ltg-academy.ch\/franzosisch-kurse\/"},"modified":"2022-07-08T20:30:22","modified_gmt":"2022-07-08T19:30:22","slug":"franzosisch-kurse","status":"publish","type":"page","link":"https:\/\/ltg-academy.ch\/de\/franzosisch-kurse\/","title":{"rendered":"Franz\u00f6sisch-Kurse"},"content":{"rendered":"<div class=\"wpb-content-wrapper\"><p>[vc_row content_width=&#8220;grid&#8220; css=&#8220;.vc_custom_1449061465992{background-color: #ffffff !important;}&#8220;][vc_column][vc_row_inner content_aligment=&#8220;center&#8220;][vc_column_inner][vc_empty_space height=&#8220;100&#8243;]<div class=\"mkdf-section-title-holder\">\n\t<h2 class=\"mkdf-section-title mkdf-section-title-small\" >Sprache f\u00fcr jedes Niveau in Genf<\/h2>\n<\/div><div class=\"mkdf-separator-holder clearfix  mkdf-separator-center\">\n\t<div class=\"mkdf-separator\" style=\"border-color: #dd3333;width: 33px;border-bottom-width: 3px;margin-top: 13px;margin-bottom: 20px\"><\/div>\n<\/div>\n[vc_empty_space height=&#8220;60&#8243;][vc_column_text]<\/p>\n<p style=\"text-align: justify;\">Dieser Franz\u00f6sischkurs in Genf zielt darauf ab, die kommunikativen F\u00e4higkeiten der Lernenden sowohl m\u00fcndlich als auch schriftlich zu verbessern. Der handlungsorientierte Ansatz des Kurses erm\u00f6glicht es jedem Teilnehmer, seine sprachlichen Kenntnisse zu vertiefen und sie im Rahmen von motivierenden Projekten in die Praxis umzusetzen, die die Selbstst\u00e4ndigkeit und eine rasche und kontrollierte Progression des Verst\u00e4ndnisses und des Ausdrucks f\u00f6rdern. Dieser Kurs richtet sich an Teilnehmer, f\u00fcr die Franz\u00f6sisch im Rahmen ihres Studiums oder ihrer Integration in das gesellschaftliche oder berufliche Leben in Frankreich wichtig ist.<\/p>\n<p>[\/vc_column_text][\/vc_column_inner][\/vc_row_inner][vc_empty_space height=&#8220;150&#8243;][\/vc_column][\/vc_row][vc_row][vc_column width=&#8220;1\/4&#8243;]<div class=\"mkdf-image-with-text-holder standard\">\n\n            <div class=\"mkdf-imt-image\">\n            <img loading=\"lazy\" decoding=\"async\" width=\"1617\" height=\"1080\" src=\"https:\/\/ltg-academy.ch\/wp-content\/uploads\/2020\/08\/AdobeStock_104474442-scaled.jpeg\" class=\"attachment-full size-full\" alt=\"freundliche begr\u00fc\u00dfung zum beratungsgespr\u00e4ch\" srcset=\"https:\/\/ltg-academy.ch\/wp-content\/uploads\/2020\/08\/AdobeStock_104474442-scaled.jpeg 1617w, https:\/\/ltg-academy.ch\/wp-content\/uploads\/2020\/08\/AdobeStock_104474442-scaled-600x401.jpeg 600w, https:\/\/ltg-academy.ch\/wp-content\/uploads\/2020\/08\/AdobeStock_104474442-300x200.jpeg 300w, https:\/\/ltg-academy.ch\/wp-content\/uploads\/2020\/08\/AdobeStock_104474442-1024x684.jpeg 1024w, https:\/\/ltg-academy.ch\/wp-content\/uploads\/2020\/08\/AdobeStock_104474442-768x513.jpeg 768w, https:\/\/ltg-academy.ch\/wp-content\/uploads\/2020\/08\/AdobeStock_104474442-1536x1025.jpeg 1536w\" sizes=\"auto, (max-width: 1617px) 100vw, 1617px\" \/>\n                            <a href=\"https:\/\/ltg-academy.ch\/product\/individual-classes\/\">\n            \n            <div class=\"mkdf-imt-overlay\">\n                <div class=\"mkdf-imt-icon-holder\">\n                                    <\/div>\n            <\/div>\n\n                            <\/a>\n                    <\/div>\n    \n\n    <div class=\"mkdf-content-holder\">\n        <h4 class=\"mkdf-image-with-text-title\">\n            ANF\u00c4NGER        <\/h4>\n                    <p class=\"mkdf-image-with-text\">Wenn Sie noch nie Franz\u00f6sisch gelernt haben, sind diese Kurse genau das Richtige f\u00fcr Sie. Egal, ob Sie vor einem Urlaub eine Einf\u00fchrung in die Sprache suchen oder intensiv lernen wollen, wir haben eine Reihe von Anf\u00e4ngerkursen im Angebot.<\/p>\n        \n        <div class=\"mkdf-imt-link-holder\">\n\t        <a class=\"mkdf-arrow-link\" href=\"https:\/\/ltg-academy.ch\/product\/individual-classes\/\" target=\"_self\">\n\t            <span class=\"mkdf-al-icon\">\n\t\t\t\t\t<span class=\"icon-arrow-right-circle\"><\/span>\n\t\t\t\t<\/span>\n\t\t        <span class=\"mkdf-al-text\">View courses<\/span>\n\t        <\/a>\n        <\/div>\n    <\/div>\n<\/div>\n\n[\/vc_column][vc_column width=&#8220;1\/4&#8243;]<div class=\"mkdf-image-with-text-holder standard\">\n\n            <div class=\"mkdf-imt-image\">\n            <img loading=\"lazy\" decoding=\"async\" width=\"1619\" height=\"1080\" src=\"https:\/\/ltg-academy.ch\/wp-content\/uploads\/2020\/08\/AdobeStock_188382306-scaled.jpeg\" class=\"attachment-full size-full\" alt=\"Language for Business\" srcset=\"https:\/\/ltg-academy.ch\/wp-content\/uploads\/2020\/08\/AdobeStock_188382306-scaled.jpeg 1619w, https:\/\/ltg-academy.ch\/wp-content\/uploads\/2020\/08\/AdobeStock_188382306-scaled-600x400.jpeg 600w, https:\/\/ltg-academy.ch\/wp-content\/uploads\/2020\/08\/AdobeStock_188382306-300x200.jpeg 300w, https:\/\/ltg-academy.ch\/wp-content\/uploads\/2020\/08\/AdobeStock_188382306-1024x683.jpeg 1024w, https:\/\/ltg-academy.ch\/wp-content\/uploads\/2020\/08\/AdobeStock_188382306-768x513.jpeg 768w, https:\/\/ltg-academy.ch\/wp-content\/uploads\/2020\/08\/AdobeStock_188382306-1536x1025.jpeg 1536w\" sizes=\"auto, (max-width: 1619px) 100vw, 1619px\" \/>\n                            <a href=\"https:\/\/ltg-academy.ch\/product\/individual-classes\/\">\n            \n            <div class=\"mkdf-imt-overlay\">\n                <div class=\"mkdf-imt-icon-holder\">\n                                    <\/div>\n            <\/div>\n\n                            <\/a>\n                    <\/div>\n    \n\n    <div class=\"mkdf-content-holder\">\n        <h4 class=\"mkdf-image-with-text-title\">\n            ELEMENTARY        <\/h4>\n                    <p class=\"mkdf-image-with-text\">Wenn Sie \u00fcber Grundkenntnisse der franz\u00f6sischen Sprache verf\u00fcgen, sind Sie bereit f\u00fcr unsere Grundkurse, in denen Sie auf den Grundlagen aufbauen und ein solideres Verst\u00e4ndnis der Sprache erlangen.<\/p>\n        \n        <div class=\"mkdf-imt-link-holder\">\n\t        <a class=\"mkdf-arrow-link\" href=\"https:\/\/ltg-academy.ch\/product\/individual-classes\/\" target=\"_self\">\n\t            <span class=\"mkdf-al-icon\">\n\t\t\t\t\t<span class=\"icon-arrow-right-circle\"><\/span>\n\t\t\t\t<\/span>\n\t\t        <span class=\"mkdf-al-text\">View courses<\/span>\n\t        <\/a>\n        <\/div>\n    <\/div>\n<\/div>\n\n[\/vc_column][vc_column width=&#8220;1\/4&#8243;]<div class=\"mkdf-image-with-text-holder standard\">\n\n            <div class=\"mkdf-imt-image\">\n            <img loading=\"lazy\" decoding=\"async\" width=\"1578\" height=\"1080\" src=\"https:\/\/ltg-academy.ch\/wp-content\/uploads\/2020\/08\/AdobeStock_209619947-scaled.jpeg\" class=\"attachment-full size-full\" alt=\"Friendly joyful team is photographing themselves\" srcset=\"https:\/\/ltg-academy.ch\/wp-content\/uploads\/2020\/08\/AdobeStock_209619947-scaled.jpeg 1578w, https:\/\/ltg-academy.ch\/wp-content\/uploads\/2020\/08\/AdobeStock_209619947-scaled-600x411.jpeg 600w, https:\/\/ltg-academy.ch\/wp-content\/uploads\/2020\/08\/AdobeStock_209619947-300x205.jpeg 300w, https:\/\/ltg-academy.ch\/wp-content\/uploads\/2020\/08\/AdobeStock_209619947-1024x701.jpeg 1024w, https:\/\/ltg-academy.ch\/wp-content\/uploads\/2020\/08\/AdobeStock_209619947-768x526.jpeg 768w, https:\/\/ltg-academy.ch\/wp-content\/uploads\/2020\/08\/AdobeStock_209619947-1536x1051.jpeg 1536w\" sizes=\"auto, (max-width: 1578px) 100vw, 1578px\" \/>\n                            <a href=\"https:\/\/ltg-academy.ch\/product\/individual-classes\/\">\n            \n            <div class=\"mkdf-imt-overlay\">\n                <div class=\"mkdf-imt-icon-holder\">\n                                    <\/div>\n            <\/div>\n\n                            <\/a>\n                    <\/div>\n    \n\n    <div class=\"mkdf-content-holder\">\n        <h4 class=\"mkdf-image-with-text-title\">\n            VOR-MITTELSTUFE        <\/h4>\n                    <p class=\"mkdf-image-with-text\">Wenn Sie bereits \u00fcber ein solides Verst\u00e4ndnis des Grundwortschatzes und der Grammatik verf\u00fcgen und tiefer in die Sprache einsteigen m\u00f6chten, sind unsere Kurse f\u00fcr die Mittelstufe eine gro\u00dfartige Fortsetzung.<\/p>\n        \n        <div class=\"mkdf-imt-link-holder\">\n\t        <a class=\"mkdf-arrow-link\" href=\"https:\/\/ltg-academy.ch\/product\/individual-classes\/\" target=\"_self\">\n\t            <span class=\"mkdf-al-icon\">\n\t\t\t\t\t<span class=\"icon-arrow-right-circle\"><\/span>\n\t\t\t\t<\/span>\n\t\t        <span class=\"mkdf-al-text\">View courses<\/span>\n\t        <\/a>\n        <\/div>\n    <\/div>\n<\/div>\n\n[\/vc_column][vc_column width=&#8220;1\/4&#8243;]<div class=\"mkdf-image-with-text-holder standard\">\n\n            <div class=\"mkdf-imt-image\">\n            <img loading=\"lazy\" decoding=\"async\" width=\"1620\" height=\"1080\" src=\"https:\/\/ltg-academy.ch\/wp-content\/uploads\/2020\/08\/AdobeStock_223872340-scaled.jpeg\" class=\"attachment-full size-full\" alt=\"Good looking smiling man showing OK sign with two hands\" srcset=\"https:\/\/ltg-academy.ch\/wp-content\/uploads\/2020\/08\/AdobeStock_223872340-scaled.jpeg 1620w, https:\/\/ltg-academy.ch\/wp-content\/uploads\/2020\/08\/AdobeStock_223872340-scaled-600x400.jpeg 600w, https:\/\/ltg-academy.ch\/wp-content\/uploads\/2020\/08\/AdobeStock_223872340-300x200.jpeg 300w, https:\/\/ltg-academy.ch\/wp-content\/uploads\/2020\/08\/AdobeStock_223872340-1024x683.jpeg 1024w, https:\/\/ltg-academy.ch\/wp-content\/uploads\/2020\/08\/AdobeStock_223872340-768x512.jpeg 768w, https:\/\/ltg-academy.ch\/wp-content\/uploads\/2020\/08\/AdobeStock_223872340-1536x1024.jpeg 1536w\" sizes=\"auto, (max-width: 1620px) 100vw, 1620px\" \/>\n                            <a href=\"https:\/\/ltg-academy.ch\/product\/individual-classes\/\">\n            \n            <div class=\"mkdf-imt-overlay\">\n                <div class=\"mkdf-imt-icon-holder\">\n                                    <\/div>\n            <\/div>\n\n                            <\/a>\n                    <\/div>\n    \n\n    <div class=\"mkdf-content-holder\">\n        <h4 class=\"mkdf-image-with-text-title\">\n            INTERMEDIATE        <\/h4>\n                    <p class=\"mkdf-image-with-text\">Wenn Sie Ihre Franz\u00f6sischkenntnisse auf ein h\u00f6heres Niveau bringen m\u00f6chten, sind diese Kurse genau das Richtige f\u00fcr Sie. Bringen Sie Ihre Sprachkenntnisse auf die n\u00e4chste Stufe und arbeiten Sie an Ihrer Sprachgewandtheit und Ihrem Selbstvertrauen mit unseren Mittelstufenkursen.<\/p>\n        \n        <div class=\"mkdf-imt-link-holder\">\n\t        <a class=\"mkdf-arrow-link\" href=\"https:\/\/ltg-academy.ch\/product\/individual-classes\/\" target=\"_self\">\n\t            <span class=\"mkdf-al-icon\">\n\t\t\t\t\t<span class=\"icon-arrow-right-circle\"><\/span>\n\t\t\t\t<\/span>\n\t\t        <span class=\"mkdf-al-text\">View courses<\/span>\n\t        <\/a>\n        <\/div>\n    <\/div>\n<\/div>\n\n[\/vc_column][\/vc_row][vc_row][vc_column width=&#8220;1\/4&#8243;]<div class=\"mkdf-image-with-text-holder standard\">\n\n            <div class=\"mkdf-imt-image\">\n            <img loading=\"lazy\" decoding=\"async\" width=\"1620\" height=\"1080\" src=\"https:\/\/ltg-academy.ch\/wp-content\/uploads\/2020\/08\/AdobeStock_215965219-scaled.jpeg\" class=\"attachment-full size-full\" alt=\"Portrait of successful businesswoman holding digital tablet\" srcset=\"https:\/\/ltg-academy.ch\/wp-content\/uploads\/2020\/08\/AdobeStock_215965219-scaled.jpeg 1620w, https:\/\/ltg-academy.ch\/wp-content\/uploads\/2020\/08\/AdobeStock_215965219-scaled-600x400.jpeg 600w, https:\/\/ltg-academy.ch\/wp-content\/uploads\/2020\/08\/AdobeStock_215965219-300x200.jpeg 300w, https:\/\/ltg-academy.ch\/wp-content\/uploads\/2020\/08\/AdobeStock_215965219-1024x683.jpeg 1024w, https:\/\/ltg-academy.ch\/wp-content\/uploads\/2020\/08\/AdobeStock_215965219-768x512.jpeg 768w, https:\/\/ltg-academy.ch\/wp-content\/uploads\/2020\/08\/AdobeStock_215965219-1536x1024.jpeg 1536w\" sizes=\"auto, (max-width: 1620px) 100vw, 1620px\" \/>\n                            <a href=\"https:\/\/ltg-academy.ch\/product\/individual-classes\/\">\n            \n            <div class=\"mkdf-imt-overlay\">\n                <div class=\"mkdf-imt-icon-holder\">\n                                    <\/div>\n            <\/div>\n\n                            <\/a>\n                    <\/div>\n    \n\n    <div class=\"mkdf-content-holder\">\n        <h4 class=\"mkdf-image-with-text-title\">\n            ADVANCED        <\/h4>\n                    <p class=\"mkdf-image-with-text\">In unseren Franz\u00f6sischkursen f\u00fcr Fortgeschrittene k\u00f6nnen Sie Ihre Konversationsf\u00e4higkeiten, Ihr Sprachverst\u00e4ndnis und Ihr kulturelles Wissen verbessern.<\/p>\n        \n        <div class=\"mkdf-imt-link-holder\">\n\t        <a class=\"mkdf-arrow-link\" href=\"https:\/\/ltg-academy.ch\/product\/individual-classes\/\" target=\"_self\">\n\t            <span class=\"mkdf-al-icon\">\n\t\t\t\t\t<span class=\"icon-arrow-right-circle\"><\/span>\n\t\t\t\t<\/span>\n\t\t        <span class=\"mkdf-al-text\">View courses<\/span>\n\t        <\/a>\n        <\/div>\n    <\/div>\n<\/div>\n\n[\/vc_column][vc_column width=&#8220;1\/4&#8243;]<div class=\"mkdf-image-with-text-holder standard\">\n\n            <div class=\"mkdf-imt-image\">\n            <img loading=\"lazy\" decoding=\"async\" width=\"1620\" height=\"1080\" src=\"https:\/\/ltg-academy.ch\/wp-content\/uploads\/2020\/08\/AdobeStock_224315609-scaled.jpeg\" class=\"attachment-full size-full\" alt=\"Businesswoman with a lot of work to do meditating in office\" srcset=\"https:\/\/ltg-academy.ch\/wp-content\/uploads\/2020\/08\/AdobeStock_224315609-scaled.jpeg 1620w, https:\/\/ltg-academy.ch\/wp-content\/uploads\/2020\/08\/AdobeStock_224315609-scaled-600x400.jpeg 600w, https:\/\/ltg-academy.ch\/wp-content\/uploads\/2020\/08\/AdobeStock_224315609-300x200.jpeg 300w, https:\/\/ltg-academy.ch\/wp-content\/uploads\/2020\/08\/AdobeStock_224315609-1024x683.jpeg 1024w, https:\/\/ltg-academy.ch\/wp-content\/uploads\/2020\/08\/AdobeStock_224315609-768x512.jpeg 768w, https:\/\/ltg-academy.ch\/wp-content\/uploads\/2020\/08\/AdobeStock_224315609-1536x1024.jpeg 1536w\" sizes=\"auto, (max-width: 1620px) 100vw, 1620px\" \/>\n                            <a href=\"https:\/\/ltg-academy.ch\/product\/individual-classes\/\">\n            \n            <div class=\"mkdf-imt-overlay\">\n                <div class=\"mkdf-imt-icon-holder\">\n                                    <\/div>\n            <\/div>\n\n                            <\/a>\n                    <\/div>\n    \n\n    <div class=\"mkdf-content-holder\">\n        <h4 class=\"mkdf-image-with-text-title\">\n            ONE-TO-ONE        <\/h4>\n                    <p class=\"mkdf-image-with-text\">Einzelunterricht in Franz\u00f6sisch ist f\u00fcr Lernende gedacht, die individuelle Betreuung ben\u00f6tigen. Der Einzelunterricht konzentriert sich genau auf Ihre Lernbed\u00fcrfnisse und kann auf Ihre Verpflichtungen abgestimmt werden.<\/p>\n        \n        <div class=\"mkdf-imt-link-holder\">\n\t        <a class=\"mkdf-arrow-link\" href=\"https:\/\/ltg-academy.ch\/product\/individual-classes\/\" target=\"_self\">\n\t            <span class=\"mkdf-al-icon\">\n\t\t\t\t\t<span class=\"icon-arrow-right-circle\"><\/span>\n\t\t\t\t<\/span>\n\t\t        <span class=\"mkdf-al-text\">View courses<\/span>\n\t        <\/a>\n        <\/div>\n    <\/div>\n<\/div>\n\n[\/vc_column][vc_column width=&#8220;1\/4&#8243;]<div class=\"mkdf-image-with-text-holder standard\">\n\n            <div class=\"mkdf-imt-image\">\n            <img loading=\"lazy\" decoding=\"async\" width=\"1620\" height=\"1080\" src=\"https:\/\/ltg-academy.ch\/wp-content\/uploads\/2020\/08\/AdobeStock_243744786-scaled.jpeg\" class=\"attachment-full size-full\" alt=\"Happy young business woman having fun and holding red apple over her head in the office.\" srcset=\"https:\/\/ltg-academy.ch\/wp-content\/uploads\/2020\/08\/AdobeStock_243744786-scaled.jpeg 1620w, https:\/\/ltg-academy.ch\/wp-content\/uploads\/2020\/08\/AdobeStock_243744786-scaled-600x400.jpeg 600w, https:\/\/ltg-academy.ch\/wp-content\/uploads\/2020\/08\/AdobeStock_243744786-300x200.jpeg 300w, https:\/\/ltg-academy.ch\/wp-content\/uploads\/2020\/08\/AdobeStock_243744786-1024x683.jpeg 1024w, https:\/\/ltg-academy.ch\/wp-content\/uploads\/2020\/08\/AdobeStock_243744786-768x512.jpeg 768w, https:\/\/ltg-academy.ch\/wp-content\/uploads\/2020\/08\/AdobeStock_243744786-1536x1024.jpeg 1536w\" sizes=\"auto, (max-width: 1620px) 100vw, 1620px\" \/>\n                            <a href=\"https:\/\/ltg-academy.ch\/product\/group-classes\/\">\n            \n            <div class=\"mkdf-imt-overlay\">\n                <div class=\"mkdf-imt-icon-holder\">\n                                    <\/div>\n            <\/div>\n\n                            <\/a>\n                    <\/div>\n    \n\n    <div class=\"mkdf-content-holder\">\n        <h4 class=\"mkdf-image-with-text-title\">\n            GESCHLOSSENE GRUPPE        <\/h4>\n                    <p class=\"mkdf-image-with-text\">Unsere geschlossenen Gruppenkurse sind f\u00fcr Gruppen eines bestimmten Niveaus gedacht, die gemeinsam privat lernen m\u00f6chten, seien es Freunde, Familienangeh\u00f6rige oder ehemalige Klassenkameraden, die gemeinsam Fortschritte machen m\u00f6chten.<\/p>\n        \n        <div class=\"mkdf-imt-link-holder\">\n\t        <a class=\"mkdf-arrow-link\" href=\"https:\/\/ltg-academy.ch\/product\/group-classes\/\" target=\"_self\">\n\t            <span class=\"mkdf-al-icon\">\n\t\t\t\t\t<span class=\"icon-arrow-right-circle\"><\/span>\n\t\t\t\t<\/span>\n\t\t        <span class=\"mkdf-al-text\">View courses<\/span>\n\t        <\/a>\n        <\/div>\n    <\/div>\n<\/div>\n\n[\/vc_column][vc_column width=&#8220;1\/4&#8243;]<div class=\"mkdf-image-with-text-holder standard\">\n\n            <div class=\"mkdf-imt-image\">\n            <img loading=\"lazy\" decoding=\"async\" width=\"1620\" height=\"1080\" src=\"https:\/\/ltg-academy.ch\/wp-content\/uploads\/2020\/08\/AdobeStock_103180218-scaled.jpeg\" class=\"attachment-full size-full\" alt=\"Three business women in modern office celebrating good project results.\" srcset=\"https:\/\/ltg-academy.ch\/wp-content\/uploads\/2020\/08\/AdobeStock_103180218-scaled.jpeg 1620w, https:\/\/ltg-academy.ch\/wp-content\/uploads\/2020\/08\/AdobeStock_103180218-scaled-600x400.jpeg 600w, https:\/\/ltg-academy.ch\/wp-content\/uploads\/2020\/08\/AdobeStock_103180218-300x200.jpeg 300w, https:\/\/ltg-academy.ch\/wp-content\/uploads\/2020\/08\/AdobeStock_103180218-1024x683.jpeg 1024w, https:\/\/ltg-academy.ch\/wp-content\/uploads\/2020\/08\/AdobeStock_103180218-768x512.jpeg 768w, https:\/\/ltg-academy.ch\/wp-content\/uploads\/2020\/08\/AdobeStock_103180218-1536x1024.jpeg 1536w\" sizes=\"auto, (max-width: 1620px) 100vw, 1620px\" \/>\n                            <a href=\"https:\/\/ltg-academy.ch\/book-a-class\/\">\n            \n            <div class=\"mkdf-imt-overlay\">\n                <div class=\"mkdf-imt-icon-holder\">\n                                    <\/div>\n            <\/div>\n\n                            <\/a>\n                    <\/div>\n    \n\n    <div class=\"mkdf-content-holder\">\n        <h4 class=\"mkdf-image-with-text-title\">\n            IN-COMPANY        <\/h4>\n                    <p class=\"mkdf-image-with-text\">Unser Team kann ma\u00dfgeschneiderte Einzel- und Gruppensprachkurse f\u00fcr Unternehmen anbieten, die auf die spezifischen Bed\u00fcrfnisse von Unternehmen, Branchen, Zeitpl\u00e4nen und Budgets abgestimmt sind.<\/p>\n        \n        <div class=\"mkdf-imt-link-holder\">\n\t        <a class=\"mkdf-arrow-link\" href=\"https:\/\/ltg-academy.ch\/book-a-class\/\" target=\"_self\">\n\t            <span class=\"mkdf-al-icon\">\n\t\t\t\t\t<span class=\"icon-arrow-right-circle\"><\/span>\n\t\t\t\t<\/span>\n\t\t        <span class=\"mkdf-al-text\">View courses<\/span>\n\t        <\/a>\n        <\/div>\n    <\/div>\n<\/div>\n\n[\/vc_column][\/vc_row][vc_row content_width=&#8220;grid&#8220; content_aligment=&#8220;center&#8220;][vc_column][vc_empty_space height=&#8220;100&#8243;]<div class=\"mkdf-section-title-holder\">\n\t<h2 class=\"mkdf-section-title mkdf-section-title-small\" >Integriertes Trainingssystem<\/h2>\n<\/div><div class=\"mkdf-separator-holder clearfix  mkdf-separator-center\">\n\t<div class=\"mkdf-separator\" style=\"border-color: #dd3333;width: 33px;border-bottom-width: 3px;margin-top: 13px;margin-bottom: 20px\"><\/div>\n<\/div>\n[vc_column_text]Im virtuellen Unterricht und\/oder im pers\u00f6nlichen Gespr\u00e4ch findet der LTG-Lernende auf jedem didaktischen Medium (E-Book, Audio, E-Learning usw.) die gleichen Themen, das gleiche Vokabular, die gleichen Elemente der angewandten Grammatik und die typischen Ausdr\u00fccke in seinem Programm.[\/vc_column_text][vc_empty_space height=&#8220;120&#8243;][vc_single_image image=&#8220;4622&#8243; img_size=&#8220;full&#8220; alignment=&#8220;center&#8220; css_animation=&#8220;fadeInLeft&#8220;][vc_empty_space height=&#8220;150&#8243;][\/vc_column][\/vc_row][vc_row content_aligment=&#8220;center&#8220;][vc_column]<div class=\"mkdf-section-title-holder\">\n\t<h2 class=\"mkdf-section-title mkdf-section-title-small\" >Vorteile unseres Franz\u00f6sischunterrichts in der Schweiz &amp; Online<\/h2>\n<\/div><div class=\"mkdf-separator-holder clearfix  mkdf-separator-center\">\n\t<div class=\"mkdf-separator\" style=\"border-color: #dd3333;width: 33px;border-bottom-width: 3px;margin-top: 13px;margin-bottom: 20px\"><\/div>\n<\/div>\n[vc_empty_space height=&#8220;60&#8243;][\/vc_column][\/vc_row][vc_row content_width=&#8220;grid&#8220; el_class=&#8220;text-length-extended&#8220;][vc_column width=&#8220;1\/3&#8243;]<div class=\"mkdf-image-with-text-holder box\">\n\n            <div class=\"mkdf-imt-image\">\n\t            \n                <div class=\"mkdf-imt-overlay\">\n\t                                <\/div>\n\n\t                        <img loading=\"lazy\" decoding=\"async\" width=\"1620\" height=\"1080\" src=\"https:\/\/ltg-academy.ch\/wp-content\/uploads\/2020\/08\/AdobeStock_224315609-scaled.jpeg\" class=\"attachment-full size-full\" alt=\"Businesswoman with a lot of work to do meditating in office\" srcset=\"https:\/\/ltg-academy.ch\/wp-content\/uploads\/2020\/08\/AdobeStock_224315609-scaled.jpeg 1620w, https:\/\/ltg-academy.ch\/wp-content\/uploads\/2020\/08\/AdobeStock_224315609-scaled-600x400.jpeg 600w, https:\/\/ltg-academy.ch\/wp-content\/uploads\/2020\/08\/AdobeStock_224315609-300x200.jpeg 300w, https:\/\/ltg-academy.ch\/wp-content\/uploads\/2020\/08\/AdobeStock_224315609-1024x683.jpeg 1024w, https:\/\/ltg-academy.ch\/wp-content\/uploads\/2020\/08\/AdobeStock_224315609-768x512.jpeg 768w, https:\/\/ltg-academy.ch\/wp-content\/uploads\/2020\/08\/AdobeStock_224315609-1536x1024.jpeg 1536w\" sizes=\"auto, (max-width: 1620px) 100vw, 1620px\" \/>        <\/div>\n    \n    <div class=\"mkdf-content-holder\">\n        <h4 class=\"mkdf-image-with-text-title\">\n            Kleine Online-Gruppenunterrichtsstunden        <\/h4>\n                    <p class=\"mkdf-image-with-text\">Wir sind die einzige Schule, die ihre Gruppenkurse (auch auf Zoom) auf maximal 6 Teilnehmer begrenzt. Wir m\u00f6chten sicherstellen, dass jeder Sch\u00fcler das richtige Ma\u00df an individueller Aufmerksamkeit erh\u00e4lt, um den Lernprozess in seinem eigenen Tempo zu bew\u00e4ltigen. Unsere erschwinglichen Online-Franz\u00f6sischkurse werden von muttersprachlichen Fachlehrern geleitet, die daf\u00fcr sorgen, dass Ihr Unterricht Spa\u00df macht und effizient ist. Schauen Sie sich unsere Franz\u00f6sisch-Studienr\u00e4ume an und w\u00e4hlen Sie, was Sie bezahlen m\u00f6chten!<\/p>\n        \n        <div class=\"mkdf-imt-link-holder\">\n                <\/div>\n    <\/div>\n<\/div>\n\n[\/vc_column][vc_column width=&#8220;1\/3&#8243;]<div class=\"mkdf-image-with-text-holder box\">\n\n            <div class=\"mkdf-imt-image\">\n\t            \n                <div class=\"mkdf-imt-overlay\">\n\t                                <\/div>\n\n\t                        <img loading=\"lazy\" decoding=\"async\" width=\"1620\" height=\"1080\" src=\"https:\/\/ltg-academy.ch\/wp-content\/uploads\/2020\/08\/AdobeStock_230407433-scaled.jpeg\" class=\"attachment-full size-full\" alt=\"Happy young business woman posing isolated over grey wall background.\" srcset=\"https:\/\/ltg-academy.ch\/wp-content\/uploads\/2020\/08\/AdobeStock_230407433-scaled.jpeg 1620w, https:\/\/ltg-academy.ch\/wp-content\/uploads\/2020\/08\/AdobeStock_230407433-scaled-600x400.jpeg 600w, https:\/\/ltg-academy.ch\/wp-content\/uploads\/2020\/08\/AdobeStock_230407433-300x200.jpeg 300w, https:\/\/ltg-academy.ch\/wp-content\/uploads\/2020\/08\/AdobeStock_230407433-1024x683.jpeg 1024w, https:\/\/ltg-academy.ch\/wp-content\/uploads\/2020\/08\/AdobeStock_230407433-768x512.jpeg 768w, https:\/\/ltg-academy.ch\/wp-content\/uploads\/2020\/08\/AdobeStock_230407433-1536x1024.jpeg 1536w\" sizes=\"auto, (max-width: 1620px) 100vw, 1620px\" \/>        <\/div>\n    \n    <div class=\"mkdf-content-holder\">\n        <h4 class=\"mkdf-image-with-text-title\">\n            Personalisierter Ansatz und neueste Technologie        <\/h4>\n                    <p class=\"mkdf-image-with-text\">Wir nehmen uns Zeit, um unsere Sch\u00fcler kennenzulernen, und stellen sicher, dass wir Ihnen einen ma\u00dfgeschneiderten Ansatz bieten, um Ihr Franz\u00f6sisch zu verbessern, unabh\u00e4ngig von Ihrem Niveau. Machen Sie unseren Franz\u00f6sisch-Einstufungstest, um Ihr Niveau zu ermitteln! Der Unterricht basiert auf dem europ\u00e4ischen Modell (CEFR), deckt alle Sprachniveaus ab und wird mit der neuesten Online-Lerntechnologie unterrichtet, die es Ihnen erm\u00f6glicht, Ihr Franz\u00f6sisch zwischen den Kursen durch Online-Videos und Apps zu verbessern.<\/p>\n        \n        <div class=\"mkdf-imt-link-holder\">\n                <\/div>\n    <\/div>\n<\/div>\n\n[\/vc_column][vc_column width=&#8220;1\/3&#8243;]<div class=\"mkdf-image-with-text-holder box\">\n\n            <div class=\"mkdf-imt-image\">\n\t            \n                <div class=\"mkdf-imt-overlay\">\n\t                                <\/div>\n\n\t                        <img loading=\"lazy\" decoding=\"async\" width=\"1620\" height=\"1080\" src=\"https:\/\/ltg-academy.ch\/wp-content\/uploads\/2020\/08\/AdobeStock_215510203-scaled.jpeg\" class=\"attachment-full size-full\" alt=\"image of tangram puzzle blocks with people icons over wooden table ,human resources and management concept.\" srcset=\"https:\/\/ltg-academy.ch\/wp-content\/uploads\/2020\/08\/AdobeStock_215510203-scaled.jpeg 1620w, https:\/\/ltg-academy.ch\/wp-content\/uploads\/2020\/08\/AdobeStock_215510203-scaled-600x400.jpeg 600w, https:\/\/ltg-academy.ch\/wp-content\/uploads\/2020\/08\/AdobeStock_215510203-300x200.jpeg 300w, https:\/\/ltg-academy.ch\/wp-content\/uploads\/2020\/08\/AdobeStock_215510203-1024x683.jpeg 1024w, https:\/\/ltg-academy.ch\/wp-content\/uploads\/2020\/08\/AdobeStock_215510203-768x512.jpeg 768w, https:\/\/ltg-academy.ch\/wp-content\/uploads\/2020\/08\/AdobeStock_215510203-1536x1024.jpeg 1536w\" sizes=\"auto, (max-width: 1620px) 100vw, 1620px\" \/>        <\/div>\n    \n    <div class=\"mkdf-content-holder\">\n        <h4 class=\"mkdf-image-with-text-title\">\n            Beitritt zu einer franz\u00f6sischsprachigen Gemeinschaft        <\/h4>\n                    <p class=\"mkdf-image-with-text\">Wir sind integrativ und m\u00f6chten Sie mit der franz\u00f6sischsprachigen Gemeinschaft in Ihrer N\u00e4he in Kontakt bringen. Wir bieten Franz\u00f6sisch-Workshops online an, um Ihnen zu helfen, Ihr Franz\u00f6sisch au\u00dferhalb der Klassenzimmer mit einem Lehrer und mit anderen Frankophilen da drau\u00dfen zu \u00fcben. Nehmen Sie jede Woche an unseren Instagram Live-Workshops mit verschiedenen Partnern in der Stadt oder mit Ihrem talentierten Lehrer teil.<\/p>\n        \n        <div class=\"mkdf-imt-link-holder\">\n                <\/div>\n    <\/div>\n<\/div>\n\n[\/vc_column][\/vc_row][vc_row][vc_column][vc_empty_space height=&#8220;70&#8243;][\/vc_column][\/vc_row][vc_row row_type=&#8220;parallax&#8220; content_width=&#8220;grid&#8220; content_aligment=&#8220;center&#8220; full_screen_section_height=&#8220;no&#8220; parallax_background_image=&#8220;337&#8243; el_id=&#8220;Kontakt-uns&#8220;][vc_column width=&#8220;1\/6&#8243;][\/vc_column][vc_column width=&#8220;2\/3&#8243;][vc_empty_space height=&#8220;70&#8243;]<div class=\"mkdf-section-title-holder\">\n\t<h2 class=\"mkdf-section-title mkdf-section-title-small\" style=\"color: #ffffff\">Kontaktiere uns<\/h2>\n<\/div><div class=\"mkdf-separator-holder clearfix  mkdf-separator-center\">\n\t<div class=\"mkdf-separator\" style=\"border-color: #dd3333;width: 33px;border-bottom-width: 3px;margin-top: 13px;margin-bottom: 20px\"><\/div>\n<\/div>\n\n<div class=\"wpcf7 no-js\" id=\"wpcf7-f3533-o1\" lang=\"en-US\" dir=\"ltr\" data-wpcf7-id=\"3533\">\n<div class=\"screen-reader-response\"><p role=\"status\" aria-live=\"polite\" aria-atomic=\"true\"><\/p> <ul><\/ul><\/div>\n<form action=\"\/de\/wp-json\/wp\/v2\/pages\/7223#wpcf7-f3533-o1\" method=\"post\" class=\"wpcf7-form init cf7_custom_style_1\" aria-label=\"Contact form\" novalidate=\"novalidate\" data-status=\"init\">\n<fieldset class=\"hidden-fields-container\"><input type=\"hidden\" name=\"_wpcf7\" value=\"3533\" \/><input type=\"hidden\" name=\"_wpcf7_version\" value=\"6.1.3\" \/><input type=\"hidden\" name=\"_wpcf7_locale\" value=\"en_US\" \/><input type=\"hidden\" name=\"_wpcf7_unit_tag\" value=\"wpcf7-f3533-o1\" \/><input type=\"hidden\" name=\"_wpcf7_container_post\" value=\"0\" \/><input type=\"hidden\" name=\"_wpcf7_posted_data_hash\" value=\"\" \/><input type=\"hidden\" name=\"_wpcf7_recaptcha_response\" value=\"\" \/>\n<\/fieldset>\n<p><label> Title <span class=\"redasterix\">*<\/span><\/label><br \/>\n<label> <span class=\"wpcf7-form-control-wrap\" data-name=\"title\"><select class=\"wpcf7-form-control wpcf7-select wpcf7-validates-as-required\" aria-required=\"true\" aria-invalid=\"false\" name=\"title\"><option value=\"Mrs.\">Mrs.<\/option><option value=\"Mr.\">Mr.<\/option><\/select><\/span><\/label>\n<\/p>\n<p><label> Full name <span class=\"redasterix\">*<\/span> <\/label>\n<\/p>\n<div class=\"one-half\">\n\t<p><label> <span class=\"wpcf7-form-control-wrap\" data-name=\"first-name\"><input size=\"40\" maxlength=\"400\" class=\"wpcf7-form-control wpcf7-text wpcf7-validates-as-required\" aria-required=\"true\" aria-invalid=\"false\" placeholder=\"First name\" value=\"\" type=\"text\" name=\"first-name\" \/><\/span><\/label>\n\t<\/p>\n<\/div>\n<div class=\"one-half last\">\n\t<p><label> <span class=\"wpcf7-form-control-wrap\" data-name=\"last-name\"><input size=\"40\" maxlength=\"400\" class=\"wpcf7-form-control wpcf7-text wpcf7-validates-as-required\" aria-required=\"true\" aria-invalid=\"false\" placeholder=\"Last name\" value=\"\" type=\"text\" name=\"last-name\" \/><\/span><\/label>\n\t<\/p>\n<\/div>\n<p><label>Email <span class=\"redasterix\">*<\/span><\/label><br \/>\n<label> <span class=\"wpcf7-form-control-wrap\" data-name=\"email\"><input size=\"40\" maxlength=\"400\" class=\"wpcf7-form-control wpcf7-email wpcf7-validates-as-required wpcf7-text wpcf7-validates-as-email\" aria-required=\"true\" aria-invalid=\"false\" value=\"\" type=\"email\" name=\"email\" \/><\/span><\/label>\n<\/p>\n<p><label>Center closest to you <span class=\"redasterix\">*<\/span><\/label>\n<\/p>\n<p><span class=\"wpcf7-form-control-wrap\" data-name=\"radio-buttons\"><span class=\"wpcf7-form-control wpcf7-radio\"><span class=\"wpcf7-list-item first\"><input type=\"radio\" name=\"radio-buttons\" value=\"Geneva\" checked=\"checked\" \/><span class=\"wpcf7-list-item-label\">Geneva<\/span><\/span><span class=\"wpcf7-list-item\"><input type=\"radio\" name=\"radio-buttons\" value=\"Nyon\" \/><span class=\"wpcf7-list-item-label\">Nyon<\/span><\/span><span class=\"wpcf7-list-item\"><input type=\"radio\" name=\"radio-buttons\" value=\"Lausanne\" \/><span class=\"wpcf7-list-item-label\">Lausanne<\/span><\/span><span class=\"wpcf7-list-item\"><input type=\"radio\" name=\"radio-buttons\" value=\"Basel\" \/><span class=\"wpcf7-list-item-label\">Basel<\/span><\/span><span class=\"wpcf7-list-item\"><input type=\"radio\" name=\"radio-buttons\" value=\"Zurich\" \/><span class=\"wpcf7-list-item-label\">Zurich<\/span><\/span><span class=\"wpcf7-list-item last\"><input type=\"radio\" name=\"radio-buttons\" value=\"Bern\" \/><span class=\"wpcf7-list-item-label\">Bern<\/span><\/span><\/span><\/span>\n<\/p>\n<p><label> Business <\/label><br \/>\n<label> <span class=\"wpcf7-form-control-wrap\" data-name=\"your-subject\"><input size=\"40\" maxlength=\"400\" class=\"wpcf7-form-control wpcf7-text\" aria-invalid=\"false\" value=\"\" type=\"text\" name=\"your-subject\" \/><\/span> <\/label>\n<\/p>\n<p><label> Phone <\/label><br \/>\n<label><span class=\"wpcf7-form-control-wrap\" data-name=\"phone\"><input size=\"40\" maxlength=\"400\" class=\"wpcf7-form-control wpcf7-tel wpcf7-text wpcf7-validates-as-tel\" aria-invalid=\"false\" value=\"\" type=\"tel\" name=\"phone\" \/><\/span> <\/label>\n<\/p>\n<p><label> Message <span class=\"redasterix\">*<\/span> <\/label><br \/>\n<label><span class=\"wpcf7-form-control-wrap\" data-name=\"message\"><textarea cols=\"40\" rows=\"10\" maxlength=\"2000\" class=\"wpcf7-form-control wpcf7-textarea wpcf7-validates-as-required\" aria-required=\"true\" aria-invalid=\"false\" name=\"message\"><\/textarea><\/span> <\/label>\n<\/p>\n<p><input class=\"wpcf7-form-control wpcf7-submit has-spinner\" type=\"submit\" value=\"Send\" \/>\n<\/p><div class=\"wpcf7-response-output\" aria-hidden=\"true\"><\/div>\n<\/form>\n<\/div>\n[vc_empty_space height=&#8220;70&#8243;][\/vc_column][vc_column width=&#8220;1\/6&#8243;][\/vc_column][\/vc_row]<\/p>\n<\/div>","protected":false},"excerpt":{"rendered":"<p>[vc_row content_width=&#8220;grid&#8220; css=&#8220;.vc_custom_1449061465992{background-color: #ffffff !important;}&#8220;][vc_column][vc_row_inner content_aligment=&#8220;center&#8220;][vc_column_inner][vc_empty_space height=&#8220;100&#8243;][vc_empty_space height=&#8220;60&#8243;][vc_column_text] Dieser Franz\u00f6sischkurs in Genf zielt darauf ab, die kommunikativen F\u00e4higkeiten der Lernenden sowohl m\u00fcndlich als auch schriftlich zu verbessern. Der handlungsorientierte Ansatz des Kurses erm\u00f6glicht es jedem Teilnehmer, seine sprachlichen Kenntnisse zu vertiefen und sie im Rahmen&#8230;<\/p>\n","protected":false},"author":1,"featured_media":0,"parent":0,"menu_order":0,"comment_status":"closed","ping_status":"closed","template":"full-width.php","meta":{"_price":"","_stock":"","_tribe_ticket_header":"","_tribe_default_ticket_provider":"","_tribe_ticket_capacity":"0","_ticket_start_date":"","_ticket_end_date":"","_tribe_ticket_show_description":"","_tribe_ticket_show_not_going":false,"_tribe_ticket_use_global_stock":"","_tribe_ticket_global_stock_level":"","_global_stock_mode":"","_global_stock_cap":"","_tribe_rsvp_for_event":"","_tribe_ticket_going_count":"","_tribe_ticket_not_going_count":"","_tribe_tickets_list":"[]","_tribe_ticket_has_attendee_info_fields":false,"footnotes":""},"class_list":["post-7223","page","type-page","status-publish","hentry"],"_links":{"self":[{"href":"https:\/\/ltg-academy.ch\/de\/wp-json\/wp\/v2\/pages\/7223","targetHints":{"allow":["GET"]}}],"collection":[{"href":"https:\/\/ltg-academy.ch\/de\/wp-json\/wp\/v2\/pages"}],"about":[{"href":"https:\/\/ltg-academy.ch\/de\/wp-json\/wp\/v2\/types\/page"}],"author":[{"embeddable":true,"href":"https:\/\/ltg-academy.ch\/de\/wp-json\/wp\/v2\/users\/1"}],"replies":[{"embeddable":true,"href":"https:\/\/ltg-academy.ch\/de\/wp-json\/wp\/v2\/comments?post=7223"}],"version-history":[{"count":0,"href":"https:\/\/ltg-academy.ch\/de\/wp-json\/wp\/v2\/pages\/7223\/revisions"}],"wp:attachment":[{"href":"https:\/\/ltg-academy.ch\/de\/wp-json\/wp\/v2\/media?parent=7223"}],"curies":[{"name":"wp","href":"https:\/\/api.w.org\/{rel}","templated":true}]}}