{"id":7639,"date":"2022-06-22T23:49:26","date_gmt":"2022-06-22T22:49:26","guid":{"rendered":"https:\/\/ltg-academy.ch\/product\/management-zertifikat-asfc\/"},"modified":"2022-07-22T10:02:30","modified_gmt":"2022-07-22T09:02:30","slug":"zertifikat-en-management-asfc","status":"publish","type":"product","link":"https:\/\/ltg-academy.ch\/de\/produkt\/zertifikat-en-management-asfc\/","title":{"rendered":"ASFC-Management-Zertifikat"},"content":{"rendered":"<div class=\"wpb-content-wrapper\"><p>[vc_row][vc_column][vc_column_text]<strong>ASFC-Management-Zertifikat &#8211; 50% R\u00fcckerstattung durch den Bund<\/strong><\/p>\n<div class=\"mkdf-separator-holder clearfix  mkdf-separator-center mkdf-separator-transparent\">\n\t<div class=\"mkdf-separator\" ><\/div>\n<\/div>\n\n<p><span style=\"color: #000000;\">Modulare Ausbildung in franz\u00f6sischer Sprache<\/span><\/p>\n<div class=\"mkdf-separator-holder clearfix  mkdf-separator-center mkdf-separator-transparent\">\n\t<div class=\"mkdf-separator\" ><\/div>\n<\/div>\n\n<div class=\"_3q1tn\" data-hook=\"title-container\">\n<h3 data-hook=\"title\"><span style=\"color: #ff0000;\">Online buchen<\/span><\/h3>\n<div class=\"mkdf-separator-holder clearfix  mkdf-separator-center mkdf-separator-transparent\">\n\t<div class=\"mkdf-separator\" ><\/div>\n<\/div>\n\n<\/div>\n<div>\n<div class=\"ikI9Q\" data-hook=\"data\">\n<div class=\"_1eQE1\" data-hook=\"name\"><span style=\"color: #000000;\">HR-Ausbildung &#8211; zertifizierte Ausbildung<\/span> <a href=\"https:\/\/alice.ch\/en\/services\/eduqua\/\"><br \/>\n  <span style=\"color: #ff0000;\">EduQua <\/span><br \/>\n<\/a> <\/div>\n<div data-hook=\"name\"><div class=\"mkdf-separator-holder clearfix  mkdf-separator-center mkdf-separator-transparent\">\n\t<div class=\"mkdf-separator\" ><\/div>\n<\/div>\n<\/div>\n<div data-hook=\"name\"><\/div>\n<div class=\"_2u1Io lddYb \" data-hook=\"root\">\n<div class=\"_1NIFQ\" data-hook=\"first-quantity\"><strong>CHF 5&#8217;950.-<\/strong><\/div>\n<div data-hook=\"first-quantity\"><div class=\"mkdf-separator-holder clearfix  mkdf-separator-center mkdf-separator-transparent\">\n\t<div class=\"mkdf-separator\" ><\/div>\n<\/div>\n<\/div>\n<div data-hook=\"first-quantity\">\n<hr>\n<\/div>\n<div data-hook=\"first-quantity\"><\/div>\n<\/div>\n<\/div>\n<div data-hook=\"first-quantity\">\n<div data-hook=\"dates-range\"><div class=\"mkdf-separator-holder clearfix  mkdf-separator-center mkdf-separator-transparent\">\n\t<div class=\"mkdf-separator\" ><\/div>\n<\/div>\n<\/div>\n<div data-hook=\"dates-range\"><span style=\"color: #000000;\">Diese Schulung findet einmal im Jahr oder auf Anfrage f\u00fcr Gruppen statt.<\/span><\/div>\n<div data-hook=\"dates-range\"><\/div>\n<div data-hook=\"dates-range\"><span style=\"color: #000000;\"><div class=\"mkdf-separator-holder clearfix  mkdf-separator-center mkdf-separator-transparent\">\n\t<div class=\"mkdf-separator\" ><\/div>\n<\/div>\n<\/span><\/div>\n<div data-hook=\"dates-range\"><strong><span style=\"color: #000000;\">Nach bestandener Pr\u00fcfung erhalten Sie das ASFC-Management-Zertifikat &#8211; anerkannt von der Schweizerischen Eidgenossenschaft.<\/span><\/strong><\/div>\n<div data-hook=\"dates-range\">\n<div data-hook=\"first-quantity\"><div class=\"mkdf-separator-holder clearfix  mkdf-separator-center mkdf-separator-transparent\">\n\t<div class=\"mkdf-separator\" ><\/div>\n<\/div>\n<\/div>\n<div data-hook=\"first-quantity\"><\/div>\n<\/div>\n<div data-hook=\"course-frequency-title\"><span style=\"color: #000000;\">Eine Ausbildung, die es Ihnen erm\u00f6glicht, Ihre F\u00fchrungsqualit\u00e4ten zu entwickeln und Ihnen die Schl\u00fcssel zum Erfolg in diesem Bereich zu vermitteln.<\/span><\/div>\n<div data-hook=\"course-frequency-title\">\n<div data-hook=\"first-quantity\"><div class=\"mkdf-separator-holder clearfix  mkdf-separator-center mkdf-separator-transparent\">\n\t<div class=\"mkdf-separator\" ><\/div>\n<\/div>\n<\/div>\n<div data-hook=\"first-quantity\"><\/div>\n<\/div>\n<div data-hook=\"course-frequency-title\"><strong><span style=\"color: #000000;\">Zielpublikum:<\/span><\/strong><\/div>\n<div data-hook=\"course-frequency-title\"><div class=\"mkdf-separator-holder clearfix  mkdf-separator-center mkdf-separator-transparent\">\n\t<div class=\"mkdf-separator\" ><\/div>\n<\/div>\n<\/div>\n<\/div>\n<div data-hook=\"course-frequency-title\">Alle Personen, die als Manager in den verschiedenen T\u00e4tigkeitsbereichen arbeiten oder arbeiten wollen und\/oder sich vertiefte Kenntnisse im Management aneignen.<\/div>\n<div data-hook=\"first-quantity\">\n<div data-hook=\"course-frequency-title\">\n<div data-hook=\"first-quantity\"><div class=\"mkdf-separator-holder clearfix  mkdf-separator-center mkdf-separator-transparent\">\n\t<div class=\"mkdf-separator\" ><\/div>\n<\/div>\n<\/div>\n<div data-hook=\"first-quantity\"><\/div>\n<div data-hook=\"first-quantity\"><strong><span style=\"color: #000000;\">Ziele der Ausbildung:<\/span><\/strong><\/div>\n<\/div>\n<div data-hook=\"first-quantity\"><div class=\"mkdf-separator-holder clearfix  mkdf-separator-center mkdf-separator-transparent\">\n\t<div class=\"mkdf-separator\" ><\/div>\n<\/div>\n<\/div>\n<\/div>\n<\/div>\n<p><strong>Allgemeine Verwaltung:<\/strong><\/p>\n<div class=\"mkdf-separator-holder clearfix  mkdf-separator-center mkdf-separator-transparent\">\n\t<div class=\"mkdf-separator\" ><\/div>\n<\/div>\n\n<ul>\n<li>Unternehmensf\u00fchrung<\/li>\n<li>Wirtschaft<\/li>\n<li>Buchhaltung und Finanzen<\/li>\n<li>Projektleitung<\/li>\n<li>Prozessmanagement<\/li>\n<li>KPIs<\/li>\n<li>Marketing und Angebote<\/li>\n<\/ul>\n<div class=\"mkdf-separator-holder clearfix  mkdf-separator-center mkdf-separator-transparent\">\n\t<div class=\"mkdf-separator\" ><\/div>\n<\/div>\n\n<p>&nbsp;<\/p>\n<p><strong>Recht und Humanressourcen:<\/strong><\/p>\n<div class=\"mkdf-separator-holder clearfix  mkdf-separator-center mkdf-separator-transparent\">\n\t<div class=\"mkdf-separator\" ><\/div>\n<\/div>\n\n<ul>\n<li>Gesellschaftsrecht<\/li>\n<li>Das Recht auf Arbeit<\/li>\n<li>Gesundheit und Sicherheit am Arbeitsplatz<\/li>\n<li>HR-Management<\/li>\n<\/ul>\n<div data-hook=\"first-quantity\"><div class=\"mkdf-separator-holder clearfix  mkdf-separator-center mkdf-separator-transparent\">\n\t<div class=\"mkdf-separator\" ><\/div>\n<\/div>\n<\/div>\n<div data-hook=\"first-quantity\"><strong>\u00c4nderungsmanagement :<\/strong><\/div>\n<div data-hook=\"first-quantity\"><\/div>\n<ul>\n<li data-hook=\"first-quantity\">Die Kultur des Wandels<\/li>\n<li data-hook=\"first-quantity\">Die Kultur des Scheiterns<\/li>\n<li data-hook=\"first-quantity\">Management von Ver\u00e4nderungen<\/li>\n<li data-hook=\"first-quantity\">Die Haltung des Trainers<\/li>\n<li data-hook=\"first-quantity\">Der NLP-Ansatz f\u00fcr den Manager<div class=\"mkdf-separator-holder clearfix  mkdf-separator-center mkdf-separator-transparent\">\n\t<div class=\"mkdf-separator\" ><\/div>\n<\/div>\n<\/li>\n<\/ul>\n<p>&nbsp;<\/p>\n<div>\n<div data-hook=\"course-frequency-title\"><span style=\"color: #000000;\">Alle Materialien sind im Preis inbegriffen.<\/span><\/div>\n<div data-hook=\"course-frequency-title\"><div class=\"mkdf-separator-holder clearfix  mkdf-separator-center mkdf-separator-transparent\">\n\t<div class=\"mkdf-separator\" ><\/div>\n<\/div>\n<\/div>\n<\/div>\n<hr>\n<div class=\"mkdf-separator-holder clearfix  mkdf-separator-center mkdf-separator-transparent\">\n\t<div class=\"mkdf-separator\" ><\/div>\n<\/div>\n\n<p>Setzen Sie alle Ihre Erfolgschancen auf Ihre Seite!<\/p>\n<p>&nbsp;<\/p>\n<div class=\"mkdf-separator-holder clearfix  mkdf-separator-center mkdf-separator-transparent\">\n\t<div class=\"mkdf-separator\" ><\/div>\n<\/div>\n\n<p><strong>Startdatum: 11. Oktober 2022, in Lausanne<\/strong><\/p>\n<p>230 Perioden<\/p>\n<div class=\"mkdf-separator-holder clearfix  mkdf-separator-center mkdf-separator-transparent\">\n\t<div class=\"mkdf-separator\" ><\/div>\n<\/div>\n\n<p>Alle Kursinformationen werden per E-Mail verschickt.<\/p>\n<div class=\"mkdf-separator-holder clearfix  mkdf-separator-center mkdf-separator-transparent\">\n\t<div class=\"mkdf-separator\" ><\/div>\n<\/div>\n\n<p><strong style=\"color: #000000;\"><img loading=\"lazy\" decoding=\"async\" class=\"size-medium wp-image-5353 aligncenter\" src=\"https:\/\/ltg-academy.ch\/wp-content\/uploads\/2022\/04\/eduqua_logo_notxt_mit_Schutzraum_cmyk-300x134.jpeg\" alt=\"\" width=\"300\" height=\"134\" srcset=\"https:\/\/ltg-academy.ch\/wp-content\/uploads\/2022\/04\/eduqua_logo_notxt_mit_Schutzraum_cmyk-300x134.jpeg 300w, https:\/\/ltg-academy.ch\/wp-content\/uploads\/2022\/04\/eduqua_logo_notxt_mit_Schutzraum_cmyk-1024x456.jpeg 1024w, https:\/\/ltg-academy.ch\/wp-content\/uploads\/2022\/04\/eduqua_logo_notxt_mit_Schutzraum_cmyk-768x342.jpeg 768w, https:\/\/ltg-academy.ch\/wp-content\/uploads\/2022\/04\/eduqua_logo_notxt_mit_Schutzraum_cmyk-1536x684.jpeg 1536w, https:\/\/ltg-academy.ch\/wp-content\/uploads\/2022\/04\/eduqua_logo_notxt_mit_Schutzraum_cmyk-600x267.jpeg 600w, https:\/\/ltg-academy.ch\/wp-content\/uploads\/2022\/04\/eduqua_logo_notxt_mit_Schutzraum_cmyk.jpeg 1916w\" sizes=\"auto, (max-width: 300px) 100vw, 300px\" \/><\/strong><\/p>\n<h6>*Dieser Kurs kann nicht online bezahlt werden. Wenn Sie an diesem Kurs interessiert sind, wenden Sie sich an unsere Mitarbeiter, um mehr \u00fcber die Zahlungsmodalit\u00e4ten zu erfahren.<\/h6>\n<p><span style=\"color: #000000;\"><strong>Die LTG Academy bietet die beste Ausbildung zum besten Preis.<\/strong><\/span>[\/vc_column_text][\/vc_column][\/vc_row]<\/p>\n<\/div>","protected":false},"excerpt":{"rendered":"<p>[vc_row][vc_column][vc_column_text]ASFC-Management-Zertifikat &#8211; 50% R\u00fcckerstattung durch den Bund Modulare Ausbildung in franz\u00f6sischer Sprache Online buchen HR-Ausbildung &#8211; zertifizierte Ausbildung EduQua CHF 5&#8217;950.- Diese Schulung findet einmal im Jahr oder auf Anfrage f\u00fcr Gruppen statt. Nach bestandener Pr\u00fcfung erhalten Sie das ASFC-Management-Zertifikat &#8211; anerkannt von der Schweizerischen&#8230;<\/p>\n","protected":false},"featured_media":6980,"template":"","meta":{"_price":"5950","_stock":"","_tribe_ticket_header":"","_tribe_default_ticket_provider":"","_tribe_ticket_capacity":"0","_ticket_start_date":"","_ticket_end_date":"","_tribe_ticket_show_description":"","_tribe_ticket_show_not_going":false,"_tribe_ticket_use_global_stock":"","_tribe_ticket_global_stock_level":"","_global_stock_mode":"","_global_stock_cap":"","_tribe_rsvp_for_event":"","_tribe_ticket_going_count":"","_tribe_ticket_not_going_count":"","_tribe_tickets_list":"[]","_tribe_ticket_has_attendee_info_fields":false},"product_brand":[],"product_cat":[254],"product_tag":[],"class_list":{"0":"post-7639","1":"product","2":"type-product","3":"status-publish","4":"has-post-thumbnail","6":"product_cat-geschaft","8":"first","9":"instock","10":"shipping-taxable","11":"purchasable","12":"product-type-simple"},"_links":{"self":[{"href":"https:\/\/ltg-academy.ch\/de\/wp-json\/wp\/v2\/product\/7639","targetHints":{"allow":["GET"]}}],"collection":[{"href":"https:\/\/ltg-academy.ch\/de\/wp-json\/wp\/v2\/product"}],"about":[{"href":"https:\/\/ltg-academy.ch\/de\/wp-json\/wp\/v2\/types\/product"}],"wp:featuredmedia":[{"embeddable":true,"href":"https:\/\/ltg-academy.ch\/de\/wp-json\/wp\/v2\/media\/6980"}],"wp:attachment":[{"href":"https:\/\/ltg-academy.ch\/de\/wp-json\/wp\/v2\/media?parent=7639"}],"wp:term":[{"taxonomy":"product_brand","embeddable":true,"href":"https:\/\/ltg-academy.ch\/de\/wp-json\/wp\/v2\/product_brand?post=7639"},{"taxonomy":"product_cat","embeddable":true,"href":"https:\/\/ltg-academy.ch\/de\/wp-json\/wp\/v2\/product_cat?post=7639"},{"taxonomy":"product_tag","embeddable":true,"href":"https:\/\/ltg-academy.ch\/de\/wp-json\/wp\/v2\/product_tag?post=7639"}],"curies":[{"name":"wp","href":"https:\/\/api.w.org\/{rel}","templated":true}]}}