{"id":7742,"date":"2020-10-13T18:15:06","date_gmt":"2020-10-13T17:15:06","guid":{"rendered":"https:\/\/ltg-academy.ch\/product\/2-monats-a2-1-franzosischkurs\/"},"modified":"2020-10-13T18:15:06","modified_gmt":"2020-10-13T17:15:06","slug":"2-monatiger-a2-1-franzosisch-intensiv-kurs","status":"publish","type":"product","link":"https:\/\/ltg-academy.ch\/de\/produkt\/2-monatiger-a2-1-franzosisch-intensiv-kurs\/","title":{"rendered":"2-Monats-A2.1. Franz\u00f6sischkurs"},"content":{"rendered":"<p>Lernen Sie A2 Franz\u00f6sisch in nur 2 Monaten!<\/p>\n<p>Lernen Sie in einer professionellen und gem\u00fctlichen Umgebung in einer Gruppe von 4-7 Personen. Alle Materialien f\u00fcr den Kurs werden zur Verf\u00fcgung gestellt.<\/p>\n<div class=\"_3q1tn\" data-hook=\"title-container\">\n<h2 data-hook=\"title\">Online buchen<\/h2>\n<\/div>\n<div>\n<div class=\"ikI9Q\" data-hook=\"data\">\n<div class=\"_1eQE1\" data-hook=\"name\">2-Monats-A2.1. Franz\u00f6sisch-Intensivkurs<\/div>\n<div data-hook=\"name\"><\/div>\n<div class=\"_2u1Io lddYb \" data-hook=\"root\">\n<div class=\"_1NIFQ\" data-hook=\"first-quantity\">\n<div>\n<div class=\"ikI9Q\" data-hook=\"data\">\n<div class=\"_2u1Io lddYb \" data-hook=\"root\">\n<div class=\"_1NIFQ\" data-hook=\"first-quantity\">CHF 599.-<\/div>\n<div data-hook=\"first-quantity\">\n<hr>\n<\/div>\n<\/div>\n<div data-hook=\"first-quantity\">\n<div data-hook=\"dates-range\">Beginnt: Donnerstag, 27. Januar 2022<\/div>\n<div data-hook=\"dates-range\">Endet: Donnerstag, 17. M\u00e4rz 2022<\/div>\n<div data-hook=\"dates-range\">\n<hr>\n<\/div>\n<\/div>\n<\/div>\n<\/div>\n<div>\n<div data-hook=\"first-quantity\">\n<div data-hook=\"course-frequency-title\">Findet einmal pro Woche statt, insgesamt 8 Sitzungen<\/div>\n<\/div>\n<\/div>\n<div data-hook=\"course-frequency-title\"><\/div>\n<div data-hook=\"course-frequency-title\">Dienstags: 18:30 Uhr &#8211; 20:30 Uhr<\/div>\n<\/div>\n<\/div>\n<div data-hook=\"root\"><\/div>\n<\/div>\n<\/div>\n<div id=\"gtx-trans\" style=\"position: absolute; left: 265px; top: 307.812px;\">\n<div class=\"gtx-trans-icon\"><\/div>\n<\/div>\n","protected":false},"excerpt":{"rendered":"<p>Lernen Sie A2 Franz\u00f6sisch in nur 2 Monaten! Lernen Sie in einer professionellen und gem\u00fctlichen Umgebung in einer Gruppe von 4-7 Personen. Alle Materialien f\u00fcr den Kurs werden zur Verf\u00fcgung gestellt. Online buchen 2-Monats-A2.1. Franz\u00f6sisch-Intensivkurs CHF 599.- Beginnt: Donnerstag, 27. Januar 2022 Endet: Donnerstag, 17&#8230;.<\/p>\n","protected":false},"featured_media":6942,"template":"","meta":{"_price":"699","_stock":"","_tribe_ticket_header":"","_tribe_default_ticket_provider":"","_tribe_ticket_capacity":"0","_ticket_start_date":"","_ticket_end_date":"","_tribe_ticket_show_description":"","_tribe_ticket_show_not_going":false,"_tribe_ticket_use_global_stock":"","_tribe_ticket_global_stock_level":"","_global_stock_mode":"","_global_stock_cap":"","_tribe_rsvp_for_event":"","_tribe_ticket_going_count":"","_tribe_ticket_not_going_count":"","_tribe_tickets_list":"[]","_tribe_ticket_has_attendee_info_fields":false},"product_brand":[],"product_cat":[256],"product_tag":[],"class_list":{"0":"post-7742","1":"product","2":"type-product","3":"status-publish","4":"has-post-thumbnail","6":"product_cat-gruppenunterricht","8":"first","9":"instock","10":"virtual","11":"purchasable","12":"product-type-simple"},"_links":{"self":[{"href":"https:\/\/ltg-academy.ch\/de\/wp-json\/wp\/v2\/product\/7742","targetHints":{"allow":["GET"]}}],"collection":[{"href":"https:\/\/ltg-academy.ch\/de\/wp-json\/wp\/v2\/product"}],"about":[{"href":"https:\/\/ltg-academy.ch\/de\/wp-json\/wp\/v2\/types\/product"}],"wp:featuredmedia":[{"embeddable":true,"href":"https:\/\/ltg-academy.ch\/de\/wp-json\/wp\/v2\/media\/6942"}],"wp:attachment":[{"href":"https:\/\/ltg-academy.ch\/de\/wp-json\/wp\/v2\/media?parent=7742"}],"wp:term":[{"taxonomy":"product_brand","embeddable":true,"href":"https:\/\/ltg-academy.ch\/de\/wp-json\/wp\/v2\/product_brand?post=7742"},{"taxonomy":"product_cat","embeddable":true,"href":"https:\/\/ltg-academy.ch\/de\/wp-json\/wp\/v2\/product_cat?post=7742"},{"taxonomy":"product_tag","embeddable":true,"href":"https:\/\/ltg-academy.ch\/de\/wp-json\/wp\/v2\/product_tag?post=7742"}],"curies":[{"name":"wp","href":"https:\/\/api.w.org\/{rel}","templated":true}]}}