{"id":6468,"date":"2015-12-01T09:49:55","date_gmt":"2015-12-01T08:49:55","guid":{"rendered":"https:\/\/ltg-academy.ch\/a-propos-de-nous\/"},"modified":"2026-06-07T21:58:01","modified_gmt":"2026-06-07T20:58:01","slug":"a-propos-de-nous","status":"publish","type":"page","link":"https:\/\/ltg-academy.ch\/fr\/a-propos-de-nous\/","title":{"rendered":"\u00c0 propos de nous"},"content":{"rendered":"<div class=\"wpb-content-wrapper\"><p>[vc_row content_width=\u00a0\u00bbgrid\u00a0\u00bb content_aligment=\u00a0\u00bbcenter\u00a0\u00bb css=\u00a0\u00bb.vc_custom_1636321126302{background-color: #ffffff !important;}\u00a0\u00bb el_class=\u00a0\u00bbtitle-centered\u00a0\u00bb][vc_column][vc_empty_space height=\u00a0\u00bb100&Prime;]<div class=\"mkdf-section-title-holder\">\n\t<h2 class=\"mkdf-section-title mkdf-section-title-small\" >Who We Are<\/h2>\n<\/div><div class=\"mkdf-separator-holder clearfix  mkdf-separator-center\">\n\t<div class=\"mkdf-separator\" style=\"border-color: #dd3333;width: 33px;border-bottom-width: 3px;margin-top: 22px;margin-bottom: 60px\"><\/div>\n<\/div>\n[vc_empty_space height=\u00a0\u00bb60&Prime;][vc_column_text]<\/p>\n<h3 style=\"color: #dd3333;\">Immersion totale \u00e0 l&rsquo;int\u00e9rieur et \u00e0 l&rsquo;ext\u00e9rieur de la classe<\/h3>\n<p style=\"padding-bottom: 30px;\">LTG Academy est une entreprise orient\u00e9e B2B et B2C, qui fournit des services commerciaux et linguistiques aux particuliers et aux entreprises. Nous avons eu le plaisir de travailler avec des \u00e9tudiants et des collaborateurs du monde entier. Nous pensons que la meilleure fa\u00e7on d&rsquo;apprendre est de s&rsquo;immerger totalement et de travailler avec des experts dans leur domaine. Nous y parvenons en proposant un large \u00e9ventail de cours et en donnant acc\u00e8s \u00e0 des programmes linguistiques et commerciaux authentiques, qui sont toujours ax\u00e9s sur des objectifs et mesur\u00e9s.<\/p>\n<h3 style=\"color: #dd3333;\">Notre mission<\/h3>\n<p style=\"padding-bottom: 30px;\">\u00c0 LTG Academy, notre mission est de donner aux individus et aux organisations du monde entier les moyens d&rsquo;agir gr\u00e2ce \u00e0 une \u00e9ducation transformatrice. Nous nous engageons \u00e0 fournir des exp\u00e9riences d&rsquo;apprentissage innovantes et personnalis\u00e9es qui r\u00e9pondent aux besoins uniques de chaque apprenant. En exploitant les derni\u00e8res technologies \u00e9ducatives et approches p\u00e9dagogiques, nous visons \u00e0 doter nos \u00e9tudiants des comp\u00e9tences, des connaissances et de la confiance n\u00e9cessaires pour exceller dans leur vie personnelle et professionnelle. Notre engagement va au-del\u00e0 de l&rsquo;excellence acad\u00e9mique ; nous nous effor\u00e7ons de favoriser une communaut\u00e9 solidaire et inclusive qui encourage l&rsquo;apprentissage tout au long de la vie, les \u00e9changes culturels et l&rsquo;\u00e9panouissement personnel.   <\/p>\n<h3 style=\"color: #dd3333;\">Notre vision<\/h3>\n<p style=\"padding-bottom: 30px;\">Notre vision est d&rsquo;\u00eatre \u00e0 l&rsquo;avant-garde de l&rsquo;\u00e9ducation mondiale, en fa\u00e7onnant l&rsquo;avenir de l&rsquo;apprentissage avec des solutions de pointe qui comblent les lacunes, inspirent le changement et contribuent \u00e0 un monde mieux inform\u00e9, plus autonome et plus interconnect\u00e9. Nous imaginons un monde o\u00f9 l&rsquo;\u00e9ducation est accessible \u00e0 tous, o\u00f9 les obstacles \u00e0 l&rsquo;apprentissage sont d\u00e9mantel\u00e9s et o\u00f9 chacun a la possibilit\u00e9 de r\u00e9aliser son plein potentiel. Gr\u00e2ce \u00e0 sa gamme compl\u00e8te de cours, \u00e0 ses m\u00e9thodes d&rsquo;enseignement personnalis\u00e9es et \u00e0 son engagement en faveur de l&rsquo;excellence, LTG Academy continuera \u00e0 montrer l&rsquo;exemple, \u00e0 fixer de nouvelles normes en mati\u00e8re d&rsquo;\u00e9ducation et \u00e0 cr\u00e9er un impact durable pour les g\u00e9n\u00e9rations \u00e0 venir.  <\/p>\n<p>[\/vc_column_text][vc_empty_space height=\u00a0\u00bb70&Prime;]<a href=\"https:\/\/ltg-academy.ch\/wp-content\/uploads\/2021\/11\/LTG-Academy-the-CHART-et-les-principes-androgogiques-directeurs-1.pdf\" target=\"_self\"  class=\"mkdf-btn mkdf-btn-huge mkdf-btn-solid\"  >\n        <span class=\"mkdf-btn-text\">LTG Chart<\/span>\n<\/a>[\/vc_column][\/vc_row][vc_row content_width=\u00a0\u00bbgrid\u00a0\u00bb css=\u00a0\u00bb.vc_custom_1600184538789{background-color: #ffffff !important;}\u00a0\u00bb el_class=\u00a0\u00bbtitle-centered\u00a0\u00bb][vc_column][vc_empty_space height=\u00a0\u00bb100&Prime;][\/vc_column][\/vc_row][vc_row content_width=\u00a0\u00bbgrid\u00a0\u00bb content_aligment=\u00a0\u00bbcenter\u00a0\u00bb css=\u00a0\u00bb.vc_custom_1636314748537{padding-top: 60px !important;background-color: #f7f7f7 !important;}\u00a0\u00bb el_class=\u00a0\u00bbtitle-centered\u00a0\u00bb][vc_column]<div class=\"mkdf-section-title-holder\">\n\t<h2 class=\"mkdf-section-title mkdf-section-title-small\" >Quelques membres de notre \u00e9quipe<\/h2>\n<\/div><div class=\"mkdf-separator-holder clearfix  mkdf-separator-center\">\n\t<div class=\"mkdf-separator\" style=\"border-color: #dd3333;width: 33px;border-bottom-width: 3px;margin-top: 22px;margin-bottom: 60px\"><\/div>\n<\/div>\n[\/vc_column][\/vc_row][vc_row content_width=\u00a0\u00bbgrid\u00a0\u00bb content_aligment=\u00a0\u00bbcenter\u00a0\u00bb css=\u00a0\u00bb.vc_custom_1636314762203{padding-top: 50px !important;padding-bottom: 64px !important;background-color: #f7f7f7 !important;}\u00a0\u00bb el_class=\u00a0\u00bbtitle-centered\u00a0\u00bb][vc_column width=\u00a0\u00bb1\/2&Prime; offset=\u00a0\u00bbvc_col-lg-3 vc_col-md-12&Prime;]\n<div class=\"mkdf-team main-info-below-image\">\n\t<div class=\"mkdf-team-inner\">\n\t\t\t\t\t<div class=\"mkdf-team-image\">\n\t\t\t\t<img decoding=\"async\" src=\"https:\/\/ltg-academy.ch\/wp-content\/uploads\/2021\/12\/Klinger_Priscilla-.jpg\" alt=\"mkdf-team-image\"\/>\n\t\t\t<\/div>\n\t\t\n\t\t\t\t\t<div class=\"mkdf-team-info\">\n\t\t\t\t\t\t\t\t\t<div class=\"mkdf-team-title-holder normal\">\n\t\t\t\t\t\t\t\t\t\t\t\t\t<h6 class=\"mkdf-team-name\">\n\t\t\t\t\t\t\t\tDr. Priscilla N.K.\t\t\t\t\t\t\t<\/h6>\n\t\t\t\t\t\t\t\t\t\t\t\t\t\t\t\t\t\t\t<h6 class=\"mkdf-team-position\">German Teacher<\/h6>\n\t\t\t\t\t\t\t\t\t\t\t<\/div>\n\t\t\t\t\t\t\t\t\t\t\t\t<div class='mkdf-team-text'>\n\t\t\t\t<div class='mkdf-team-text-inner'>\n\t\t\t\t\t<div class='mkdf-team-description'>\n\t\t\t\t\t\t<p>Priscilla K. is originally from Brazil and has been teaching German since 2009. She holds a PhD degree in Linguistics from the University of S\u00e3o Paulo and the Eberhard Karls University Tu\u0308bingen. Priscilla specialises in teaching at the beginner and intermediate levels and has already worked at several language schools in Brazil and in Switzerland.<\/p>\n\t\t\t\t\t<\/div>\n\t\t\t\t<\/div>\n\t\t\t<\/div>\n\t\t\n\t\t\t\t<div class=\"mkdf-team-social-holder-between\">\n\t\t\t<div class=\"mkdf-team-social normal\">\n\t\t\t\t<div class=\"mkdf-team-social-inner\">\n\t\t\t\t\t<div class=\"mkdf-team-social-wrapp\">\n\t\t\t\t\t\t\t\t\t\t\t<\/div>\n\t\t\t\t<\/div>\n\t\t\t<\/div>\n\t\t<\/div>\n\t\t\t\t<\/div>\n\t<\/div>\n<\/div>[vc_empty_space height=\u00a0\u00bb40&Prime;][\/vc_column][vc_column width=\u00a0\u00bb1\/2&Prime; offset=\u00a0\u00bbvc_col-lg-3 vc_col-md-12&Prime;]\n<div class=\"mkdf-team main-info-below-image\">\n\t<div class=\"mkdf-team-inner\">\n\t\t\t\t\t<div class=\"mkdf-team-image\">\n\t\t\t\t<img decoding=\"async\" src=\"https:\/\/ltg-academy.ch\/wp-content\/uploads\/2021\/12\/DMJ_3917-Z\u030celjka-Golic\u0301.jpg\" alt=\"mkdf-team-image\"\/>\n\t\t\t<\/div>\n\t\t\n\t\t\t\t\t<div class=\"mkdf-team-info\">\n\t\t\t\t\t\t\t\t\t<div class=\"mkdf-team-title-holder normal\">\n\t\t\t\t\t\t\t\t\t\t\t\t\t<h6 class=\"mkdf-team-name\">\n\t\t\t\t\t\t\t\tZeljka G.\t\t\t\t\t\t\t<\/h6>\n\t\t\t\t\t\t\t\t\t\t\t\t\t\t\t\t\t\t\t<h6 class=\"mkdf-team-position\">German Teacher<\/h6>\n\t\t\t\t\t\t\t\t\t\t\t<\/div>\n\t\t\t\t\t\t\t\t\t\t\t\t<div class='mkdf-team-text'>\n\t\t\t\t<div class='mkdf-team-text-inner'>\n\t\t\t\t\t<div class='mkdf-team-description'>\n\t\t\t\t\t\t<p>Zeljka G. has been teaching German language since 2015. She holds a degree of finished German Language and Literature M.A. Zeljka has experience in high schools and private language schools.<\/p>\n\t\t\t\t\t<\/div>\n\t\t\t\t<\/div>\n\t\t\t<\/div>\n\t\t\n\t\t\t\t<div class=\"mkdf-team-social-holder-between\">\n\t\t\t<div class=\"mkdf-team-social normal\">\n\t\t\t\t<div class=\"mkdf-team-social-inner\">\n\t\t\t\t\t<div class=\"mkdf-team-social-wrapp\">\n\t\t\t\t\t\t\t\t\t\t\t<\/div>\n\t\t\t\t<\/div>\n\t\t\t<\/div>\n\t\t<\/div>\n\t\t\t\t<\/div>\n\t<\/div>\n<\/div>[vc_empty_space height=\u00a0\u00bb40&Prime;][\/vc_column][vc_column width=\u00a0\u00bb1\/2&Prime; offset=\u00a0\u00bbvc_col-lg-3 vc_col-md-12&Prime;]\n<div class=\"mkdf-team main-info-below-image\">\n\t<div class=\"mkdf-team-inner\">\n\t\t\t\t\t<div class=\"mkdf-team-image\">\n\t\t\t\t<img decoding=\"async\" src=\"https:\/\/ltg-academy.ch\/wp-content\/uploads\/2021\/12\/Picture-Ljeposava.jpg\" alt=\"mkdf-team-image\"\/>\n\t\t\t<\/div>\n\t\t\n\t\t\t\t\t<div class=\"mkdf-team-info\">\n\t\t\t\t\t\t\t\t\t<div class=\"mkdf-team-title-holder normal\">\n\t\t\t\t\t\t\t\t\t\t\t\t\t<h6 class=\"mkdf-team-name\">\n\t\t\t\t\t\t\t\tLjeposava G.\t\t\t\t\t\t\t<\/h6>\n\t\t\t\t\t\t\t\t\t\t\t\t\t\t\t\t\t\t\t<h6 class=\"mkdf-team-position\">German Teacher<\/h6>\n\t\t\t\t\t\t\t\t\t\t\t<\/div>\n\t\t\t\t\t\t\t\t\t\t\t\t<div class='mkdf-team-text'>\n\t\t\t\t<div class='mkdf-team-text-inner'>\n\t\t\t\t\t<div class='mkdf-team-description'>\n\t\t\t\t\t\t<p>Ljeposava G. i has been teaching German language since 2016. Ljeposava holds a degree of finished postgraduate studies of German language and literature and continues her studies at Humboldt University in Berlin. She has specialized in teaching German language: A1 to B2 level and has already worked at the gymnasium. Always willing to transfer the knowledge of the German language and culture in a creative way, acquired through experience at universities throughout Germany and Austria.<\/p>\n\t\t\t\t\t<\/div>\n\t\t\t\t<\/div>\n\t\t\t<\/div>\n\t\t\n\t\t\t\t<div class=\"mkdf-team-social-holder-between\">\n\t\t\t<div class=\"mkdf-team-social normal\">\n\t\t\t\t<div class=\"mkdf-team-social-inner\">\n\t\t\t\t\t<div class=\"mkdf-team-social-wrapp\">\n\t\t\t\t\t\t\t\t\t\t\t<\/div>\n\t\t\t\t<\/div>\n\t\t\t<\/div>\n\t\t<\/div>\n\t\t\t\t<\/div>\n\t<\/div>\n<\/div>[vc_empty_space height=\u00a0\u00bb40&Prime;][\/vc_column][vc_column width=\u00a0\u00bb1\/2&Prime; offset=\u00a0\u00bbvc_col-lg-3 vc_col-md-12&Prime;]\n<div class=\"mkdf-team main-info-below-image\">\n\t<div class=\"mkdf-team-inner\">\n\t\t\t\t\t<div class=\"mkdf-team-image\">\n\t\t\t\t<img decoding=\"async\" src=\"https:\/\/ltg-academy.ch\/wp-content\/uploads\/2022\/08\/Dragana-Maricki-photo-scaled.jpg\" alt=\"mkdf-team-image\"\/>\n\t\t\t<\/div>\n\t\t\n\t\t\t\t\t<div class=\"mkdf-team-info\">\n\t\t\t\t\t\t\t\t\t<div class=\"mkdf-team-title-holder normal\">\n\t\t\t\t\t\t\t\t\t\t\t\t\t<h6 class=\"mkdf-team-name\">\n\t\t\t\t\t\t\t\tDragana M.\t\t\t\t\t\t\t<\/h6>\n\t\t\t\t\t\t\t\t\t\t\t\t\t\t\t\t\t\t\t<h6 class=\"mkdf-team-position\">German teacher<\/h6>\n\t\t\t\t\t\t\t\t\t\t\t<\/div>\n\t\t\t\t\t\t\t\t\t\t\t\t<div class='mkdf-team-text'>\n\t\t\t\t<div class='mkdf-team-text-inner'>\n\t\t\t\t\t<div class='mkdf-team-description'>\n\t\t\t\t\t\t<p>Dragana Maricki is originally from Serbia and has been teaching German language since 2018. She holds degree of finished undergraduate academic studies at the study programme German Language and Literature (University of Novi Sad, Faculty of Philosophy) and is continuing her Master\u00b4s studies at the same study programme (German Language and Literature). Dragana specialises in teaching German: A1, A2, B1, B2, C1 level and has already held both online and in-person language classes Germania Zentrum and Poliglot.<\/p>\n\t\t\t\t\t<\/div>\n\t\t\t\t<\/div>\n\t\t\t<\/div>\n\t\t\n\t\t\t\t<div class=\"mkdf-team-social-holder-between\">\n\t\t\t<div class=\"mkdf-team-social normal\">\n\t\t\t\t<div class=\"mkdf-team-social-inner\">\n\t\t\t\t\t<div class=\"mkdf-team-social-wrapp\">\n\t\t\t\t\t\t\t\t\t\t\t<\/div>\n\t\t\t\t<\/div>\n\t\t\t<\/div>\n\t\t<\/div>\n\t\t\t\t<\/div>\n\t<\/div>\n<\/div>[vc_empty_space height=\u00a0\u00bb40&Prime;][\/vc_column][\/vc_row][vc_row content_width=\u00a0\u00bbgrid\u00a0\u00bb content_aligment=\u00a0\u00bbcenter\u00a0\u00bb css=\u00a0\u00bb.vc_custom_1636314762203{padding-top: 50px !important;padding-bottom: 64px !important;background-color: #f7f7f7 !important;}\u00a0\u00bb el_class=\u00a0\u00bbtitle-centered\u00a0\u00bb][vc_column width=\u00a0\u00bb1\/2&Prime; offset=\u00a0\u00bbvc_col-lg-3 vc_col-md-12&Prime;]\n<div class=\"mkdf-team main-info-below-image\">\n\t<div class=\"mkdf-team-inner\">\n\t\t\t\t\t<div class=\"mkdf-team-image\">\n\t\t\t\t<img decoding=\"async\" src=\"https:\/\/ltg-academy.ch\/wp-content\/uploads\/2024\/01\/Graphic-LTG-Academy-man-.png\" alt=\"mkdf-team-image\"\/>\n\t\t\t<\/div>\n\t\t\n\t\t\t\t\t<div class=\"mkdf-team-info\">\n\t\t\t\t\t\t\t\t\t<div class=\"mkdf-team-title-holder normal\">\n\t\t\t\t\t\t\t\t\t\t\t\t\t<h6 class=\"mkdf-team-name\">\n\t\t\t\t\t\t\t\tRofl L.\t\t\t\t\t\t\t<\/h6>\n\t\t\t\t\t\t\t\t\t\t\t\t\t\t\t\t\t\t\t<h6 class=\"mkdf-team-position\">German Teacher<\/h6>\n\t\t\t\t\t\t\t\t\t\t\t<\/div>\n\t\t\t\t\t\t\t\t\t\t\t\t<div class='mkdf-team-text'>\n\t\t\t\t<div class='mkdf-team-text-inner'>\n\t\t\t\t\t<div class='mkdf-team-description'>\n\t\t\t\t\t\t<p>Rolf L. is a business economist and has held management positions at various Swiss companies like Ciba-Geigy and Switzerland Global Enterprise. His focus was always on international business. He gained his intercultural competence from a long stay as an expat in South America. Working in a foreign country means stress and a lot of effort. The language is central and important to feel comfortable with the new (business and social) culture. Rolf L\u00fcthi helps expats and their partners to integrate quickly in Switzerland. Citation: The German language is the key to Swiss culture, Swiss business and Swiss society. But also to the hearts of the Swiss. LTG is your partner!<\/p>\n\t\t\t\t\t<\/div>\n\t\t\t\t<\/div>\n\t\t\t<\/div>\n\t\t\n\t\t\t\t<div class=\"mkdf-team-social-holder-between\">\n\t\t\t<div class=\"mkdf-team-social normal\">\n\t\t\t\t<div class=\"mkdf-team-social-inner\">\n\t\t\t\t\t<div class=\"mkdf-team-social-wrapp\">\n\t\t\t\t\t\t\t\t\t\t\t<\/div>\n\t\t\t\t<\/div>\n\t\t\t<\/div>\n\t\t<\/div>\n\t\t\t\t<\/div>\n\t<\/div>\n<\/div>[vc_empty_space height=\u00a0\u00bb40&Prime;][\/vc_column][vc_column width=\u00a0\u00bb1\/2&Prime; offset=\u00a0\u00bbvc_col-lg-3 vc_col-md-12&Prime;]\n<div class=\"mkdf-team main-info-below-image\">\n\t<div class=\"mkdf-team-inner\">\n\t\t\t\t\t<div class=\"mkdf-team-image\">\n\t\t\t\t<img decoding=\"async\" src=\"https:\/\/ltg-academy.ch\/wp-content\/uploads\/2024\/01\/B70FA7E7-3558-4950-ACBB-2B578C778E0D-1.jpeg\" alt=\"mkdf-team-image\"\/>\n\t\t\t<\/div>\n\t\t\n\t\t\t\t\t<div class=\"mkdf-team-info\">\n\t\t\t\t\t\t\t\t\t<div class=\"mkdf-team-title-holder normal\">\n\t\t\t\t\t\t\t\t\t\t\t\t\t<h6 class=\"mkdf-team-name\">\n\t\t\t\t\t\t\t\tAndjela D.\t\t\t\t\t\t\t<\/h6>\n\t\t\t\t\t\t\t\t\t\t\t\t\t\t\t\t\t\t\t<h6 class=\"mkdf-team-position\">German Teacher<\/h6>\n\t\t\t\t\t\t\t\t\t\t\t<\/div>\n\t\t\t\t\t\t\t\t\t\t\t\t<div class='mkdf-team-text'>\n\t\t\t\t<div class='mkdf-team-text-inner'>\n\t\t\t\t\t<div class='mkdf-team-description'>\n\t\t\t\t\t\t<p>Andjela is originally from Montenegro. She has a Master\u2019s degree in German Language and Literature. One part of her studies she has spent at the University of Graz. She is also an experienced IB educator in Middle Years Programme and Diploma Programme. She speaks 6 languages: German, Montenegrin, English, Italian, Russian and Turkish. Citation: Knowing is not enough - we must apply. Willing is not enough - we must do. Johann Wolfgang von Goethe<\/p>\n\t\t\t\t\t<\/div>\n\t\t\t\t<\/div>\n\t\t\t<\/div>\n\t\t\n\t\t\t\t<div class=\"mkdf-team-social-holder-between\">\n\t\t\t<div class=\"mkdf-team-social normal\">\n\t\t\t\t<div class=\"mkdf-team-social-inner\">\n\t\t\t\t\t<div class=\"mkdf-team-social-wrapp\">\n\t\t\t\t\t\t\t\t\t\t\t<\/div>\n\t\t\t\t<\/div>\n\t\t\t<\/div>\n\t\t<\/div>\n\t\t\t\t<\/div>\n\t<\/div>\n<\/div>[vc_empty_space height=\u00a0\u00bb40&Prime;][\/vc_column][vc_column width=\u00a0\u00bb1\/2&Prime; offset=\u00a0\u00bbvc_col-lg-3 vc_col-md-12&Prime;]\n<div class=\"mkdf-team main-info-below-image\">\n\t<div class=\"mkdf-team-inner\">\n\t\t\t\t\t<div class=\"mkdf-team-image\">\n\t\t\t\t<img decoding=\"async\" src=\"https:\/\/ltg-academy.ch\/wp-content\/uploads\/2024\/01\/pro-AzlPT8kq.jpeg\" alt=\"mkdf-team-image\"\/>\n\t\t\t<\/div>\n\t\t\n\t\t\t\t\t<div class=\"mkdf-team-info\">\n\t\t\t\t\t\t\t\t\t<div class=\"mkdf-team-title-holder normal\">\n\t\t\t\t\t\t\t\t\t\t\t\t\t<h6 class=\"mkdf-team-name\">\n\t\t\t\t\t\t\t\tAndrijana B.\t\t\t\t\t\t\t<\/h6>\n\t\t\t\t\t\t\t\t\t\t\t\t\t\t\t\t\t\t\t<h6 class=\"mkdf-team-position\">German Teacher<\/h6>\n\t\t\t\t\t\t\t\t\t\t\t<\/div>\n\t\t\t\t\t\t\t\t\t\t\t\t<div class='mkdf-team-text'>\n\t\t\t\t<div class='mkdf-team-text-inner'>\n\t\t\t\t\t<div class='mkdf-team-description'>\n\t\t\t\t\t\t<p>Andrijana Bogdanovic is a dedicated Language Specialist wth a passion for language education. Andrijana spent her childhood in Germany, and then built a rich and extensive career in teaching working with both children and adults. Before working with LTG, she worked for the Oxford Academy, prepared students for exams such as FIDE. Her educational background make her a valuable asset in helping others achieve their language learning goals. She is dedicated to providing quality education and has a proven track record of success in teaching to a diverse range of students.<\/p>\n\t\t\t\t\t<\/div>\n\t\t\t\t<\/div>\n\t\t\t<\/div>\n\t\t\n\t\t\t\t<div class=\"mkdf-team-social-holder-between\">\n\t\t\t<div class=\"mkdf-team-social normal\">\n\t\t\t\t<div class=\"mkdf-team-social-inner\">\n\t\t\t\t\t<div class=\"mkdf-team-social-wrapp\">\n\t\t\t\t\t\t\t\t\t\t\t<\/div>\n\t\t\t\t<\/div>\n\t\t\t<\/div>\n\t\t<\/div>\n\t\t\t\t<\/div>\n\t<\/div>\n<\/div>[vc_empty_space height=\u00a0\u00bb40&Prime;][\/vc_column][vc_column width=\u00a0\u00bb1\/2&Prime; offset=\u00a0\u00bbvc_col-lg-3 vc_col-md-12&Prime;]\n<div class=\"mkdf-team main-info-below-image\">\n\t<div class=\"mkdf-team-inner\">\n\t\t\t\t\t<div class=\"mkdf-team-image\">\n\t\t\t\t<img decoding=\"async\" src=\"https:\/\/ltg-academy.ch\/wp-content\/uploads\/2024\/01\/Graphic-LTG-Academy.png\" alt=\"mkdf-team-image\"\/>\n\t\t\t<\/div>\n\t\t\n\t\t\t\t\t<div class=\"mkdf-team-info\">\n\t\t\t\t\t\t\t\t\t<div class=\"mkdf-team-title-holder normal\">\n\t\t\t\t\t\t\t\t\t\t\t\t\t<h6 class=\"mkdf-team-name\">\n\t\t\t\t\t\t\t\tMeriam A.R.\t\t\t\t\t\t\t<\/h6>\n\t\t\t\t\t\t\t\t\t\t\t\t\t\t\t\t\t\t\t<h6 class=\"mkdf-team-position\">French teacher<\/h6>\n\t\t\t\t\t\t\t\t\t\t\t<\/div>\n\t\t\t\t\t\t\t\t\t\t\t\t<div class='mkdf-team-text'>\n\t\t\t\t<div class='mkdf-team-text-inner'>\n\t\t\t\t\t<div class='mkdf-team-description'>\n\t\t\t\t\t\t<p>Meriam has 20 years of experience in working with students of all ages, and more than 10&#039;000 hours given. She holds a Bachelor in French Linguistics and literature, as well as a Master&#039;s degree in General French Linguistics. For more than 20 years she has worked with an organization in Geneva in order to help expatriates integrate better into Swiss culture.<\/p>\n\t\t\t\t\t<\/div>\n\t\t\t\t<\/div>\n\t\t\t<\/div>\n\t\t\n\t\t\t\t<div class=\"mkdf-team-social-holder-between\">\n\t\t\t<div class=\"mkdf-team-social normal\">\n\t\t\t\t<div class=\"mkdf-team-social-inner\">\n\t\t\t\t\t<div class=\"mkdf-team-social-wrapp\">\n\t\t\t\t\t\t\t\t\t\t\t<\/div>\n\t\t\t\t<\/div>\n\t\t\t<\/div>\n\t\t<\/div>\n\t\t\t\t<\/div>\n\t<\/div>\n<\/div>[vc_empty_space height=\u00a0\u00bb40&Prime;][\/vc_column][\/vc_row][vc_row content_width=\u00a0\u00bbgrid\u00a0\u00bb content_aligment=\u00a0\u00bbcenter\u00a0\u00bb css=\u00a0\u00bb.vc_custom_1636314762203{padding-top: 50px !important;padding-bottom: 64px !important;background-color: #f7f7f7 !important;}\u00a0\u00bb el_class=\u00a0\u00bbtitle-centered\u00a0\u00bb][vc_column width=\u00a0\u00bb1\/2&Prime; offset=\u00a0\u00bbvc_col-lg-3 vc_col-md-12&Prime;]\n<div class=\"mkdf-team main-info-below-image\">\n\t<div class=\"mkdf-team-inner\">\n\t\t\t\t\t<div class=\"mkdf-team-image\">\n\t\t\t\t<img decoding=\"async\" src=\"https:\/\/ltg-academy.ch\/wp-content\/uploads\/2024\/01\/IMG_4847.jpg\" alt=\"mkdf-team-image\"\/>\n\t\t\t<\/div>\n\t\t\n\t\t\t\t\t<div class=\"mkdf-team-info\">\n\t\t\t\t\t\t\t\t\t<div class=\"mkdf-team-title-holder normal\">\n\t\t\t\t\t\t\t\t\t\t\t\t\t<h6 class=\"mkdf-team-name\">\n\t\t\t\t\t\t\t\tLoisse M.\t\t\t\t\t\t\t<\/h6>\n\t\t\t\t\t\t\t\t\t\t\t\t\t\t\t\t\t\t\t<h6 class=\"mkdf-team-position\">French Teacher<\/h6>\n\t\t\t\t\t\t\t\t\t\t\t<\/div>\n\t\t\t\t\t\t\t\t\t\t\t\t<div class='mkdf-team-text'>\n\t\t\t\t<div class='mkdf-team-text-inner'>\n\t\t\t\t\t<div class='mkdf-team-description'>\n\t\t\t\t\t\t<p>Loisse holds a Bachelor&#039;s degree in Sciences of Education and is currently pursuing a Master&#039;s degree in the same field. Her passion for education and a desire to make a positive impact on students&#039; lives led her to a career in teaching. Throughout her academic and professional career, she has developed a deep understanding of educational theory, pedagogy, and the principles of effective teaching. She has gained valuable hands-on experience through teaching in various educational settings. Her dedication to fostering a supportive and inclusive learning environment has been central to her teaching philosophy. Loisse is committed to continuous professional growth and staying updated on the latest trends in education to provide the best learning experiences for her students.<\/p>\n\t\t\t\t\t<\/div>\n\t\t\t\t<\/div>\n\t\t\t<\/div>\n\t\t\n\t\t\t\t<div class=\"mkdf-team-social-holder-between\">\n\t\t\t<div class=\"mkdf-team-social normal\">\n\t\t\t\t<div class=\"mkdf-team-social-inner\">\n\t\t\t\t\t<div class=\"mkdf-team-social-wrapp\">\n\t\t\t\t\t\t\t\t\t\t\t<\/div>\n\t\t\t\t<\/div>\n\t\t\t<\/div>\n\t\t<\/div>\n\t\t\t\t<\/div>\n\t<\/div>\n<\/div>[vc_empty_space height=\u00a0\u00bb40&Prime;][\/vc_column][vc_column width=\u00a0\u00bb1\/2&Prime; offset=\u00a0\u00bbvc_col-lg-3 vc_col-md-12&Prime;]\n<div class=\"mkdf-team main-info-below-image\">\n\t<div class=\"mkdf-team-inner\">\n\t\t\t\t\t<div class=\"mkdf-team-image\">\n\t\t\t\t<img decoding=\"async\" src=\"https:\/\/ltg-academy.ch\/wp-content\/uploads\/2024\/01\/IMG_1050-scaled.jpg\" alt=\"mkdf-team-image\"\/>\n\t\t\t<\/div>\n\t\t\n\t\t\t\t\t<div class=\"mkdf-team-info\">\n\t\t\t\t\t\t\t\t\t<div class=\"mkdf-team-title-holder normal\">\n\t\t\t\t\t\t\t\t\t\t\t\t\t<h6 class=\"mkdf-team-name\">\n\t\t\t\t\t\t\t\tIvana K.\t\t\t\t\t\t\t<\/h6>\n\t\t\t\t\t\t\t\t\t\t\t\t\t\t\t\t\t\t\t<h6 class=\"mkdf-team-position\">French Teacher<\/h6>\n\t\t\t\t\t\t\t\t\t\t\t<\/div>\n\t\t\t\t\t\t\t\t\t\t\t\t<div class='mkdf-team-text'>\n\t\t\t\t<div class='mkdf-team-text-inner'>\n\t\t\t\t\t<div class='mkdf-team-description'>\n\t\t\t\t\t\t<p>Ivana Krgovic is a language teacher specializing in French and Spanish as foreign languages. She has a Master degree in Roman languages, and a degree in Serbian as a foreign language, DALF C2 certificate and has finished a 2 years long TPRS STRONG course (Teaching through storytelling). She has been teaching languages for over 20 years, both in the classroom and online. Ivana believes that the best way to learn a language is through immersion and real-life practice, so she focuses on creating a dynamic and interactive classroom environment. She uses a variety of teaching methods, mostly TPRS, including role-plays, co-creating stories, group discussions, and authentic materials, to help her students develop their speaking, listening, reading, and writing skills.<\/p>\n\t\t\t\t\t<\/div>\n\t\t\t\t<\/div>\n\t\t\t<\/div>\n\t\t\n\t\t\t\t<div class=\"mkdf-team-social-holder-between\">\n\t\t\t<div class=\"mkdf-team-social normal\">\n\t\t\t\t<div class=\"mkdf-team-social-inner\">\n\t\t\t\t\t<div class=\"mkdf-team-social-wrapp\">\n\t\t\t\t\t\t\t\t\t\t\t<\/div>\n\t\t\t\t<\/div>\n\t\t\t<\/div>\n\t\t<\/div>\n\t\t\t\t<\/div>\n\t<\/div>\n<\/div>[vc_empty_space height=\u00a0\u00bb40&Prime;][\/vc_column][vc_column width=\u00a0\u00bb1\/2&Prime; offset=\u00a0\u00bbvc_col-lg-3 vc_col-md-12&Prime;]\n<div class=\"mkdf-team main-info-below-image\">\n\t<div class=\"mkdf-team-inner\">\n\t\t\t\t\t<div class=\"mkdf-team-image\">\n\t\t\t\t<img decoding=\"async\" src=\"https:\/\/ltg-academy.ch\/wp-content\/uploads\/2024\/01\/Graphic-LTG-Academy-1.png\" alt=\"mkdf-team-image\"\/>\n\t\t\t<\/div>\n\t\t\n\t\t\t\t\t<div class=\"mkdf-team-info\">\n\t\t\t\t\t\t\t\t\t<div class=\"mkdf-team-title-holder normal\">\n\t\t\t\t\t\t\t\t\t\t\t\t\t<h6 class=\"mkdf-team-name\">\n\t\t\t\t\t\t\t\tIrina D.\t\t\t\t\t\t\t<\/h6>\n\t\t\t\t\t\t\t\t\t\t\t\t\t\t\t\t\t\t\t<h6 class=\"mkdf-team-position\">French Teacher<\/h6>\n\t\t\t\t\t\t\t\t\t\t\t<\/div>\n\t\t\t\t\t\t\t\t\t\t\t\t<div class='mkdf-team-text'>\n\t\t\t\t<div class='mkdf-team-text-inner'>\n\t\t\t\t\t<div class='mkdf-team-description'>\n\t\t\t\t\t\t<p>Irina has a Master\u2019s degree in French as a foreign language and has been teaching French language since 2014 to children and adults. Irina is very passionate about her job, and is very creative at what she does. She has worked with all ages. Irina is very involved in the preparation of my courses and she always takes a first step to analyze the difficulties and to find the best ways for each student in order to understand and work on their needs.<\/p>\n\t\t\t\t\t<\/div>\n\t\t\t\t<\/div>\n\t\t\t<\/div>\n\t\t\n\t\t\t\t<div class=\"mkdf-team-social-holder-between\">\n\t\t\t<div class=\"mkdf-team-social normal\">\n\t\t\t\t<div class=\"mkdf-team-social-inner\">\n\t\t\t\t\t<div class=\"mkdf-team-social-wrapp\">\n\t\t\t\t\t\t\t\t\t\t\t<\/div>\n\t\t\t\t<\/div>\n\t\t\t<\/div>\n\t\t<\/div>\n\t\t\t\t<\/div>\n\t<\/div>\n<\/div>[vc_empty_space height=\u00a0\u00bb40&Prime;][\/vc_column][vc_column width=\u00a0\u00bb1\/2&Prime; offset=\u00a0\u00bbvc_col-lg-3 vc_col-md-12&Prime;]\n<div class=\"mkdf-team main-info-below-image\">\n\t<div class=\"mkdf-team-inner\">\n\t\t\t\t\t<div class=\"mkdf-team-image\">\n\t\t\t\t<img decoding=\"async\" src=\"https:\/\/ltg-academy.ch\/wp-content\/uploads\/2024\/01\/Graphic-LTG-Academy-2.png\" alt=\"mkdf-team-image\"\/>\n\t\t\t<\/div>\n\t\t\n\t\t\t\t\t<div class=\"mkdf-team-info\">\n\t\t\t\t\t\t\t\t\t<div class=\"mkdf-team-title-holder normal\">\n\t\t\t\t\t\t\t\t\t\t\t\t\t<h6 class=\"mkdf-team-name\">\n\t\t\t\t\t\t\t\tMarguerite L.\t\t\t\t\t\t\t<\/h6>\n\t\t\t\t\t\t\t\t\t\t\t\t\t\t\t\t\t\t\t<h6 class=\"mkdf-team-position\">French teacher<\/h6>\n\t\t\t\t\t\t\t\t\t\t\t<\/div>\n\t\t\t\t\t\t\t\t\t\t\t\t<div class='mkdf-team-text'>\n\t\t\t\t<div class='mkdf-team-text-inner'>\n\t\t\t\t\t<div class='mkdf-team-description'>\n\t\t\t\t\t\t<p>Marguerite is our youngest teacher, teaching French. She is currently a student at the University of Lausanne and is pursuing her studies in French language and literature. She enjoys working with all levels and ages and is looking forward to working with you in Lausanne.<\/p>\n\t\t\t\t\t<\/div>\n\t\t\t\t<\/div>\n\t\t\t<\/div>\n\t\t\n\t\t\t\t<div class=\"mkdf-team-social-holder-between\">\n\t\t\t<div class=\"mkdf-team-social normal\">\n\t\t\t\t<div class=\"mkdf-team-social-inner\">\n\t\t\t\t\t<div class=\"mkdf-team-social-wrapp\">\n\t\t\t\t\t\t\t\t\t\t\t<\/div>\n\t\t\t\t<\/div>\n\t\t\t<\/div>\n\t\t<\/div>\n\t\t\t\t<\/div>\n\t<\/div>\n<\/div>[vc_empty_space height=\u00a0\u00bb40&Prime;][\/vc_column][\/vc_row][vc_row content_width=\u00a0\u00bbgrid\u00a0\u00bb content_aligment=\u00a0\u00bbcenter\u00a0\u00bb css=\u00a0\u00bb.vc_custom_1600184755062{padding-top: 100px !important;}\u00a0\u00bb][vc_column]<div class=\"mkdf-section-title-holder\">\n\t<h2 class=\"mkdf-section-title mkdf-section-title-small\" >Avantages d&#039;apprendre une langue avec LTG Academy<\/h2>\n<\/div><div class=\"mkdf-separator-holder clearfix  mkdf-separator-center\">\n\t<div class=\"mkdf-separator\" style=\"border-color: #dd3333;width: 33px;border-bottom-width: 3px;margin-top: 22px;margin-bottom: 60px\"><\/div>\n<\/div>\n[\/vc_column][\/vc_row][vc_row content_width=\u00a0\u00bbgrid\u00a0\u00bb css=\u00a0\u00bb.vc_custom_1600184835389{padding-bottom: 100px !important;}\u00a0\u00bb][vc_column offset=\u00a0\u00bbvc_col-lg-6 vc_col-md-12&Prime;][vc_empty_space height=\u00a0\u00bb20&Prime;]<div class=\"mkdf-animations-holder mkdf-element-from-left\" data-animation=\"mkdf-element-from-left\">\n\t<div style=\"transition-delay: 200ms;-webkit-animation-delay: 200ms;animation-delay: 200ms;animation-duration: 700ms;-webkit-animation-duration: 700ms;-moz-animation-duration: 700ms\">\n\t\t[vc_single_image image=\u00a0\u00bb4230&Prime; img_size=\u00a0\u00bblarge\u00a0\u00bb alignment=\u00a0\u00bbcenter\u00a0\u00bb el_class=\u00a0\u00bbexcelent-image\u00a0\u00bb]\t<\/div>\n\n<\/div>[\/vc_column][vc_column offset=\u00a0\u00bbvc_col-lg-6 vc_col-md-12&Prime; css=\u00a0\u00bb.vc_custom_1600184956243{padding-top: 80px !important;}\u00a0\u00bb]<div class=\"mkdf-accordion-holder clearfix mkdf-accordion mkdf-boxed \">\n\t<h4 class=\"clearfix mkdf-title-holder\">\n\t<span class=\"mkdf-accordion-mark mkdf-left-mark\">\n\t\t<span class=\"mkdf-accordion-mark-icon\">\n\t\t\t<span class=\"arrow_carrot-down\"><\/span>\n\t\t<\/span>\n\t<\/span>\n\t<span class=\"mkdf-tab-title\">\n\t\t<span class=\"mkdf-tab-title-inner\">\n\t\t\t <span class=\"mkdf-icon-accordion-holder\">\n\t\t\t\t <i class=\"mkdf-icon-simple-line-icon icon-paper-plane \" ><\/i>\t\t\t <\/span>\n\t\t\tYour studies\t\t<\/span>\n\t<\/span>\n<\/h4>\n<div class=\"mkdf-accordion-content\">\n\t<div class=\"mkdf-accordion-content-inner\">\n\t\t[vc_column_text]<\/p>\n<ul>\n<li>Tous les supports de cours sont inclus<\/li>\n<li>Chaque \u00e9tudiant re\u00e7oit un pack de bienvenue<\/li>\n<li>Certificat d&rsquo;\u00e9tudes avec chaque cours \u00e0 ajouter \u00e0 votre CV<\/li>\n<li>Nos professeurs sont tous dipl\u00f4m\u00e9s<\/li>\n<\/ul>\n<p>[\/vc_column_text]\n\t\t\t<\/div>\n<\/div>\n<h4 class=\"clearfix mkdf-title-holder\">\n\t<span class=\"mkdf-accordion-mark mkdf-left-mark\">\n\t\t<span class=\"mkdf-accordion-mark-icon\">\n\t\t\t<span class=\"arrow_carrot-down\"><\/span>\n\t\t<\/span>\n\t<\/span>\n\t<span class=\"mkdf-tab-title\">\n\t\t<span class=\"mkdf-tab-title-inner\">\n\t\t\t <span class=\"mkdf-icon-accordion-holder\">\n\t\t\t\t <i class=\"mkdf-icon-simple-line-icon icon-diamond \" ><\/i>\t\t\t <\/span>\n\t\t\tFree extra language support\t\t<\/span>\n\t<\/span>\n<\/h4>\n<div class=\"mkdf-accordion-content\">\n\t<div class=\"mkdf-accordion-content-inner\">\n\t\t[vc_column_text]<\/p>\n<ul>\n<li>Club de conversation hebdomadaire gratuit<\/li>\n<li>Notre biblioth\u00e8que et notre centre d&rsquo;apprentissage sont dot\u00e9s d&rsquo;un soutien individuel disponible<\/li>\n<li>Student Hour : rencontrez des responsables acad\u00e9miques pour discuter de vos progr\u00e8s et de vos objectifs<\/li>\n<li>Toutes les quatre semaines, vous aurez un tutoriel de progression individuel avec votre professeur<\/li>\n<\/ul>\n<p>[\/vc_column_text]\n\t\t\t<\/div>\n<\/div>\n<\/div>[vc_empty_space height=\u00a0\u00bb50px\u00a0\u00bb][\/vc_column][\/vc_row][vc_row content_width=\u00a0\u00bbgrid\u00a0\u00bb content_aligment=\u00a0\u00bbcenter\u00a0\u00bb css=\u00a0\u00bb.vc_custom_1598663478611{padding-top: 60px !important;background-color: #ffffff !important;}\u00a0\u00bb][vc_column]<div class=\"mkdf-section-title-holder\">\n\t<h2 class=\"mkdf-section-title mkdf-section-title-small\" >Top 10 reasons to study and work with LTG Academy<\/h2>\n<\/div><div class=\"mkdf-separator-holder clearfix  mkdf-separator-center\">\n\t<div class=\"mkdf-separator\" style=\"border-color: #dd3333;width: 33px;border-bottom-width: 3px;margin-top: 22px;margin-bottom: 60px\"><\/div>\n<\/div>\n[vc_column_text]<\/p>\n<p>Am\u00e9liorer votre fran\u00e7ais ou apprendre une autre langue est un grand pas vers la r\u00e9alisation de vos objectifs de carri\u00e8re et de vie. Nous serons avec vous \u00e0 chaque \u00e9tape du chemin. Voici quelques raisons de nous confier vos ambitions.<\/p>\n<p>[\/vc_column_text][vc_empty_space height=\u00a0\u00bb130&Prime;][vc_empty_space height=\u00a0\u00bb70&Prime;][vc_row_inner el_class=\u00a0\u00bbevened\u00a0\u00bb][vc_column_inner width=\u00a0\u00bb1\/2&Prime;][vc_single_image image=\u00a0\u00bb3457&Prime; img_size=\u00a0\u00bb600&#215;330&Prime; alignment=\u00a0\u00bbcenter\u00a0\u00bb css_animation=\u00a0\u00bbfadeInLeft\u00a0\u00bb][\/vc_column_inner][vc_column_inner el_class=\u00a0\u00bbcenter-text-vertically\u00a0\u00bb width=\u00a0\u00bb1\/2&Prime;][vc_column_text css=\u00a0\u00bb\u00a0\u00bb]<\/p>\n<h2 style=\"color: #dd3333;\">01<\/h2>\n<h3>20 ans d&rsquo;exp\u00e9rience d&rsquo;enseignants<\/h3>\n<p>\n    <span class=\"mkdf-icon-shortcode normal mkdf-icon-medium\"  >\n        \n                                    <span class=\"mkdf-image-icon\">\n\t\t\t\t\t\t                            <i class=\"mkdf-icon-font-awesome fa fa-chevron-down mkdf-icon-element\" style=\"\" ><\/i>                                            <\/span>\n                \n            <\/span>\n\n[\/vc_column_text][\/vc_column_inner][\/vc_row_inner][vc_empty_space height=\u00a0\u00bb70&Prime;][vc_row_inner][vc_column_inner el_class=\u00a0\u00bbcenter-text-vertically\u00a0\u00bb width=\u00a0\u00bb1\/2&Prime;][vc_column_text css=\u00a0\u00bb\u00a0\u00bb]<\/p>\n<h2 style=\"color: #dd3333;\">02<\/h2>\n<h3>Curriculum unique<\/h3>\n<p>Les programmes favorisent l&rsquo;apprentissage au-del\u00e0 de la salle de classe pour encourager le d\u00e9veloppement professionnel, les capacit\u00e9s de leadership et les comp\u00e9tences en affaires des \u00e9tudiants.<\/p>\n\n    <span class=\"mkdf-icon-shortcode normal mkdf-icon-medium\"  >\n        \n                                    <span class=\"mkdf-image-icon\">\n\t\t\t\t\t\t                            <i class=\"mkdf-icon-font-awesome fa fa-chevron-down mkdf-icon-element\" style=\"\" ><\/i>                                            <\/span>\n                \n            <\/span>\n\n\n<div id=\"gtx-trans\" style=\"position: absolute; left: 273px; top: 192.531px;\">\n<div class=\"gtx-trans-icon\"><\/div>\n<\/div>\n<p>[\/vc_column_text][\/vc_column_inner][vc_column_inner width=\u00a0\u00bb1\/2&Prime;][vc_single_image image=\u00a0\u00bb3480&Prime; img_size=\u00a0\u00bb600&#215;330&Prime; alignment=\u00a0\u00bbcenter\u00a0\u00bb css_animation=\u00a0\u00bbfadeInRight\u00a0\u00bb][\/vc_column_inner][\/vc_row_inner][vc_empty_space height=\u00a0\u00bb70&Prime;][vc_row_inner el_class=\u00a0\u00bbevened\u00a0\u00bb][vc_column_inner width=\u00a0\u00bb1\/2&Prime;][vc_single_image image=\u00a0\u00bb3440&Prime; img_size=\u00a0\u00bb600&#215;330&Prime; alignment=\u00a0\u00bbcenter\u00a0\u00bb css_animation=\u00a0\u00bbfadeInLeft\u00a0\u00bb][\/vc_column_inner][vc_column_inner el_class=\u00a0\u00bbcenter-text-vertically\u00a0\u00bb width=\u00a0\u00bb1\/2&Prime;][vc_column_text css=\u00a0\u00bb\u00a0\u00bb]<\/p>\n<h2 style=\"color: #dd3333;\">03<\/h2>\n<h3>Personnel international<\/h3>\n<p>Le personnel hautement qualifi\u00e9 de LTG est un chef de file dans son domaine et poss\u00e8de les qualifications requises pour les cours qu&rsquo;il enseigne.<\/p>\n<p>\n    <span class=\"mkdf-icon-shortcode normal mkdf-icon-medium\"  >\n        \n                                    <span class=\"mkdf-image-icon\">\n\t\t\t\t\t\t                            <i class=\"mkdf-icon-font-awesome fa fa-chevron-down mkdf-icon-element\" style=\"\" ><\/i>                                            <\/span>\n                \n            <\/span>\n\n[\/vc_column_text][\/vc_column_inner][\/vc_row_inner][vc_empty_space height=\u00a0\u00bb70&Prime;][vc_row_inner][vc_column_inner el_class=\u00a0\u00bbcenter-text-vertically\u00a0\u00bb width=\u00a0\u00bb1\/2&Prime;][vc_column_text css=\u00a0\u00bb\u00a0\u00bb]<\/p>\n<h2 style=\"color: #dd3333;\">04<\/h2>\n<h3>Fournit un enseignement dans un environnement multiculturel et multilingue.<\/h3>\n\n    <span class=\"mkdf-icon-shortcode normal mkdf-icon-medium\"  >\n        \n                                    <span class=\"mkdf-image-icon\">\n\t\t\t\t\t\t                            <i class=\"mkdf-icon-font-awesome fa fa-chevron-down mkdf-icon-element\" style=\"\" ><\/i>                                            <\/span>\n                \n            <\/span>\n\n\n<div id=\"gtx-trans\" style=\"position: absolute; left: 273px; top: 192.531px;\">\n<div class=\"gtx-trans-icon\"><\/div>\n<\/div>\n<p>[\/vc_column_text][\/vc_column_inner][vc_column_inner width=\u00a0\u00bb1\/2&Prime;][vc_single_image image=\u00a0\u00bb3465&Prime; img_size=\u00a0\u00bb600&#215;330&Prime; alignment=\u00a0\u00bbcenter\u00a0\u00bb css_animation=\u00a0\u00bbfadeInRight\u00a0\u00bb][\/vc_column_inner][\/vc_row_inner][vc_empty_space height=\u00a0\u00bb70&Prime;][vc_row_inner el_class=\u00a0\u00bbevened\u00a0\u00bb][vc_column_inner width=\u00a0\u00bb1\/2&Prime;][vc_single_image image=\u00a0\u00bb3462&Prime; img_size=\u00a0\u00bb600&#215;330&Prime; alignment=\u00a0\u00bbcenter\u00a0\u00bb css_animation=\u00a0\u00bbfadeInLeft\u00a0\u00bb][\/vc_column_inner][vc_column_inner el_class=\u00a0\u00bbcenter-text-vertically\u00a0\u00bb width=\u00a0\u00bb1\/2&Prime;][vc_column_text css=\u00a0\u00bb\u00a0\u00bb]<\/p>\n<h2 style=\"color: #dd3333;\">05<\/h2>\n<h3>Nous sommes l&rsquo;une des meilleures \u00e9coles de langues de Suisse selon les derni\u00e8res inspections.<\/h3>\n<p>\n    <span class=\"mkdf-icon-shortcode normal mkdf-icon-medium\"  >\n        \n                                    <span class=\"mkdf-image-icon\">\n\t\t\t\t\t\t                            <i class=\"mkdf-icon-font-awesome fa fa-chevron-down mkdf-icon-element\" style=\"\" ><\/i>                                            <\/span>\n                \n            <\/span>\n\n[\/vc_column_text][\/vc_column_inner][\/vc_row_inner][vc_empty_space height=\u00a0\u00bb70&Prime;][vc_row_inner][vc_column_inner el_class=\u00a0\u00bbcenter-text-vertically\u00a0\u00bb width=\u00a0\u00bb1\/2&Prime;][vc_column_text css=\u00a0\u00bb\u00a0\u00bb]<\/p>\n<h2 style=\"color: #dd3333;\">06<\/h2>\n<h3>Nos professeurs sont dipl\u00f4m\u00e9s. Plus de 80% de nos enseignants sont \u00e9galement formateurs d&rsquo;enseignants.<\/h3>\n\n    <span class=\"mkdf-icon-shortcode normal mkdf-icon-medium\"  >\n        \n                                    <span class=\"mkdf-image-icon\">\n\t\t\t\t\t\t                            <i class=\"mkdf-icon-font-awesome fa fa-chevron-down mkdf-icon-element\" style=\"\" ><\/i>                                            <\/span>\n                \n            <\/span>\n\n\n<div id=\"gtx-trans\" style=\"position: absolute; left: 273px; top: 192.531px;\">\n<div class=\"gtx-trans-icon\"><\/div>\n<\/div>\n<p>[\/vc_column_text][\/vc_column_inner][vc_column_inner width=\u00a0\u00bb1\/2&Prime;][vc_single_image image=\u00a0\u00bb3459&Prime; img_size=\u00a0\u00bb600&#215;330&Prime; alignment=\u00a0\u00bbcenter\u00a0\u00bb css_animation=\u00a0\u00bbfadeInRight\u00a0\u00bb][\/vc_column_inner][\/vc_row_inner][vc_empty_space height=\u00a0\u00bb70&Prime;][vc_row_inner el_class=\u00a0\u00bbevened\u00a0\u00bb][vc_column_inner width=\u00a0\u00bb1\/2&Prime;][vc_single_image image=\u00a0\u00bb3454&Prime; img_size=\u00a0\u00bb600&#215;330&Prime; alignment=\u00a0\u00bbcenter\u00a0\u00bb css_animation=\u00a0\u00bbfadeInLeft\u00a0\u00bb][\/vc_column_inner][vc_column_inner el_class=\u00a0\u00bbcenter-text-vertically\u00a0\u00bb width=\u00a0\u00bb1\/2&Prime;][vc_column_text css=\u00a0\u00bb\u00a0\u00bb]<\/p>\n<h2 style=\"color: #dd3333;\">07<\/h2>\n<h3>Notre \u00e9cole moderne et climatis\u00e9e dispose d&rsquo;un caf\u00e9, d&rsquo;espaces sociaux confortables, d&rsquo;une r\u00e9ception et de grandes salles de classe lumineuses enti\u00e8rement \u00e9quip\u00e9es.<\/h3>\n<p>\n    <span class=\"mkdf-icon-shortcode normal mkdf-icon-medium\"  >\n        \n                                    <span class=\"mkdf-image-icon\">\n\t\t\t\t\t\t                            <i class=\"mkdf-icon-font-awesome fa fa-chevron-down mkdf-icon-element\" style=\"\" ><\/i>                                            <\/span>\n                \n            <\/span>\n\n[\/vc_column_text][\/vc_column_inner][\/vc_row_inner][vc_empty_space height=\u00a0\u00bb70&Prime;][vc_row_inner][vc_column_inner el_class=\u00a0\u00bbcenter-text-vertically\u00a0\u00bb width=\u00a0\u00bb1\/2&Prime;][vc_column_text css=\u00a0\u00bb\u00a0\u00bb]<\/p>\n<h2 style=\"color: #dd3333;\">08<\/h2>\n<h3>Nous sommes un centre de pr\u00e9paration aux examens, afin que les \u00e9tudiants puissent se pr\u00e9parer aux examens avec nos professeurs exp\u00e9riment\u00e9s.<\/h3>\n\n    <span class=\"mkdf-icon-shortcode normal mkdf-icon-medium\"  >\n        \n                                    <span class=\"mkdf-image-icon\">\n\t\t\t\t\t\t                            <i class=\"mkdf-icon-font-awesome fa fa-chevron-down mkdf-icon-element\" style=\"\" ><\/i>                                            <\/span>\n                \n            <\/span>\n\n\n<div id=\"gtx-trans\" style=\"position: absolute; left: 273px; top: 192.531px;\">\n<div class=\"gtx-trans-icon\"><\/div>\n<\/div>\n<p>[\/vc_column_text][\/vc_column_inner][vc_column_inner width=\u00a0\u00bb1\/2&Prime;][vc_single_image image=\u00a0\u00bb3453&Prime; img_size=\u00a0\u00bb600&#215;330&Prime; alignment=\u00a0\u00bbcenter\u00a0\u00bb css_animation=\u00a0\u00bbfadeInRight\u00a0\u00bb][\/vc_column_inner][\/vc_row_inner][vc_empty_space height=\u00a0\u00bb70&Prime;][vc_row_inner el_class=\u00a0\u00bbevened\u00a0\u00bb][vc_column_inner width=\u00a0\u00bb1\/2&Prime;][vc_single_image image=\u00a0\u00bb3448&Prime; img_size=\u00a0\u00bb600&#215;330&Prime; alignment=\u00a0\u00bbcenter\u00a0\u00bb css_animation=\u00a0\u00bbfadeInLeft\u00a0\u00bb][\/vc_column_inner][vc_column_inner el_class=\u00a0\u00bbcenter-text-vertically\u00a0\u00bb width=\u00a0\u00bb1\/2&Prime;][vc_column_text css=\u00a0\u00bb\u00a0\u00bb]<\/p>\n<h2 style=\"color: #dd3333;\">09<\/h2>\n<h3>Nous avons notre propre \u00e9quipe de programme social LTG et notre \u00e9quipe de bien-\u00eatre \u00e9tudiant qui sont l\u00e0 pour s&rsquo;assurer que vous avez la meilleure exp\u00e9rience.<\/h3>\n<p>\n    <span class=\"mkdf-icon-shortcode normal mkdf-icon-medium\"  >\n        \n                                    <span class=\"mkdf-image-icon\">\n\t\t\t\t\t\t                            <i class=\"mkdf-icon-font-awesome fa fa-chevron-down mkdf-icon-element\" style=\"\" ><\/i>                                            <\/span>\n                \n            <\/span>\n\n[\/vc_column_text][\/vc_column_inner][\/vc_row_inner][vc_empty_space height=\u00a0\u00bb120&Prime;][\/vc_column][\/vc_row][vc_row row_type=\u00a0\u00bbparallax\u00a0\u00bb content_width=\u00a0\u00bbgrid\u00a0\u00bb content_aligment=\u00a0\u00bbcenter\u00a0\u00bb full_screen_section_height=\u00a0\u00bbno\u00a0\u00bb parallax_background_image=\u00a0\u00bb337&Prime; el_id=\u00a0\u00bbNous contacter\u00a0\u00bb][vc_column width=\u00a0\u00bb1\/6&Prime;][\/vc_column][vc_column width=\u00a0\u00bb2\/3&Prime;][vc_empty_space height=\u00a0\u00bb70&Prime;]<div class=\"mkdf-section-title-holder\">\n\t<h2 class=\"mkdf-section-title mkdf-section-title-small\" style=\"color: #ffffff\">Contact Us<\/h2>\n<\/div><div class=\"mkdf-separator-holder clearfix  mkdf-separator-center\">\n\t<div class=\"mkdf-separator\" style=\"border-color: #dd3333;width: 33px;border-bottom-width: 3px;margin-top: 22px;margin-bottom: 60px\"><\/div>\n<\/div>\n\n<div class=\"wpcf7 no-js\" id=\"wpcf7-f3533-o1\" lang=\"en-US\" dir=\"ltr\" data-wpcf7-id=\"3533\">\n<div class=\"screen-reader-response\"><p role=\"status\" aria-live=\"polite\" aria-atomic=\"true\"><\/p> <ul><\/ul><\/div>\n<form action=\"\/fr\/wp-json\/wp\/v2\/pages\/6468#wpcf7-f3533-o1\" method=\"post\" class=\"wpcf7-form init cf7_custom_style_1\" aria-label=\"Contact form\" novalidate=\"novalidate\" data-status=\"init\">\n<fieldset class=\"hidden-fields-container\"><input type=\"hidden\" name=\"_wpcf7\" value=\"3533\" \/><input type=\"hidden\" name=\"_wpcf7_version\" value=\"6.1.3\" \/><input type=\"hidden\" name=\"_wpcf7_locale\" value=\"en_US\" \/><input type=\"hidden\" name=\"_wpcf7_unit_tag\" value=\"wpcf7-f3533-o1\" \/><input type=\"hidden\" name=\"_wpcf7_container_post\" value=\"0\" \/><input type=\"hidden\" name=\"_wpcf7_posted_data_hash\" value=\"\" \/><input type=\"hidden\" name=\"_wpcf7_recaptcha_response\" value=\"\" \/>\n<\/fieldset>\n<p><label> Title <span class=\"redasterix\">*<\/span><\/label><br \/>\n<label> <span class=\"wpcf7-form-control-wrap\" data-name=\"title\"><select class=\"wpcf7-form-control wpcf7-select wpcf7-validates-as-required\" aria-required=\"true\" aria-invalid=\"false\" name=\"title\"><option value=\"Mrs.\">Mrs.<\/option><option value=\"Mr.\">Mr.<\/option><\/select><\/span><\/label>\n<\/p>\n<p><label> Full name <span class=\"redasterix\">*<\/span> <\/label>\n<\/p>\n<div class=\"one-half\">\n\t<p><label> <span class=\"wpcf7-form-control-wrap\" data-name=\"first-name\"><input size=\"40\" maxlength=\"400\" class=\"wpcf7-form-control wpcf7-text wpcf7-validates-as-required\" aria-required=\"true\" aria-invalid=\"false\" placeholder=\"First name\" value=\"\" type=\"text\" name=\"first-name\" \/><\/span><\/label>\n\t<\/p>\n<\/div>\n<div class=\"one-half last\">\n\t<p><label> <span class=\"wpcf7-form-control-wrap\" data-name=\"last-name\"><input size=\"40\" maxlength=\"400\" class=\"wpcf7-form-control wpcf7-text wpcf7-validates-as-required\" aria-required=\"true\" aria-invalid=\"false\" placeholder=\"Last name\" value=\"\" type=\"text\" name=\"last-name\" \/><\/span><\/label>\n\t<\/p>\n<\/div>\n<p><label>Email <span class=\"redasterix\">*<\/span><\/label><br \/>\n<label> <span class=\"wpcf7-form-control-wrap\" data-name=\"email\"><input size=\"40\" maxlength=\"400\" class=\"wpcf7-form-control wpcf7-email wpcf7-validates-as-required wpcf7-text wpcf7-validates-as-email\" aria-required=\"true\" aria-invalid=\"false\" value=\"\" type=\"email\" name=\"email\" \/><\/span><\/label>\n<\/p>\n<p><label>Center closest to you <span class=\"redasterix\">*<\/span><\/label>\n<\/p>\n<p><span class=\"wpcf7-form-control-wrap\" data-name=\"radio-buttons\"><span class=\"wpcf7-form-control wpcf7-radio\"><span class=\"wpcf7-list-item first\"><input type=\"radio\" name=\"radio-buttons\" value=\"Geneva\" checked=\"checked\" \/><span class=\"wpcf7-list-item-label\">Geneva<\/span><\/span><span class=\"wpcf7-list-item\"><input type=\"radio\" name=\"radio-buttons\" value=\"Nyon\" \/><span class=\"wpcf7-list-item-label\">Nyon<\/span><\/span><span class=\"wpcf7-list-item\"><input type=\"radio\" name=\"radio-buttons\" value=\"Lausanne\" \/><span class=\"wpcf7-list-item-label\">Lausanne<\/span><\/span><span class=\"wpcf7-list-item\"><input type=\"radio\" name=\"radio-buttons\" value=\"Basel\" \/><span class=\"wpcf7-list-item-label\">Basel<\/span><\/span><span class=\"wpcf7-list-item\"><input type=\"radio\" name=\"radio-buttons\" value=\"Zurich\" \/><span class=\"wpcf7-list-item-label\">Zurich<\/span><\/span><span class=\"wpcf7-list-item last\"><input type=\"radio\" name=\"radio-buttons\" value=\"Bern\" \/><span class=\"wpcf7-list-item-label\">Bern<\/span><\/span><\/span><\/span>\n<\/p>\n<p><label> Business <\/label><br \/>\n<label> <span class=\"wpcf7-form-control-wrap\" data-name=\"your-subject\"><input size=\"40\" maxlength=\"400\" class=\"wpcf7-form-control wpcf7-text\" aria-invalid=\"false\" value=\"\" type=\"text\" name=\"your-subject\" \/><\/span> <\/label>\n<\/p>\n<p><label> Phone <\/label><br \/>\n<label><span class=\"wpcf7-form-control-wrap\" data-name=\"phone\"><input size=\"40\" maxlength=\"400\" class=\"wpcf7-form-control wpcf7-tel wpcf7-text wpcf7-validates-as-tel\" aria-invalid=\"false\" value=\"\" type=\"tel\" name=\"phone\" \/><\/span> <\/label>\n<\/p>\n<p><label> Message <span class=\"redasterix\">*<\/span> <\/label><br \/>\n<label><span class=\"wpcf7-form-control-wrap\" data-name=\"message\"><textarea cols=\"40\" rows=\"10\" maxlength=\"2000\" class=\"wpcf7-form-control wpcf7-textarea wpcf7-validates-as-required\" aria-required=\"true\" aria-invalid=\"false\" name=\"message\"><\/textarea><\/span> <\/label>\n<\/p>\n<p><input class=\"wpcf7-form-control wpcf7-submit has-spinner\" type=\"submit\" value=\"Send\" \/>\n<\/p><div class=\"wpcf7-response-output\" aria-hidden=\"true\"><\/div>\n<\/form>\n<\/div>\n[vc_empty_space height=\u00a0\u00bb70&Prime;][\/vc_column][vc_column width=\u00a0\u00bb1\/6&Prime;][\/vc_column][\/vc_row]<\/p>\n<\/div>","protected":false},"excerpt":{"rendered":"<p>[vc_row content_width=\u00a0\u00bbgrid\u00a0\u00bb content_aligment=\u00a0\u00bbcenter\u00a0\u00bb css=\u00a0\u00bb.vc_custom_1636321126302{background-color: #ffffff !important;}\u00a0\u00bb el_class=\u00a0\u00bbtitle-centered\u00a0\u00bb][vc_column][vc_empty_space height=\u00a0\u00bb100&Prime;][vc_empty_space height=\u00a0\u00bb60&Prime;][vc_column_text] Immersion totale \u00e0 l&rsquo;int\u00e9rieur et \u00e0 l&rsquo;ext\u00e9rieur de la classe LTG Academy est une entreprise orient\u00e9e B2B et B2C, qui fournit des services commerciaux et linguistiques aux particuliers et aux entreprises. Nous avons eu le plaisir&#8230;<\/p>\n","protected":false},"author":1,"featured_media":0,"parent":0,"menu_order":0,"comment_status":"closed","ping_status":"closed","template":"full-width.php","meta":{"_price":"","_stock":"","_tribe_ticket_header":"","_tribe_default_ticket_provider":"","_tribe_ticket_capacity":"0","_ticket_start_date":"","_ticket_end_date":"","_tribe_ticket_show_description":"","_tribe_ticket_show_not_going":false,"_tribe_ticket_use_global_stock":"","_tribe_ticket_global_stock_level":"","_global_stock_mode":"","_global_stock_cap":"","_tribe_rsvp_for_event":"","_tribe_ticket_going_count":"","_tribe_ticket_not_going_count":"","_tribe_tickets_list":"[]","_tribe_ticket_has_attendee_info_fields":false,"footnotes":""},"class_list":["post-6468","page","type-page","status-publish","hentry"],"_links":{"self":[{"href":"https:\/\/ltg-academy.ch\/fr\/wp-json\/wp\/v2\/pages\/6468","targetHints":{"allow":["GET"]}}],"collection":[{"href":"https:\/\/ltg-academy.ch\/fr\/wp-json\/wp\/v2\/pages"}],"about":[{"href":"https:\/\/ltg-academy.ch\/fr\/wp-json\/wp\/v2\/types\/page"}],"author":[{"embeddable":true,"href":"https:\/\/ltg-academy.ch\/fr\/wp-json\/wp\/v2\/users\/1"}],"replies":[{"embeddable":true,"href":"https:\/\/ltg-academy.ch\/fr\/wp-json\/wp\/v2\/comments?post=6468"}],"version-history":[{"count":17,"href":"https:\/\/ltg-academy.ch\/fr\/wp-json\/wp\/v2\/pages\/6468\/revisions"}],"predecessor-version":[{"id":8941,"href":"https:\/\/ltg-academy.ch\/fr\/wp-json\/wp\/v2\/pages\/6468\/revisions\/8941"}],"wp:attachment":[{"href":"https:\/\/ltg-academy.ch\/fr\/wp-json\/wp\/v2\/media?parent=6468"}],"curies":[{"name":"wp","href":"https:\/\/api.w.org\/{rel}","templated":true}]}}