{"id":6501,"date":"2015-11-27T13:07:20","date_gmt":"2015-11-27T12:07:20","guid":{"rendered":"https:\/\/ltg-academy.ch\/cours-de-francais\/"},"modified":"2022-04-01T23:29:07","modified_gmt":"2022-04-01T22:29:07","slug":"cours-de-francais","status":"publish","type":"page","link":"https:\/\/ltg-academy.ch\/fr\/cours-de-francais\/","title":{"rendered":"Cours de fran\u00e7ais"},"content":{"rendered":"<div class=\"wpb-content-wrapper\"><p>[vc_row content_width=\u00a0\u00bbgrid\u00a0\u00bb css=\u00a0\u00bb.vc_custom_1449061465992{background-color: #ffffff !important;}\u00a0\u00bb][vc_column][vc_row_inner content_aligment=\u00a0\u00bbcenter\u00a0\u00bb][vc_column_inner][vc_empty_space height=\u00a0\u00bb100&Prime;]<div class=\"mkdf-section-title-holder\">\n\t<h2 class=\"mkdf-section-title mkdf-section-title-small\" >Cours de langue pour tous les niveaux \u00e0 Gen\u00e8ve<\/h2>\n<\/div><div class=\"mkdf-separator-holder clearfix  mkdf-separator-center\">\n\t<div class=\"mkdf-separator\" style=\"border-color: #dd3333;width: 33px;border-bottom-width: 3px;margin-top: 13px;margin-bottom: 20px\"><\/div>\n<\/div>\n[vc_empty_space height=\u00a0\u00bb60&Prime;][vc_column_text]<\/p>\n<p style=\"text-align: justify;\">Ce cours de fran\u00e7ais \u00e0 Gen\u00e8ve vise \u00e0 am\u00e9liorer les comp\u00e9tences communicatives de l&rsquo;apprenant \u00e0 l&rsquo;oral comme \u00e0 l&rsquo;\u00e9crit. L&rsquo;approche actionnelle du cours permet \u00e0 chaque participant de renforcer ses connaissances linguistiques et de les mettre en pratique dans le cadre de projets motivants qui facilitent l&rsquo;autonomie et une progression rapide et contr\u00f4l\u00e9e de la compr\u00e9hension et de l&rsquo;expression. Ce cours s&rsquo;adresse aux participants pour lesquels le fran\u00e7ais est important dans le cadre de leurs \u00e9tudes ou de leur int\u00e9gration dans la vie sociale ou professionnelle fran\u00e7aise.<\/p>\n<p>[\/vc_column_text][\/vc_column_inner][\/vc_row_inner][vc_empty_space height=\u00a0\u00bb150&Prime;][\/vc_column][\/vc_row][vc_row][vc_column width=\u00a0\u00bb1\/4&Prime;]<div class=\"mkdf-image-with-text-holder standard\">\n\n            <div class=\"mkdf-imt-image\">\n            <img loading=\"lazy\" decoding=\"async\" width=\"1617\" height=\"1080\" src=\"https:\/\/ltg-academy.ch\/wp-content\/uploads\/2020\/08\/AdobeStock_104474442-scaled.jpeg\" class=\"attachment-full size-full\" alt=\"freundliche begr\u00fc\u00dfung zum beratungsgespr\u00e4ch\" srcset=\"https:\/\/ltg-academy.ch\/wp-content\/uploads\/2020\/08\/AdobeStock_104474442-scaled.jpeg 1617w, https:\/\/ltg-academy.ch\/wp-content\/uploads\/2020\/08\/AdobeStock_104474442-scaled-600x401.jpeg 600w, https:\/\/ltg-academy.ch\/wp-content\/uploads\/2020\/08\/AdobeStock_104474442-300x200.jpeg 300w, https:\/\/ltg-academy.ch\/wp-content\/uploads\/2020\/08\/AdobeStock_104474442-1024x684.jpeg 1024w, https:\/\/ltg-academy.ch\/wp-content\/uploads\/2020\/08\/AdobeStock_104474442-768x513.jpeg 768w, https:\/\/ltg-academy.ch\/wp-content\/uploads\/2020\/08\/AdobeStock_104474442-1536x1025.jpeg 1536w\" sizes=\"auto, (max-width: 1617px) 100vw, 1617px\" \/>\n                            <a href=\"https:\/\/ltg-academy.ch\/product\/individual-classes\/\">\n            \n            <div class=\"mkdf-imt-overlay\">\n                <div class=\"mkdf-imt-icon-holder\">\n                                    <\/div>\n            <\/div>\n\n                            <\/a>\n                    <\/div>\n    \n\n    <div class=\"mkdf-content-holder\">\n        <h4 class=\"mkdf-image-with-text-title\">\n            DEBUTANTS        <\/h4>\n                    <p class=\"mkdf-image-with-text\">Si vous n&#039;avez jamais \u00e9tudi\u00e9 le fran\u00e7ais auparavant, ces cours sont faits pour vous. Que vous cherchiez une introduction \u00e0 la langue avant des vacances ou que vous souhaitiez \u00e9tudier de mani\u00e8re intensive, nous avons une gamme de cours pour d\u00e9butants disponibles.<\/p>\n        \n        <div class=\"mkdf-imt-link-holder\">\n\t        <a class=\"mkdf-arrow-link\" href=\"https:\/\/ltg-academy.ch\/product\/individual-classes\/\" target=\"_self\">\n\t            <span class=\"mkdf-al-icon\">\n\t\t\t\t\t<span class=\"icon-arrow-right-circle\"><\/span>\n\t\t\t\t<\/span>\n\t\t        <span class=\"mkdf-al-text\">Voir<\/span>\n\t        <\/a>\n        <\/div>\n    <\/div>\n<\/div>\n\n[\/vc_column][vc_column width=\u00a0\u00bb1\/4&Prime;]<div class=\"mkdf-image-with-text-holder standard\">\n\n            <div class=\"mkdf-imt-image\">\n            <img loading=\"lazy\" decoding=\"async\" width=\"1619\" height=\"1080\" src=\"https:\/\/ltg-academy.ch\/wp-content\/uploads\/2020\/08\/AdobeStock_188382306-scaled.jpeg\" class=\"attachment-full size-full\" alt=\"Language for Business\" srcset=\"https:\/\/ltg-academy.ch\/wp-content\/uploads\/2020\/08\/AdobeStock_188382306-scaled.jpeg 1619w, https:\/\/ltg-academy.ch\/wp-content\/uploads\/2020\/08\/AdobeStock_188382306-scaled-600x400.jpeg 600w, https:\/\/ltg-academy.ch\/wp-content\/uploads\/2020\/08\/AdobeStock_188382306-300x200.jpeg 300w, https:\/\/ltg-academy.ch\/wp-content\/uploads\/2020\/08\/AdobeStock_188382306-1024x683.jpeg 1024w, https:\/\/ltg-academy.ch\/wp-content\/uploads\/2020\/08\/AdobeStock_188382306-768x513.jpeg 768w, https:\/\/ltg-academy.ch\/wp-content\/uploads\/2020\/08\/AdobeStock_188382306-1536x1025.jpeg 1536w\" sizes=\"auto, (max-width: 1619px) 100vw, 1619px\" \/>\n                            <a href=\"https:\/\/ltg-academy.ch\/product\/individual-classes\/\">\n            \n            <div class=\"mkdf-imt-overlay\">\n                <div class=\"mkdf-imt-icon-holder\">\n                                    <\/div>\n            <\/div>\n\n                            <\/a>\n                    <\/div>\n    \n\n    <div class=\"mkdf-content-holder\">\n        <h4 class=\"mkdf-image-with-text-title\">\n            NIVEAU DE BASE        <\/h4>\n                    <p class=\"mkdf-image-with-text\">Si vous avez une connaissance de base du fran\u00e7ais, vous \u00eates pr\u00eat \u00e0 passer \u00e0 nos cours \u00e9l\u00e9mentaires o\u00f9 vous vous appuierez sur les fondations et acquerrez une compr\u00e9hension plus solide de la langue.<\/p>\n        \n        <div class=\"mkdf-imt-link-holder\">\n\t        <a class=\"mkdf-arrow-link\" href=\"https:\/\/ltg-academy.ch\/product\/individual-classes\/\" target=\"_self\">\n\t            <span class=\"mkdf-al-icon\">\n\t\t\t\t\t<span class=\"icon-arrow-right-circle\"><\/span>\n\t\t\t\t<\/span>\n\t\t        <span class=\"mkdf-al-text\">Voir<\/span>\n\t        <\/a>\n        <\/div>\n    <\/div>\n<\/div>\n\n[\/vc_column][vc_column width=\u00a0\u00bb1\/4&Prime;]<div class=\"mkdf-image-with-text-holder standard\">\n\n            <div class=\"mkdf-imt-image\">\n            <img loading=\"lazy\" decoding=\"async\" width=\"1578\" height=\"1080\" src=\"https:\/\/ltg-academy.ch\/wp-content\/uploads\/2020\/08\/AdobeStock_209619947-scaled.jpeg\" class=\"attachment-full size-full\" alt=\"Friendly joyful team is photographing themselves\" srcset=\"https:\/\/ltg-academy.ch\/wp-content\/uploads\/2020\/08\/AdobeStock_209619947-scaled.jpeg 1578w, https:\/\/ltg-academy.ch\/wp-content\/uploads\/2020\/08\/AdobeStock_209619947-scaled-600x411.jpeg 600w, https:\/\/ltg-academy.ch\/wp-content\/uploads\/2020\/08\/AdobeStock_209619947-300x205.jpeg 300w, https:\/\/ltg-academy.ch\/wp-content\/uploads\/2020\/08\/AdobeStock_209619947-1024x701.jpeg 1024w, https:\/\/ltg-academy.ch\/wp-content\/uploads\/2020\/08\/AdobeStock_209619947-768x526.jpeg 768w, https:\/\/ltg-academy.ch\/wp-content\/uploads\/2020\/08\/AdobeStock_209619947-1536x1051.jpeg 1536w\" sizes=\"auto, (max-width: 1578px) 100vw, 1578px\" \/>\n                            <a href=\"https:\/\/ltg-academy.ch\/product\/individual-classes\/\">\n            \n            <div class=\"mkdf-imt-overlay\">\n                <div class=\"mkdf-imt-icon-holder\">\n                                    <\/div>\n            <\/div>\n\n                            <\/a>\n                    <\/div>\n    \n\n    <div class=\"mkdf-content-holder\">\n        <h4 class=\"mkdf-image-with-text-title\">\n            PR\u00c9-INTERM\u00c9DIAIRE        <\/h4>\n                    <p class=\"mkdf-image-with-text\">Si vous avez une solide ma\u00eetrise du vocabulaire et de la grammaire du niveau \u00e9l\u00e9mentaire et que vous souhaitez approfondir la langue, nos cours pr\u00e9-interm\u00e9diaires sont une excellente continuation.<\/p>\n        \n        <div class=\"mkdf-imt-link-holder\">\n\t        <a class=\"mkdf-arrow-link\" href=\"https:\/\/ltg-academy.ch\/product\/individual-classes\/\" target=\"_self\">\n\t            <span class=\"mkdf-al-icon\">\n\t\t\t\t\t<span class=\"icon-arrow-right-circle\"><\/span>\n\t\t\t\t<\/span>\n\t\t        <span class=\"mkdf-al-text\">Voir<\/span>\n\t        <\/a>\n        <\/div>\n    <\/div>\n<\/div>\n\n[\/vc_column][vc_column width=\u00a0\u00bb1\/4&Prime;]<div class=\"mkdf-image-with-text-holder standard\">\n\n            <div class=\"mkdf-imt-image\">\n            <img loading=\"lazy\" decoding=\"async\" width=\"1620\" height=\"1080\" src=\"https:\/\/ltg-academy.ch\/wp-content\/uploads\/2020\/08\/AdobeStock_223872340-scaled.jpeg\" class=\"attachment-full size-full\" alt=\"Good looking smiling man showing OK sign with two hands\" srcset=\"https:\/\/ltg-academy.ch\/wp-content\/uploads\/2020\/08\/AdobeStock_223872340-scaled.jpeg 1620w, https:\/\/ltg-academy.ch\/wp-content\/uploads\/2020\/08\/AdobeStock_223872340-scaled-600x400.jpeg 600w, https:\/\/ltg-academy.ch\/wp-content\/uploads\/2020\/08\/AdobeStock_223872340-300x200.jpeg 300w, https:\/\/ltg-academy.ch\/wp-content\/uploads\/2020\/08\/AdobeStock_223872340-1024x683.jpeg 1024w, https:\/\/ltg-academy.ch\/wp-content\/uploads\/2020\/08\/AdobeStock_223872340-768x512.jpeg 768w, https:\/\/ltg-academy.ch\/wp-content\/uploads\/2020\/08\/AdobeStock_223872340-1536x1024.jpeg 1536w\" sizes=\"auto, (max-width: 1620px) 100vw, 1620px\" \/>\n                            <a href=\"https:\/\/ltg-academy.ch\/product\/individual-classes\/\">\n            \n            <div class=\"mkdf-imt-overlay\">\n                <div class=\"mkdf-imt-icon-holder\">\n                                    <\/div>\n            <\/div>\n\n                            <\/a>\n                    <\/div>\n    \n\n    <div class=\"mkdf-content-holder\">\n        <h4 class=\"mkdf-image-with-text-title\">\n            INTERMEDIAIRE        <\/h4>\n                    <p class=\"mkdf-image-with-text\">Si vous cherchez \u00e0 progresser vers un niveau de fran\u00e7ais plus \u00e9lev\u00e9, ces cours sont faits pour vous. Faites passer vos comp\u00e9tences linguistiques au niveau sup\u00e9rieur et travaillez sur votre aisance et votre confiance en vous avec nos cours de niveau interm\u00e9diaire.<\/p>\n        \n        <div class=\"mkdf-imt-link-holder\">\n\t        <a class=\"mkdf-arrow-link\" href=\"https:\/\/ltg-academy.ch\/product\/individual-classes\/\" target=\"_self\">\n\t            <span class=\"mkdf-al-icon\">\n\t\t\t\t\t<span class=\"icon-arrow-right-circle\"><\/span>\n\t\t\t\t<\/span>\n\t\t        <span class=\"mkdf-al-text\">Voir<\/span>\n\t        <\/a>\n        <\/div>\n    <\/div>\n<\/div>\n\n[\/vc_column][\/vc_row][vc_row][vc_column width=\u00a0\u00bb1\/4&Prime;]<div class=\"mkdf-image-with-text-holder standard\">\n\n            <div class=\"mkdf-imt-image\">\n            <img loading=\"lazy\" decoding=\"async\" width=\"1620\" height=\"1080\" src=\"https:\/\/ltg-academy.ch\/wp-content\/uploads\/2020\/08\/AdobeStock_215965219-scaled.jpeg\" class=\"attachment-full size-full\" alt=\"Portrait of successful businesswoman holding digital tablet\" srcset=\"https:\/\/ltg-academy.ch\/wp-content\/uploads\/2020\/08\/AdobeStock_215965219-scaled.jpeg 1620w, https:\/\/ltg-academy.ch\/wp-content\/uploads\/2020\/08\/AdobeStock_215965219-scaled-600x400.jpeg 600w, https:\/\/ltg-academy.ch\/wp-content\/uploads\/2020\/08\/AdobeStock_215965219-300x200.jpeg 300w, https:\/\/ltg-academy.ch\/wp-content\/uploads\/2020\/08\/AdobeStock_215965219-1024x683.jpeg 1024w, https:\/\/ltg-academy.ch\/wp-content\/uploads\/2020\/08\/AdobeStock_215965219-768x512.jpeg 768w, https:\/\/ltg-academy.ch\/wp-content\/uploads\/2020\/08\/AdobeStock_215965219-1536x1024.jpeg 1536w\" sizes=\"auto, (max-width: 1620px) 100vw, 1620px\" \/>\n                            <a href=\"https:\/\/ltg-academy.ch\/product\/individual-classes\/\">\n            \n            <div class=\"mkdf-imt-overlay\">\n                <div class=\"mkdf-imt-icon-holder\">\n                                    <\/div>\n            <\/div>\n\n                            <\/a>\n                    <\/div>\n    \n\n    <div class=\"mkdf-content-holder\">\n        <h4 class=\"mkdf-image-with-text-title\">\n            AVANCE        <\/h4>\n                    <p class=\"mkdf-image-with-text\">Travaillez vos comp\u00e9tences de conversation ainsi que votre compr\u00e9hension et vos connaissances culturelles avec nos cours de fran\u00e7ais de niveau avanc\u00e9.<\/p>\n        \n        <div class=\"mkdf-imt-link-holder\">\n\t        <a class=\"mkdf-arrow-link\" href=\"https:\/\/ltg-academy.ch\/product\/individual-classes\/\" target=\"_self\">\n\t            <span class=\"mkdf-al-icon\">\n\t\t\t\t\t<span class=\"icon-arrow-right-circle\"><\/span>\n\t\t\t\t<\/span>\n\t\t        <span class=\"mkdf-al-text\">Voir<\/span>\n\t        <\/a>\n        <\/div>\n    <\/div>\n<\/div>\n\n[\/vc_column][vc_column width=\u00a0\u00bb1\/4&Prime;]<div class=\"mkdf-image-with-text-holder standard\">\n\n            <div class=\"mkdf-imt-image\">\n            <img loading=\"lazy\" decoding=\"async\" width=\"1620\" height=\"1080\" src=\"https:\/\/ltg-academy.ch\/wp-content\/uploads\/2020\/08\/AdobeStock_224315609-scaled.jpeg\" class=\"attachment-full size-full\" alt=\"Businesswoman with a lot of work to do meditating in office\" srcset=\"https:\/\/ltg-academy.ch\/wp-content\/uploads\/2020\/08\/AdobeStock_224315609-scaled.jpeg 1620w, https:\/\/ltg-academy.ch\/wp-content\/uploads\/2020\/08\/AdobeStock_224315609-scaled-600x400.jpeg 600w, https:\/\/ltg-academy.ch\/wp-content\/uploads\/2020\/08\/AdobeStock_224315609-300x200.jpeg 300w, https:\/\/ltg-academy.ch\/wp-content\/uploads\/2020\/08\/AdobeStock_224315609-1024x683.jpeg 1024w, https:\/\/ltg-academy.ch\/wp-content\/uploads\/2020\/08\/AdobeStock_224315609-768x512.jpeg 768w, https:\/\/ltg-academy.ch\/wp-content\/uploads\/2020\/08\/AdobeStock_224315609-1536x1024.jpeg 1536w\" sizes=\"auto, (max-width: 1620px) 100vw, 1620px\" \/>\n                            <a href=\"https:\/\/ltg-academy.ch\/product\/individual-classes\/\">\n            \n            <div class=\"mkdf-imt-overlay\">\n                <div class=\"mkdf-imt-icon-holder\">\n                                    <\/div>\n            <\/div>\n\n                            <\/a>\n                    <\/div>\n    \n\n    <div class=\"mkdf-content-holder\">\n        <h4 class=\"mkdf-image-with-text-title\">\n            INDIVIDUELS        <\/h4>\n                    <p class=\"mkdf-image-with-text\">Les cours particuliers de fran\u00e7ais sont destin\u00e9s aux apprenants qui ont besoin d&#039;un tutorat individuel. Les le\u00e7ons priv\u00e9es se concentrent sur vos besoins d&#039;apprentissage exacts et peuvent \u00eatre programm\u00e9es en fonction de vos engagements.<\/p>\n        \n        <div class=\"mkdf-imt-link-holder\">\n\t        <a class=\"mkdf-arrow-link\" href=\"https:\/\/ltg-academy.ch\/product\/individual-classes\/\" target=\"_self\">\n\t            <span class=\"mkdf-al-icon\">\n\t\t\t\t\t<span class=\"icon-arrow-right-circle\"><\/span>\n\t\t\t\t<\/span>\n\t\t        <span class=\"mkdf-al-text\">Voir<\/span>\n\t        <\/a>\n        <\/div>\n    <\/div>\n<\/div>\n\n[\/vc_column][vc_column width=\u00a0\u00bb1\/4&Prime;]<div class=\"mkdf-image-with-text-holder standard\">\n\n            <div class=\"mkdf-imt-image\">\n            <img loading=\"lazy\" decoding=\"async\" width=\"1620\" height=\"1080\" src=\"https:\/\/ltg-academy.ch\/wp-content\/uploads\/2020\/08\/AdobeStock_243744786-scaled.jpeg\" class=\"attachment-full size-full\" alt=\"Happy young business woman having fun and holding red apple over her head in the office.\" srcset=\"https:\/\/ltg-academy.ch\/wp-content\/uploads\/2020\/08\/AdobeStock_243744786-scaled.jpeg 1620w, https:\/\/ltg-academy.ch\/wp-content\/uploads\/2020\/08\/AdobeStock_243744786-scaled-600x400.jpeg 600w, https:\/\/ltg-academy.ch\/wp-content\/uploads\/2020\/08\/AdobeStock_243744786-300x200.jpeg 300w, https:\/\/ltg-academy.ch\/wp-content\/uploads\/2020\/08\/AdobeStock_243744786-1024x683.jpeg 1024w, https:\/\/ltg-academy.ch\/wp-content\/uploads\/2020\/08\/AdobeStock_243744786-768x512.jpeg 768w, https:\/\/ltg-academy.ch\/wp-content\/uploads\/2020\/08\/AdobeStock_243744786-1536x1024.jpeg 1536w\" sizes=\"auto, (max-width: 1620px) 100vw, 1620px\" \/>\n                            <a href=\"https:\/\/ltg-academy.ch\/product\/group-classes\/\">\n            \n            <div class=\"mkdf-imt-overlay\">\n                <div class=\"mkdf-imt-icon-holder\">\n                                    <\/div>\n            <\/div>\n\n                            <\/a>\n                    <\/div>\n    \n\n    <div class=\"mkdf-content-holder\">\n        <h4 class=\"mkdf-image-with-text-title\">\n            GROUPE FERME        <\/h4>\n                    <p class=\"mkdf-image-with-text\">Nos cours en groupe ferm\u00e9 sont disponibles pour les groupes d&#039;un certain niveau qui souhaitent \u00e9tudier ensemble en priv\u00e9, qu&#039;il s&#039;agisse d&#039;amis, de membres de la famille ou d&#039;anciens camarades de classe qui souhaitent progresser ensemble.<\/p>\n        \n        <div class=\"mkdf-imt-link-holder\">\n\t        <a class=\"mkdf-arrow-link\" href=\"https:\/\/ltg-academy.ch\/product\/group-classes\/\" target=\"_self\">\n\t            <span class=\"mkdf-al-icon\">\n\t\t\t\t\t<span class=\"icon-arrow-right-circle\"><\/span>\n\t\t\t\t<\/span>\n\t\t        <span class=\"mkdf-al-text\">Voir<\/span>\n\t        <\/a>\n        <\/div>\n    <\/div>\n<\/div>\n\n[\/vc_column][vc_column width=\u00a0\u00bb1\/4&Prime;]<div class=\"mkdf-image-with-text-holder standard\">\n\n            <div class=\"mkdf-imt-image\">\n            <img loading=\"lazy\" decoding=\"async\" width=\"1620\" height=\"1080\" src=\"https:\/\/ltg-academy.ch\/wp-content\/uploads\/2020\/08\/AdobeStock_103180218-scaled.jpeg\" class=\"attachment-full size-full\" alt=\"Three business women in modern office celebrating good project results.\" srcset=\"https:\/\/ltg-academy.ch\/wp-content\/uploads\/2020\/08\/AdobeStock_103180218-scaled.jpeg 1620w, https:\/\/ltg-academy.ch\/wp-content\/uploads\/2020\/08\/AdobeStock_103180218-scaled-600x400.jpeg 600w, https:\/\/ltg-academy.ch\/wp-content\/uploads\/2020\/08\/AdobeStock_103180218-300x200.jpeg 300w, https:\/\/ltg-academy.ch\/wp-content\/uploads\/2020\/08\/AdobeStock_103180218-1024x683.jpeg 1024w, https:\/\/ltg-academy.ch\/wp-content\/uploads\/2020\/08\/AdobeStock_103180218-768x512.jpeg 768w, https:\/\/ltg-academy.ch\/wp-content\/uploads\/2020\/08\/AdobeStock_103180218-1536x1024.jpeg 1536w\" sizes=\"auto, (max-width: 1620px) 100vw, 1620px\" \/>\n                            <a href=\"https:\/\/ltg-academy.ch\/book-a-class\/\">\n            \n            <div class=\"mkdf-imt-overlay\">\n                <div class=\"mkdf-imt-icon-holder\">\n                                    <\/div>\n            <\/div>\n\n                            <\/a>\n                    <\/div>\n    \n\n    <div class=\"mkdf-content-holder\">\n        <h4 class=\"mkdf-image-with-text-title\">\n            DANS L&#039;ENTREPRISE        <\/h4>\n                    <p class=\"mkdf-image-with-text\">Notre \u00e9quipe peut organiser des cours de langue individuels et collectifs en entreprise sur mesure, en fonction des besoins sp\u00e9cifiques des entreprises, des secteurs, des calendriers et des budgets.<\/p>\n        \n        <div class=\"mkdf-imt-link-holder\">\n\t        <a class=\"mkdf-arrow-link\" href=\"https:\/\/ltg-academy.ch\/book-a-class\/\" target=\"_self\">\n\t            <span class=\"mkdf-al-icon\">\n\t\t\t\t\t<span class=\"icon-arrow-right-circle\"><\/span>\n\t\t\t\t<\/span>\n\t\t        <span class=\"mkdf-al-text\">Voir<\/span>\n\t        <\/a>\n        <\/div>\n    <\/div>\n<\/div>\n\n[\/vc_column][\/vc_row][vc_row content_width=\u00a0\u00bbgrid\u00a0\u00bb content_aligment=\u00a0\u00bbcenter\u00a0\u00bb][vc_column][vc_empty_space height=\u00a0\u00bb100&Prime;]<div class=\"mkdf-section-title-holder\">\n\t<h2 class=\"mkdf-section-title mkdf-section-title-small\" >Syst\u00e8me de formation integr\u00e9<\/h2>\n<\/div><div class=\"mkdf-separator-holder clearfix  mkdf-separator-center\">\n\t<div class=\"mkdf-separator\" style=\"border-color: #dd3333;width: 33px;border-bottom-width: 3px;margin-top: 13px;margin-bottom: 20px\"><\/div>\n<\/div>\n[vc_column_text]En classe virtuelle et\/ou en pr\u00e9sentiel l&rsquo;apprenant LTG retrouvera sur chaque support didactique (e-book, audio, e-learning, etc&#8230;), les m\u00eames th\u00e8mes, le m\u00eame vocabulaire, les m\u00eames \u00e9l\u00e9ments de grammaire appliqu\u00e9e et les expressions typiques tout au long de son programme.[\/vc_column_text][vc_empty_space height=\u00a0\u00bb120&Prime;][vc_single_image image=\u00a0\u00bb4622&Prime; img_size=\u00a0\u00bbfull\u00a0\u00bb alignment=\u00a0\u00bbcenter\u00a0\u00bb css_animation=\u00a0\u00bbfadeInLeft\u00a0\u00bb][vc_empty_space height=\u00a0\u00bb150&Prime;][\/vc_column][\/vc_row][vc_row content_aligment=\u00a0\u00bbcenter\u00a0\u00bb][vc_column]<div class=\"mkdf-section-title-holder\">\n\t<h2 class=\"mkdf-section-title mkdf-section-title-small\" >Les avantages de nos cours de fran\u00e7ais en Suisse et en ligne<\/h2>\n<\/div><div class=\"mkdf-separator-holder clearfix  mkdf-separator-center\">\n\t<div class=\"mkdf-separator\" style=\"border-color: #dd3333;width: 33px;border-bottom-width: 3px;margin-top: 13px;margin-bottom: 20px\"><\/div>\n<\/div>\n[vc_empty_space height=\u00a0\u00bb60&Prime;][\/vc_column][\/vc_row][vc_row content_width=\u00a0\u00bbgrid\u00a0\u00bb el_class=\u00a0\u00bbtext-length-extended\u00a0\u00bb][vc_column width=\u00a0\u00bb1\/3&Prime;]<div class=\"mkdf-image-with-text-holder box\">\n\n            <div class=\"mkdf-imt-image\">\n\t            \n                <div class=\"mkdf-imt-overlay\">\n\t                                <\/div>\n\n\t                        <img loading=\"lazy\" decoding=\"async\" width=\"1620\" height=\"1080\" src=\"https:\/\/ltg-academy.ch\/wp-content\/uploads\/2020\/08\/AdobeStock_224315609-scaled.jpeg\" class=\"attachment-full size-full\" alt=\"Businesswoman with a lot of work to do meditating in office\" srcset=\"https:\/\/ltg-academy.ch\/wp-content\/uploads\/2020\/08\/AdobeStock_224315609-scaled.jpeg 1620w, https:\/\/ltg-academy.ch\/wp-content\/uploads\/2020\/08\/AdobeStock_224315609-scaled-600x400.jpeg 600w, https:\/\/ltg-academy.ch\/wp-content\/uploads\/2020\/08\/AdobeStock_224315609-300x200.jpeg 300w, https:\/\/ltg-academy.ch\/wp-content\/uploads\/2020\/08\/AdobeStock_224315609-1024x683.jpeg 1024w, https:\/\/ltg-academy.ch\/wp-content\/uploads\/2020\/08\/AdobeStock_224315609-768x512.jpeg 768w, https:\/\/ltg-academy.ch\/wp-content\/uploads\/2020\/08\/AdobeStock_224315609-1536x1024.jpeg 1536w\" sizes=\"auto, (max-width: 1620px) 100vw, 1620px\" \/>        <\/div>\n    \n    <div class=\"mkdf-content-holder\">\n        <h4 class=\"mkdf-image-with-text-title\">\n            Cours en petits groupes en ligne        <\/h4>\n                    <p class=\"mkdf-image-with-text\">Nous sommes la seule \u00e9cole qui limite ses cours collectifs (\u00e9galement sur Zoom) \u00e0 un maximum de 6 \u00e9tudiants. Nous voulons nous assurer que chaque \u00e9tudiant re\u00e7oit l&#039;attention individuelle n\u00e9cessaire pour travailler \u00e0 son propre rythme dans le processus d&#039;apprentissage. Nos cours de fran\u00e7ais en ligne abordables sont dirig\u00e9s par des instructeurs experts de langue maternelle qui s&#039;assureront que votre cours est amusant et efficace. Consultez nos salles d&#039;\u00e9tude de fran\u00e7ais pour une option ``choisissez ce que vous payez`` !<\/p>\n        \n        <div class=\"mkdf-imt-link-holder\">\n                <\/div>\n    <\/div>\n<\/div>\n\n[\/vc_column][vc_column width=\u00a0\u00bb1\/3&Prime;]<div class=\"mkdf-image-with-text-holder box\">\n\n            <div class=\"mkdf-imt-image\">\n\t            \n                <div class=\"mkdf-imt-overlay\">\n\t                                <\/div>\n\n\t                        <img loading=\"lazy\" decoding=\"async\" width=\"1620\" height=\"1080\" src=\"https:\/\/ltg-academy.ch\/wp-content\/uploads\/2020\/08\/AdobeStock_230407433-scaled.jpeg\" class=\"attachment-full size-full\" alt=\"Happy young business woman posing isolated over grey wall background.\" srcset=\"https:\/\/ltg-academy.ch\/wp-content\/uploads\/2020\/08\/AdobeStock_230407433-scaled.jpeg 1620w, https:\/\/ltg-academy.ch\/wp-content\/uploads\/2020\/08\/AdobeStock_230407433-scaled-600x400.jpeg 600w, https:\/\/ltg-academy.ch\/wp-content\/uploads\/2020\/08\/AdobeStock_230407433-300x200.jpeg 300w, https:\/\/ltg-academy.ch\/wp-content\/uploads\/2020\/08\/AdobeStock_230407433-1024x683.jpeg 1024w, https:\/\/ltg-academy.ch\/wp-content\/uploads\/2020\/08\/AdobeStock_230407433-768x512.jpeg 768w, https:\/\/ltg-academy.ch\/wp-content\/uploads\/2020\/08\/AdobeStock_230407433-1536x1024.jpeg 1536w\" sizes=\"auto, (max-width: 1620px) 100vw, 1620px\" \/>        <\/div>\n    \n    <div class=\"mkdf-content-holder\">\n        <h4 class=\"mkdf-image-with-text-title\">\n            Approche personnalis\u00e9e et nouvelles technologies        <\/h4>\n                    <p class=\"mkdf-image-with-text\">Nous prenons le temps de conna\u00eetre nos \u00e9tudiants, afin de nous assurer que nous proposons une approche sur mesure pour vous aider \u00e0 am\u00e9liorer votre fran\u00e7ais, quel que soit votre niveau. Passez notre Test de Placement en Fran\u00e7ais pour conna\u00eetre votre niveau ! Bas\u00e9s sur le mod\u00e8le europ\u00e9en (CECR), les cours couvrent tous les niveaux de comp\u00e9tence et sont dispens\u00e9s avec les derni\u00e8res technologies d&#039;enseignement en ligne qui vous permettront d&#039;am\u00e9liorer votre fran\u00e7ais entre les cours gr\u00e2ce \u00e0 des vid\u00e9os et des applications en ligne.<\/p>\n        \n        <div class=\"mkdf-imt-link-holder\">\n                <\/div>\n    <\/div>\n<\/div>\n\n[\/vc_column][vc_column width=\u00a0\u00bb1\/3&Prime;]<div class=\"mkdf-image-with-text-holder box\">\n\n            <div class=\"mkdf-imt-image\">\n\t            \n                <div class=\"mkdf-imt-overlay\">\n\t                                <\/div>\n\n\t                        <img loading=\"lazy\" decoding=\"async\" width=\"1620\" height=\"1080\" src=\"https:\/\/ltg-academy.ch\/wp-content\/uploads\/2020\/08\/AdobeStock_215510203-scaled.jpeg\" class=\"attachment-full size-full\" alt=\"image of tangram puzzle blocks with people icons over wooden table ,human resources and management concept.\" srcset=\"https:\/\/ltg-academy.ch\/wp-content\/uploads\/2020\/08\/AdobeStock_215510203-scaled.jpeg 1620w, https:\/\/ltg-academy.ch\/wp-content\/uploads\/2020\/08\/AdobeStock_215510203-scaled-600x400.jpeg 600w, https:\/\/ltg-academy.ch\/wp-content\/uploads\/2020\/08\/AdobeStock_215510203-300x200.jpeg 300w, https:\/\/ltg-academy.ch\/wp-content\/uploads\/2020\/08\/AdobeStock_215510203-1024x683.jpeg 1024w, https:\/\/ltg-academy.ch\/wp-content\/uploads\/2020\/08\/AdobeStock_215510203-768x512.jpeg 768w, https:\/\/ltg-academy.ch\/wp-content\/uploads\/2020\/08\/AdobeStock_215510203-1536x1024.jpeg 1536w\" sizes=\"auto, (max-width: 1620px) 100vw, 1620px\" \/>        <\/div>\n    \n    <div class=\"mkdf-content-holder\">\n        <h4 class=\"mkdf-image-with-text-title\">\n            Rejoindre une communaut\u00e9 francophone        <\/h4>\n                    <p class=\"mkdf-image-with-text\">Nous sommes ouverts et voulons vous mettre en contact avec la communaut\u00e9 francophone pr\u00e8s de chez vous. Nous proposons des ateliers de fran\u00e7ais en ligne pour vous aider \u00e0 pratiquer votre fran\u00e7ais en dehors des salles de classe avec un professeur et avec d&#039;autres francophiles. Rejoignez notre Instagram Live chaque semaine pour des ateliers amusants avec diff\u00e9rents partenaires dans la ville ou avec votre instructeur talentueux.<\/p>\n        \n        <div class=\"mkdf-imt-link-holder\">\n                <\/div>\n    <\/div>\n<\/div>\n\n[\/vc_column][\/vc_row][vc_row][vc_column][vc_empty_space height=\u00a0\u00bb70&Prime;][\/vc_column][\/vc_row][vc_row row_type=\u00a0\u00bbparallax\u00a0\u00bb content_width=\u00a0\u00bbgrid\u00a0\u00bb content_aligment=\u00a0\u00bbcenter\u00a0\u00bb full_screen_section_height=\u00a0\u00bbno\u00a0\u00bb parallax_background_image=\u00a0\u00bb337&Prime; el_id=\u00a0\u00bbNous contacter\u00a0\u00bb][vc_column width=\u00a0\u00bb1\/6&Prime;][\/vc_column][vc_column width=\u00a0\u00bb2\/3&Prime;][vc_empty_space height=\u00a0\u00bb70&Prime;]<div class=\"mkdf-section-title-holder\">\n\t<h2 class=\"mkdf-section-title mkdf-section-title-small\" style=\"color: #ffffff\">Nous contacter<\/h2>\n<\/div><div class=\"mkdf-separator-holder clearfix  mkdf-separator-center\">\n\t<div class=\"mkdf-separator\" style=\"border-color: #dd3333;width: 33px;border-bottom-width: 3px;margin-top: 13px;margin-bottom: 20px\"><\/div>\n<\/div>\n\n<div class=\"wpcf7 no-js\" id=\"wpcf7-f6532-o1\" lang=\"en-US\" dir=\"ltr\" data-wpcf7-id=\"6532\">\n<div class=\"screen-reader-response\"><p role=\"status\" aria-live=\"polite\" aria-atomic=\"true\"><\/p> <ul><\/ul><\/div>\n<form action=\"\/fr\/wp-json\/wp\/v2\/pages\/6501#wpcf7-f6532-o1\" method=\"post\" class=\"wpcf7-form init cf7_custom_style_1\" aria-label=\"Contact form\" novalidate=\"novalidate\" data-status=\"init\">\n<fieldset class=\"hidden-fields-container\"><input type=\"hidden\" name=\"_wpcf7\" value=\"6532\" \/><input type=\"hidden\" name=\"_wpcf7_version\" value=\"6.1.3\" \/><input type=\"hidden\" name=\"_wpcf7_locale\" value=\"en_US\" \/><input type=\"hidden\" name=\"_wpcf7_unit_tag\" value=\"wpcf7-f6532-o1\" \/><input type=\"hidden\" name=\"_wpcf7_container_post\" value=\"0\" \/><input type=\"hidden\" name=\"_wpcf7_posted_data_hash\" value=\"\" \/><input type=\"hidden\" name=\"_wpcf7_recaptcha_response\" value=\"\" \/>\n<\/fieldset>\n<p><label> Titre <span class=\"redasterix\">*<\/span><\/label><br \/>\n<label> <span class=\"wpcf7-form-control-wrap\" data-name=\"title\"><select class=\"wpcf7-form-control wpcf7-select wpcf7-validates-as-required\" aria-required=\"true\" aria-invalid=\"false\" name=\"title\"><option value=\"Mrs.\">Mrs.<\/option><option value=\"Mr.\">Mr.<\/option><\/select><\/span><\/label>\n<\/p>\n<p><label> Nom complet <span class=\"redasterix\">*<\/span> <\/label>\n<\/p>\n<div class=\"one-half\">\n\t<p><label> <span class=\"wpcf7-form-control-wrap\" data-name=\"first-name\"><input size=\"40\" maxlength=\"400\" class=\"wpcf7-form-control wpcf7-text wpcf7-validates-as-required\" aria-required=\"true\" aria-invalid=\"false\" placeholder=\"First name\" value=\"\" type=\"text\" name=\"first-name\" \/><\/span><\/label>\n\t<\/p>\n<\/div>\n<div class=\"one-half last\">\n\t<p><label> <span class=\"wpcf7-form-control-wrap\" data-name=\"last-name\"><input size=\"40\" maxlength=\"400\" class=\"wpcf7-form-control wpcf7-text wpcf7-validates-as-required\" aria-required=\"true\" aria-invalid=\"false\" placeholder=\"Last name\" value=\"\" type=\"text\" name=\"last-name\" \/><\/span><\/label>\n\t<\/p>\n<\/div>\n<p><label>Courriel <span class=\"redasterix\">*<\/span><\/label><br \/>\n<label> <span class=\"wpcf7-form-control-wrap\" data-name=\"email\"><input size=\"40\" maxlength=\"400\" class=\"wpcf7-form-control wpcf7-email wpcf7-validates-as-required wpcf7-text wpcf7-validates-as-email\" aria-required=\"true\" aria-invalid=\"false\" value=\"\" type=\"email\" name=\"email\" \/><\/span><\/label>\n<\/p>\n<p><label>Centre le plus proche de chez vous <span class=\"redasterix\">*<\/span><\/label>\n<\/p>\n<p><span class=\"wpcf7-form-control-wrap\" data-name=\"radio-buttons\"><span class=\"wpcf7-form-control wpcf7-radio\"><span class=\"wpcf7-list-item first\"><input type=\"radio\" name=\"radio-buttons\" value=\"Geneva\" checked=\"checked\" \/><span class=\"wpcf7-list-item-label\">Geneva<\/span><\/span><span class=\"wpcf7-list-item\"><input type=\"radio\" name=\"radio-buttons\" value=\"Nyon\" \/><span class=\"wpcf7-list-item-label\">Nyon<\/span><\/span><span class=\"wpcf7-list-item\"><input type=\"radio\" name=\"radio-buttons\" value=\"Lausanne\" \/><span class=\"wpcf7-list-item-label\">Lausanne<\/span><\/span><span class=\"wpcf7-list-item\"><input type=\"radio\" name=\"radio-buttons\" value=\"Basel\" \/><span class=\"wpcf7-list-item-label\">Basel<\/span><\/span><span class=\"wpcf7-list-item\"><input type=\"radio\" name=\"radio-buttons\" value=\"Zurich\" \/><span class=\"wpcf7-list-item-label\">Zurich<\/span><\/span><span class=\"wpcf7-list-item last\"><input type=\"radio\" name=\"radio-buttons\" value=\"Bern\" \/><span class=\"wpcf7-list-item-label\">Bern<\/span><\/span><\/span><\/span>\n<\/p>\n<p><label> Entreprise <\/label><br \/>\n<label> <span class=\"wpcf7-form-control-wrap\" data-name=\"your-subject\"><input size=\"40\" maxlength=\"400\" class=\"wpcf7-form-control wpcf7-text\" aria-invalid=\"false\" value=\"\" type=\"text\" name=\"your-subject\" \/><\/span> <\/label>\n<\/p>\n<p><label> T\u00e9l\u00e9phone <\/label><br \/>\n<label><span class=\"wpcf7-form-control-wrap\" data-name=\"phone\"><input size=\"40\" maxlength=\"400\" class=\"wpcf7-form-control wpcf7-tel wpcf7-text wpcf7-validates-as-tel\" aria-invalid=\"false\" value=\"\" type=\"tel\" name=\"phone\" \/><\/span> <\/label>\n<\/p>\n<p><label> Message <span class=\"redasterix\">*<\/span> <\/label><br \/>\n<label><span class=\"wpcf7-form-control-wrap\" data-name=\"message\"><textarea cols=\"40\" rows=\"10\" maxlength=\"2000\" class=\"wpcf7-form-control wpcf7-textarea wpcf7-validates-as-required\" aria-required=\"true\" aria-invalid=\"false\" name=\"message\"><\/textarea><\/span> <\/label>\n<\/p>\n<p><input class=\"wpcf7-form-control wpcf7-submit has-spinner\" type=\"submit\" value=\"Send\" \/>\n<\/p><div class=\"wpcf7-response-output\" aria-hidden=\"true\"><\/div>\n<\/form>\n<\/div>\n[vc_empty_space height=\u00a0\u00bb70&Prime;][\/vc_column][vc_column width=\u00a0\u00bb1\/6&Prime;][\/vc_column][\/vc_row]<\/p>\n<\/div>","protected":false},"excerpt":{"rendered":"<p>[vc_row content_width=\u00a0\u00bbgrid\u00a0\u00bb css=\u00a0\u00bb.vc_custom_1449061465992{background-color: #ffffff !important;}\u00a0\u00bb][vc_column][vc_row_inner content_aligment=\u00a0\u00bbcenter\u00a0\u00bb][vc_column_inner][vc_empty_space height=\u00a0\u00bb100&Prime;][vc_empty_space height=\u00a0\u00bb60&Prime;][vc_column_text] Ce cours de fran\u00e7ais \u00e0 Gen\u00e8ve vise \u00e0 am\u00e9liorer les comp\u00e9tences communicatives de l&rsquo;apprenant \u00e0 l&rsquo;oral comme \u00e0 l&rsquo;\u00e9crit. L&rsquo;approche actionnelle du cours permet \u00e0 chaque participant de renforcer ses connaissances linguistiques et de les mettre en&#8230;<\/p>\n","protected":false},"author":1,"featured_media":0,"parent":0,"menu_order":0,"comment_status":"closed","ping_status":"closed","template":"full-width.php","meta":{"_price":"","_stock":"","_tribe_ticket_header":"","_tribe_default_ticket_provider":"","_tribe_ticket_capacity":"0","_ticket_start_date":"","_ticket_end_date":"","_tribe_ticket_show_description":"","_tribe_ticket_show_not_going":false,"_tribe_ticket_use_global_stock":"","_tribe_ticket_global_stock_level":"","_global_stock_mode":"","_global_stock_cap":"","_tribe_rsvp_for_event":"","_tribe_ticket_going_count":"","_tribe_ticket_not_going_count":"","_tribe_tickets_list":"[]","_tribe_ticket_has_attendee_info_fields":false,"footnotes":""},"class_list":["post-6501","page","type-page","status-publish","hentry"],"_links":{"self":[{"href":"https:\/\/ltg-academy.ch\/fr\/wp-json\/wp\/v2\/pages\/6501","targetHints":{"allow":["GET"]}}],"collection":[{"href":"https:\/\/ltg-academy.ch\/fr\/wp-json\/wp\/v2\/pages"}],"about":[{"href":"https:\/\/ltg-academy.ch\/fr\/wp-json\/wp\/v2\/types\/page"}],"author":[{"embeddable":true,"href":"https:\/\/ltg-academy.ch\/fr\/wp-json\/wp\/v2\/users\/1"}],"replies":[{"embeddable":true,"href":"https:\/\/ltg-academy.ch\/fr\/wp-json\/wp\/v2\/comments?post=6501"}],"version-history":[{"count":0,"href":"https:\/\/ltg-academy.ch\/fr\/wp-json\/wp\/v2\/pages\/6501\/revisions"}],"wp:attachment":[{"href":"https:\/\/ltg-academy.ch\/fr\/wp-json\/wp\/v2\/media?parent=6501"}],"curies":[{"name":"wp","href":"https:\/\/api.w.org\/{rel}","templated":true}]}}