{"id":7638,"date":"2022-06-22T23:49:26","date_gmt":"2022-06-22T22:49:26","guid":{"rendered":"https:\/\/ltg-academy.ch\/product\/certificat-en-management-asfc-2\/"},"modified":"2022-07-22T10:02:10","modified_gmt":"2022-07-22T09:02:10","slug":"certificat-en-gestion-asfc","status":"publish","type":"product","link":"https:\/\/ltg-academy.ch\/fr\/produit\/certificat-en-gestion-asfc\/","title":{"rendered":"Certificat de gestion de l&rsquo;ASFC"},"content":{"rendered":"<div class=\"wpb-content-wrapper\"><p>[vc_row][vc_column][vc_column_text]<strong>Certificat de gestion de l&rsquo;ASFC &#8211; rembours\u00e9 \u00e0 50% par la conf\u00e9d\u00e9ration<\/strong><\/p>\n<div class=\"mkdf-separator-holder clearfix  mkdf-separator-center mkdf-separator-transparent\">\n\t<div class=\"mkdf-separator\" ><\/div>\n<\/div>\n\n<p><span style=\"color: #000000;\">Formation modulaire en fran\u00e7ais<\/span><\/p>\n<div class=\"mkdf-separator-holder clearfix  mkdf-separator-center mkdf-separator-transparent\">\n\t<div class=\"mkdf-separator\" ><\/div>\n<\/div>\n\n<div class=\"_3q1tn\" data-hook=\"title-container\">\n<h3 data-hook=\"title\"><span style=\"color: #ff0000;\">R\u00e9server en ligne<\/span><\/h3>\n<div class=\"mkdf-separator-holder clearfix  mkdf-separator-center mkdf-separator-transparent\">\n\t<div class=\"mkdf-separator\" ><\/div>\n<\/div>\n\n<\/div>\n<div>\n<div class=\"ikI9Q\" data-hook=\"data\">\n<div class=\"_1eQE1\" data-hook=\"name\"><span style=\"color: #000000;\">Formation RH &#8211; formation certifi\u00e9e<\/span> <a href=\"https:\/\/alice.ch\/en\/services\/eduqua\/\"><br \/>\n  <span style=\"color: #ff0000;\">EduQua <\/span><br \/>\n<\/a> <\/div>\n<div data-hook=\"name\"><div class=\"mkdf-separator-holder clearfix  mkdf-separator-center mkdf-separator-transparent\">\n\t<div class=\"mkdf-separator\" ><\/div>\n<\/div>\n<\/div>\n<div data-hook=\"name\"><\/div>\n<div class=\"_2u1Io lddYb \" data-hook=\"root\">\n<div class=\"_1NIFQ\" data-hook=\"first-quantity\"><strong>CHF 5&rsquo;950.-<\/strong><\/div>\n<div data-hook=\"first-quantity\"><div class=\"mkdf-separator-holder clearfix  mkdf-separator-center mkdf-separator-transparent\">\n\t<div class=\"mkdf-separator\" ><\/div>\n<\/div>\n<\/div>\n<div data-hook=\"first-quantity\">\n<hr>\n<\/div>\n<div data-hook=\"first-quantity\"><\/div>\n<\/div>\n<\/div>\n<div data-hook=\"first-quantity\">\n<div data-hook=\"dates-range\"><div class=\"mkdf-separator-holder clearfix  mkdf-separator-center mkdf-separator-transparent\">\n\t<div class=\"mkdf-separator\" ><\/div>\n<\/div>\n<\/div>\n<div data-hook=\"dates-range\"><span style=\"color: #000000;\">Cette formation a lieu une fois par an ou sur demande pour les groupes.<\/span><\/div>\n<div data-hook=\"dates-range\"><\/div>\n<div data-hook=\"dates-range\"><span style=\"color: #000000;\"><div class=\"mkdf-separator-holder clearfix  mkdf-separator-center mkdf-separator-transparent\">\n\t<div class=\"mkdf-separator\" ><\/div>\n<\/div>\n<\/span><\/div>\n<div data-hook=\"dates-range\"><strong><span style=\"color: #000000;\">Apr\u00e8s avoir r\u00e9ussi l&rsquo;examen, vous recevrez le certificat de gestion ASFC &#8211; reconnu par la Conf\u00e9d\u00e9ration suisse.<\/span><\/strong><\/div>\n<div data-hook=\"dates-range\">\n<div data-hook=\"first-quantity\"><div class=\"mkdf-separator-holder clearfix  mkdf-separator-center mkdf-separator-transparent\">\n\t<div class=\"mkdf-separator\" ><\/div>\n<\/div>\n<\/div>\n<div data-hook=\"first-quantity\"><\/div>\n<\/div>\n<div data-hook=\"course-frequency-title\"><span style=\"color: #000000;\">Une formation qui vous permettra de d\u00e9velopper vos comp\u00e9tences en mati\u00e8re de leadership et vous donnera les cl\u00e9s pour r\u00e9ussir dans ce domaine.<\/span><\/div>\n<div data-hook=\"course-frequency-title\">\n<div data-hook=\"first-quantity\"><div class=\"mkdf-separator-holder clearfix  mkdf-separator-center mkdf-separator-transparent\">\n\t<div class=\"mkdf-separator\" ><\/div>\n<\/div>\n<\/div>\n<div data-hook=\"first-quantity\"><\/div>\n<\/div>\n<div data-hook=\"course-frequency-title\"><strong><span style=\"color: #000000;\">Public cible :<\/span><\/strong><\/div>\n<div data-hook=\"course-frequency-title\"><div class=\"mkdf-separator-holder clearfix  mkdf-separator-center mkdf-separator-transparent\">\n\t<div class=\"mkdf-separator\" ><\/div>\n<\/div>\n<\/div>\n<\/div>\n<div data-hook=\"course-frequency-title\">Toutes les personnes qui travaillent ou souhaitent travailler en tant que Manager dans les diff\u00e9rents secteurs d&rsquo;activit\u00e9 et\/ou acqu\u00e9rir des connaissances approfondies en mati\u00e8re de management.<\/div>\n<div data-hook=\"first-quantity\">\n<div data-hook=\"course-frequency-title\">\n<div data-hook=\"first-quantity\"><div class=\"mkdf-separator-holder clearfix  mkdf-separator-center mkdf-separator-transparent\">\n\t<div class=\"mkdf-separator\" ><\/div>\n<\/div>\n<\/div>\n<div data-hook=\"first-quantity\"><\/div>\n<div data-hook=\"first-quantity\"><strong><span style=\"color: #000000;\">Objectifs de la formation :<\/span><\/strong><\/div>\n<\/div>\n<div data-hook=\"first-quantity\"><div class=\"mkdf-separator-holder clearfix  mkdf-separator-center mkdf-separator-transparent\">\n\t<div class=\"mkdf-separator\" ><\/div>\n<\/div>\n<\/div>\n<\/div>\n<\/div>\n<p><strong>Gestion g\u00e9n\u00e9rale :<\/strong><\/p>\n<div class=\"mkdf-separator-holder clearfix  mkdf-separator-center mkdf-separator-transparent\">\n\t<div class=\"mkdf-separator\" ><\/div>\n<\/div>\n\n<ul>\n<li>Gestion des affaires<\/li>\n<li>\u00c9conomie<\/li>\n<li>Comptabilit\u00e9 et finances<\/li>\n<li>Gestion de projet<\/li>\n<li>Gestion des processus<\/li>\n<li>KPIs<\/li>\n<li>Marketing et offres<\/li>\n<\/ul>\n<div class=\"mkdf-separator-holder clearfix  mkdf-separator-center mkdf-separator-transparent\">\n\t<div class=\"mkdf-separator\" ><\/div>\n<\/div>\n\n<p>&nbsp;<\/p>\n<p><strong>Droit et ressources humaines :<\/strong><\/p>\n<div class=\"mkdf-separator-holder clearfix  mkdf-separator-center mkdf-separator-transparent\">\n\t<div class=\"mkdf-separator\" ><\/div>\n<\/div>\n\n<ul>\n<li>Droit des soci\u00e9t\u00e9s<\/li>\n<li>Le droit du travail<\/li>\n<li>Sant\u00e9\/s\u00e9curit\u00e9 au travail<\/li>\n<li>Gestion des RH<\/li>\n<\/ul>\n<div data-hook=\"first-quantity\"><div class=\"mkdf-separator-holder clearfix  mkdf-separator-center mkdf-separator-transparent\">\n\t<div class=\"mkdf-separator\" ><\/div>\n<\/div>\n<\/div>\n<div data-hook=\"first-quantity\"><strong>Gestion du changement :<\/strong><\/div>\n<div data-hook=\"first-quantity\"><\/div>\n<ul>\n<li data-hook=\"first-quantity\">La culture du changement<\/li>\n<li data-hook=\"first-quantity\">La culture de l&rsquo;\u00e9chec<\/li>\n<li data-hook=\"first-quantity\">Gestion du changement<\/li>\n<li data-hook=\"first-quantity\">La position de l&rsquo;entra\u00eeneur<\/li>\n<li data-hook=\"first-quantity\">L&rsquo;approche PNL pour le manager<div class=\"mkdf-separator-holder clearfix  mkdf-separator-center mkdf-separator-transparent\">\n\t<div class=\"mkdf-separator\" ><\/div>\n<\/div>\n<\/li>\n<\/ul>\n<p>&nbsp;<\/p>\n<div>\n<div data-hook=\"course-frequency-title\"><span style=\"color: #000000;\">Tous les mat\u00e9riaux sont inclus dans le prix.<\/span><\/div>\n<div data-hook=\"course-frequency-title\"><div class=\"mkdf-separator-holder clearfix  mkdf-separator-center mkdf-separator-transparent\">\n\t<div class=\"mkdf-separator\" ><\/div>\n<\/div>\n<\/div>\n<\/div>\n<hr>\n<div class=\"mkdf-separator-holder clearfix  mkdf-separator-center mkdf-separator-transparent\">\n\t<div class=\"mkdf-separator\" ><\/div>\n<\/div>\n\n<p>Mettez toutes les chances de r\u00e9ussite de votre c\u00f4t\u00e9 !<\/p>\n<p>&nbsp;<\/p>\n<div class=\"mkdf-separator-holder clearfix  mkdf-separator-center mkdf-separator-transparent\">\n\t<div class=\"mkdf-separator\" ><\/div>\n<\/div>\n\n<p><strong>Date de d\u00e9but : 11 octobre 2022, \u00e0 Lausanne<\/strong><\/p>\n<p>230 p\u00e9riodes<\/p>\n<div class=\"mkdf-separator-holder clearfix  mkdf-separator-center mkdf-separator-transparent\">\n\t<div class=\"mkdf-separator\" ><\/div>\n<\/div>\n\n<p>Tous les d\u00e9tails du cours sont envoy\u00e9s par e-mail.<\/p>\n<div class=\"mkdf-separator-holder clearfix  mkdf-separator-center mkdf-separator-transparent\">\n\t<div class=\"mkdf-separator\" ><\/div>\n<\/div>\n\n<p><strong style=\"color: #000000;\"><img loading=\"lazy\" decoding=\"async\" class=\"size-medium wp-image-5353 aligncenter\" src=\"https:\/\/ltg-academy.ch\/wp-content\/uploads\/2022\/04\/eduqua_logo_notxt_mit_Schutzraum_cmyk-300x134.jpeg\" alt=\"\" width=\"300\" height=\"134\" srcset=\"https:\/\/ltg-academy.ch\/wp-content\/uploads\/2022\/04\/eduqua_logo_notxt_mit_Schutzraum_cmyk-300x134.jpeg 300w, https:\/\/ltg-academy.ch\/wp-content\/uploads\/2022\/04\/eduqua_logo_notxt_mit_Schutzraum_cmyk-1024x456.jpeg 1024w, https:\/\/ltg-academy.ch\/wp-content\/uploads\/2022\/04\/eduqua_logo_notxt_mit_Schutzraum_cmyk-768x342.jpeg 768w, https:\/\/ltg-academy.ch\/wp-content\/uploads\/2022\/04\/eduqua_logo_notxt_mit_Schutzraum_cmyk-1536x684.jpeg 1536w, https:\/\/ltg-academy.ch\/wp-content\/uploads\/2022\/04\/eduqua_logo_notxt_mit_Schutzraum_cmyk-600x267.jpeg 600w, https:\/\/ltg-academy.ch\/wp-content\/uploads\/2022\/04\/eduqua_logo_notxt_mit_Schutzraum_cmyk.jpeg 1916w\" sizes=\"auto, (max-width: 300px) 100vw, 300px\" \/><\/strong><\/p>\n<h6>*Ce cours ne peut pas \u00eatre pay\u00e9 en ligne. Si vous \u00eates int\u00e9ress\u00e9 par ce cours, contactez nos collaborateurs pour en savoir plus sur les modes de paiement.<\/h6>\n<p><span style=\"color: #000000;\"><strong>LTG Academy offre la meilleure formation au meilleur prix.<\/strong><\/span>[\/vc_column_text][\/vc_column][\/vc_row]<\/p>\n<\/div>","protected":false},"excerpt":{"rendered":"<p>[vc_row][vc_column][vc_column_text]Certificat de gestion de l&rsquo;ASFC &#8211; rembours\u00e9 \u00e0 50% par la conf\u00e9d\u00e9ration Formation modulaire en fran\u00e7ais R\u00e9server en ligne Formation RH &#8211; formation certifi\u00e9e EduQua CHF 5&rsquo;950.- Cette formation a lieu une fois par an ou sur demande pour les groupes. Apr\u00e8s avoir r\u00e9ussi l&rsquo;examen,&#8230;<\/p>\n","protected":false},"featured_media":6979,"template":"","meta":{"_price":"5950","_stock":"","_tribe_ticket_header":"","_tribe_default_ticket_provider":"","_tribe_ticket_capacity":"0","_ticket_start_date":"","_ticket_end_date":"","_tribe_ticket_show_description":"","_tribe_ticket_show_not_going":false,"_tribe_ticket_use_global_stock":"","_tribe_ticket_global_stock_level":"","_global_stock_mode":"","_global_stock_cap":"","_tribe_rsvp_for_event":"","_tribe_ticket_going_count":"","_tribe_ticket_not_going_count":"","_tribe_tickets_list":"[]","_tribe_ticket_has_attendee_info_fields":false},"product_brand":[],"product_cat":[253],"product_tag":[],"class_list":{"0":"post-7638","1":"product","2":"type-product","3":"status-publish","4":"has-post-thumbnail","6":"product_cat-entreprise","8":"first","9":"instock","10":"shipping-taxable","11":"purchasable","12":"product-type-simple"},"_links":{"self":[{"href":"https:\/\/ltg-academy.ch\/fr\/wp-json\/wp\/v2\/product\/7638","targetHints":{"allow":["GET"]}}],"collection":[{"href":"https:\/\/ltg-academy.ch\/fr\/wp-json\/wp\/v2\/product"}],"about":[{"href":"https:\/\/ltg-academy.ch\/fr\/wp-json\/wp\/v2\/types\/product"}],"wp:featuredmedia":[{"embeddable":true,"href":"https:\/\/ltg-academy.ch\/fr\/wp-json\/wp\/v2\/media\/6979"}],"wp:attachment":[{"href":"https:\/\/ltg-academy.ch\/fr\/wp-json\/wp\/v2\/media?parent=7638"}],"wp:term":[{"taxonomy":"product_brand","embeddable":true,"href":"https:\/\/ltg-academy.ch\/fr\/wp-json\/wp\/v2\/product_brand?post=7638"},{"taxonomy":"product_cat","embeddable":true,"href":"https:\/\/ltg-academy.ch\/fr\/wp-json\/wp\/v2\/product_cat?post=7638"},{"taxonomy":"product_tag","embeddable":true,"href":"https:\/\/ltg-academy.ch\/fr\/wp-json\/wp\/v2\/product_tag?post=7638"}],"curies":[{"name":"wp","href":"https:\/\/api.w.org\/{rel}","templated":true}]}}