{"id":7640,"date":"2022-06-22T23:34:00","date_gmt":"2022-06-22T22:34:00","guid":{"rendered":"https:\/\/ltg-academy.ch\/product\/partenaire-daffaires-rh\/"},"modified":"2022-06-22T23:34:00","modified_gmt":"2022-06-22T22:34:00","slug":"partenaire-daffaires-hr","status":"publish","type":"product","link":"https:\/\/ltg-academy.ch\/fr\/produit\/partenaire-daffaires-hr\/","title":{"rendered":"Partenaire d&rsquo;affaires RH"},"content":{"rendered":"<p><strong>Partenaire commercial RH<\/strong><\/p>\n<div class=\"mkdf-separator-holder clearfix  mkdf-separator-center mkdf-separator-transparent\">\n\t<div class=\"mkdf-separator\" ><\/div>\n<\/div>\n\n<p><span style=\"color: #000000;\">Formation modulaire en fran\u00e7ais<\/span><\/p>\n<div class=\"mkdf-separator-holder clearfix  mkdf-separator-center mkdf-separator-transparent\">\n\t<div class=\"mkdf-separator\" ><\/div>\n<\/div>\n\n<div class=\"_3q1tn\" data-hook=\"title-container\">\n<h3 data-hook=\"title\"><span style=\"color: #ff0000;\">R\u00e9server en ligne<\/span><\/h3>\n<div class=\"mkdf-separator-holder clearfix  mkdf-separator-center mkdf-separator-transparent\">\n\t<div class=\"mkdf-separator\" ><\/div>\n<\/div>\n\n<\/div>\n<div>\n<div class=\"ikI9Q\" data-hook=\"data\">\n<div class=\"_1eQE1\" data-hook=\"name\"><span style=\"color: #000000;\">Formation en HR<\/span> &#8211; formation c\u00e9rtifi\u00e9e <a href=\"https:\/\/alice.ch\/en\/services\/eduqua\/\"><br \/>\n  <span style=\"color: #ff0000;\">EduQua <\/span><br \/>\n<\/a> <\/div>\n<div data-hook=\"name\"><div class=\"mkdf-separator-holder clearfix  mkdf-separator-center mkdf-separator-transparent\">\n\t<div class=\"mkdf-separator\" ><\/div>\n<\/div>\n<\/div>\n<div data-hook=\"name\"><\/div>\n<div class=\"_2u1Io lddYb \" data-hook=\"root\">\n<div class=\"_1NIFQ\" data-hook=\"first-quantity\"><strong>CHF 1650.-<\/strong><\/div>\n<div data-hook=\"first-quantity\"><div class=\"mkdf-separator-holder clearfix  mkdf-separator-center mkdf-separator-transparent\">\n\t<div class=\"mkdf-separator\" ><\/div>\n<\/div>\n<\/div>\n<div data-hook=\"first-quantity\">\n<hr>\n<\/div>\n<div data-hook=\"first-quantity\"><\/div>\n<\/div>\n<\/div>\n<div data-hook=\"first-quantity\">\n<div data-hook=\"dates-range\"><div class=\"mkdf-separator-holder clearfix  mkdf-separator-center mkdf-separator-transparent\">\n\t<div class=\"mkdf-separator\" ><\/div>\n<\/div>\n<\/div>\n<div data-hook=\"dates-range\"><span style=\"color: #000000;\">Cette formation a lieu une fois par ann\u00e9e ou sur demande pour les groupes.<\/span><\/div>\n<div data-hook=\"dates-range\"><\/div>\n<div data-hook=\"dates-range\"><span style=\"color: #000000;\"><div class=\"mkdf-separator-holder clearfix  mkdf-separator-center mkdf-separator-transparent\">\n\t<div class=\"mkdf-separator\" ><\/div>\n<\/div>\n<\/span><\/div>\n<div data-hook=\"dates-range\"><strong><span style=\"color: #000000;\">Apr\u00e8s avoir pass\u00e9 l&rsquo;examen, vous recevrez le certificat de HRBP &#8211; reconnu par la conf\u00e9d\u00e9ration suisse.<\/span><\/strong><\/div>\n<div data-hook=\"dates-range\">\n<div data-hook=\"first-quantity\"><div class=\"mkdf-separator-holder clearfix  mkdf-separator-center mkdf-separator-transparent\">\n\t<div class=\"mkdf-separator\" ><\/div>\n<\/div>\n<\/div>\n<div data-hook=\"first-quantity\"><\/div>\n<\/div>\n<div data-hook=\"course-frequency-title\"><span style=\"color: #000000;\">Une formation qui vous permettra de d\u00e9velopper vos comp\u00e9tences de leader et vous donner des cl\u00e9s de la r\u00e9ussite dans ce domaine.<\/span><\/div>\n<div data-hook=\"course-frequency-title\">\n<div data-hook=\"first-quantity\"><div class=\"mkdf-separator-holder clearfix  mkdf-separator-center mkdf-separator-transparent\">\n\t<div class=\"mkdf-separator\" ><\/div>\n<\/div>\n<\/div>\n<div data-hook=\"first-quantity\"><\/div>\n<\/div>\n<div data-hook=\"course-frequency-title\"><strong><span style=\"color: #000000;\">Cible publique :<\/span><\/strong><\/div>\n<div data-hook=\"course-frequency-title\"><div class=\"mkdf-separator-holder clearfix  mkdf-separator-center mkdf-separator-transparent\">\n\t<div class=\"mkdf-separator\" ><\/div>\n<\/div>\n<\/div>\n<\/div>\n<div data-hook=\"course-frequency-title\">A la suite de la formation du certificat d&rsquo;assistant, -e en gestion du personnel, vous pourrez d\u00e9velopper toutes les comp\u00e9tences n\u00e9cessaires pour l&rsquo;obtention d&rsquo;un poste d&rsquo;HRBP.<\/div>\n<div data-hook=\"first-quantity\">\n<div data-hook=\"course-frequency-title\">\n<div data-hook=\"first-quantity\"><div class=\"mkdf-separator-holder clearfix  mkdf-separator-center mkdf-separator-transparent\">\n\t<div class=\"mkdf-separator\" ><\/div>\n<\/div>\n<\/div>\n<div data-hook=\"first-quantity\"><\/div>\n<div data-hook=\"first-quantity\"><strong><span style=\"color: #000000;\">Objectifs de la formation :<\/span><\/strong><\/div>\n<\/div>\n<div data-hook=\"first-quantity\"><div class=\"mkdf-separator-holder clearfix  mkdf-separator-center mkdf-separator-transparent\">\n\t<div class=\"mkdf-separator\" ><\/div>\n<\/div>\n<\/div>\n<\/div>\n<\/div>\n<div data-hook=\"first-quantity\">&#8211; \u00catre capable de conduire tous les types d&rsquo;entretiens RH<\/div>\n<div data-hook=\"first-quantity\">&#8211; Soutenir la gestion du changement gr\u00e2ce \u00e0 la psychologie du travail et des diff\u00e9rents outils de communication<\/div>\n<div data-hook=\"first-quantity\">&#8211; Conna\u00eetre et impl\u00e9menter les processus RH<\/div>\n<div data-hook=\"first-quantity\">&#8211; Maintenir l&#8217;employabilit\u00e9 des collaborateurs par leur d\u00e9veloppement<\/div>\n<div data-hook=\"first-quantity\">&#8211; Promouvoir l&rsquo;int\u00e9gration de la culture d&rsquo;entreprise et de ses valeurs<\/div>\n<div data-hook=\"first-quantity\">&#8211; G\u00e9rer l&rsquo;absent\u00e9isme et la performance<\/div>\n<div data-hook=\"first-quantity\">&#8211; Apprendre gr\u00e2ce \u00e0 une formation orient\u00e9e pratique en entreprise<\/div>\n<div data-hook=\"first-quantity\"><\/div>\n<div>\n<div data-hook=\"course-frequency-title\"><span style=\"color: #000000;\">Tout le mat\u00e9riel est inclus dans le prix.<\/span><\/div>\n<div data-hook=\"course-frequency-title\"><div class=\"mkdf-separator-holder clearfix  mkdf-separator-center mkdf-separator-transparent\">\n\t<div class=\"mkdf-separator\" ><\/div>\n<\/div>\n<\/div>\n<\/div>\n<hr>\n<div class=\"mkdf-separator-holder clearfix  mkdf-separator-center mkdf-separator-transparent\">\n\t<div class=\"mkdf-separator\" ><\/div>\n<\/div>\n\n<p><span style=\"color: #000000;\">Dans cette formation,<strong> 7 modules<\/strong> sont abord\u00e9s :<\/span><\/p>\n<div class=\"mkdf-separator-holder clearfix  mkdf-separator-center mkdf-separator-transparent\">\n\t<div class=\"mkdf-separator\" ><\/div>\n<\/div>\n\n<ul>\n<li><strong>Culture d&rsquo;entreprise<\/strong><\/li>\n<li><strong>Gestion administrative  <\/strong><\/li>\n<li><strong>Marketing RH  <\/strong><\/li>\n<li><strong>Engagement et entretiens<\/strong><\/li>\n<li><strong>D\u00e9veloppement du personnel  <\/strong><\/li>\n<li><strong>  Gestion du changement  <\/strong><\/li>\n<li><strong>  Psychologie du travail<\/strong><br \/>\n<div class=\"mkdf-separator-holder clearfix  mkdf-separator-center mkdf-separator-transparent\">\n\t<div class=\"mkdf-separator\" ><\/div>\n<\/div>\n<\/li>\n<\/ul>\n<hr>\n<div class=\"mkdf-separator-holder clearfix  mkdf-separator-center mkdf-separator-transparent\">\n\t<div class=\"mkdf-separator\" ><\/div>\n<\/div>\n\n<p>Mettez toutes vos chances de r\u00e9ussite de votre c\u00f4t\u00e9 !<\/p>\n<p>&nbsp;<\/p>\n<div class=\"mkdf-separator-holder clearfix  mkdf-separator-center mkdf-separator-transparent\">\n\t<div class=\"mkdf-separator\" ><\/div>\n<\/div>\n\n<p><strong>Date de d\u00e9but : 11 Octobre, 2022, \u00e0 Lausanne  <\/strong><\/p>\n<p>40 p\u00e9riodes<\/p>\n<div class=\"mkdf-separator-holder clearfix  mkdf-separator-center mkdf-separator-transparent\">\n\t<div class=\"mkdf-separator\" ><\/div>\n<\/div>\n\n<p>Tous les d\u00e9tails du cours sont envoy\u00e9s par email.<\/p>\n<div class=\"mkdf-separator-holder clearfix  mkdf-separator-center mkdf-separator-transparent\">\n\t<div class=\"mkdf-separator\" ><\/div>\n<\/div>\n\n<p><img loading=\"lazy\" decoding=\"async\" class=\"aligncenter wp-image-5353 size-medium\" src=\"https:\/\/ltg-academy.ch\/wp-content\/uploads\/2022\/04\/eduqua_logo_notxt_mit_Schutzraum_cmyk-300x134.jpeg\" alt=\"\" width=\"300\" height=\"134\" srcset=\"https:\/\/ltg-academy.ch\/wp-content\/uploads\/2022\/04\/eduqua_logo_notxt_mit_Schutzraum_cmyk-300x134.jpeg 300w, https:\/\/ltg-academy.ch\/wp-content\/uploads\/2022\/04\/eduqua_logo_notxt_mit_Schutzraum_cmyk-1024x456.jpeg 1024w, https:\/\/ltg-academy.ch\/wp-content\/uploads\/2022\/04\/eduqua_logo_notxt_mit_Schutzraum_cmyk-768x342.jpeg 768w, https:\/\/ltg-academy.ch\/wp-content\/uploads\/2022\/04\/eduqua_logo_notxt_mit_Schutzraum_cmyk-1536x684.jpeg 1536w, https:\/\/ltg-academy.ch\/wp-content\/uploads\/2022\/04\/eduqua_logo_notxt_mit_Schutzraum_cmyk-600x267.jpeg 600w, https:\/\/ltg-academy.ch\/wp-content\/uploads\/2022\/04\/eduqua_logo_notxt_mit_Schutzraum_cmyk.jpeg 1916w\" sizes=\"auto, (max-width: 300px) 100vw, 300px\" \/><\/p>\n<h6>*Ce cours ne peut pas \u00eatre pay\u00e9 en ligne. Si vous \u00eates int\u00e9ress\u00e9 par ce cours, contactez nos collaborateurs pour en savoir plus sur les modes de paiements.<\/h6>\n<p>&nbsp;<\/p>\n<p><span style=\"color: #000000;\"><strong>LTG Academy offre les meilleures formations pour le meilleur prix.<\/strong><\/span><\/p>\n","protected":false},"excerpt":{"rendered":"<p>Partenaire commercial RH Formation modulaire en fran\u00e7ais R\u00e9server en ligne Formation en HR &#8211; formation c\u00e9rtifi\u00e9e EduQua CHF 1650.- Cette formation a lieu une fois par ann\u00e9e ou sur demande pour les groupes. Apr\u00e8s avoir pass\u00e9 l&rsquo;examen, vous recevrez le certificat de HRBP &#8211; reconnu&#8230;<\/p>\n","protected":false},"featured_media":6975,"template":"","meta":{"_price":"1650","_stock":"","_tribe_ticket_header":"","_tribe_default_ticket_provider":"","_tribe_ticket_capacity":"0","_ticket_start_date":"","_ticket_end_date":"","_tribe_ticket_show_description":"","_tribe_ticket_show_not_going":false,"_tribe_ticket_use_global_stock":"","_tribe_ticket_global_stock_level":"","_global_stock_mode":"","_global_stock_cap":"","_tribe_rsvp_for_event":"","_tribe_ticket_going_count":"","_tribe_ticket_not_going_count":"","_tribe_tickets_list":"[]","_tribe_ticket_has_attendee_info_fields":false},"product_brand":[],"product_cat":[259],"product_tag":[],"class_list":{"0":"post-7640","1":"product","2":"type-product","3":"status-publish","4":"has-post-thumbnail","6":"product_cat-non-classe","8":"first","9":"instock","10":"shipping-taxable","11":"purchasable","12":"product-type-simple"},"_links":{"self":[{"href":"https:\/\/ltg-academy.ch\/fr\/wp-json\/wp\/v2\/product\/7640","targetHints":{"allow":["GET"]}}],"collection":[{"href":"https:\/\/ltg-academy.ch\/fr\/wp-json\/wp\/v2\/product"}],"about":[{"href":"https:\/\/ltg-academy.ch\/fr\/wp-json\/wp\/v2\/types\/product"}],"wp:featuredmedia":[{"embeddable":true,"href":"https:\/\/ltg-academy.ch\/fr\/wp-json\/wp\/v2\/media\/6975"}],"wp:attachment":[{"href":"https:\/\/ltg-academy.ch\/fr\/wp-json\/wp\/v2\/media?parent=7640"}],"wp:term":[{"taxonomy":"product_brand","embeddable":true,"href":"https:\/\/ltg-academy.ch\/fr\/wp-json\/wp\/v2\/product_brand?post=7640"},{"taxonomy":"product_cat","embeddable":true,"href":"https:\/\/ltg-academy.ch\/fr\/wp-json\/wp\/v2\/product_cat?post=7640"},{"taxonomy":"product_tag","embeddable":true,"href":"https:\/\/ltg-academy.ch\/fr\/wp-json\/wp\/v2\/product_tag?post=7640"}],"curies":[{"name":"wp","href":"https:\/\/api.w.org\/{rel}","templated":true}]}}